{"id":24176,"date":"2020-09-16T08:54:04","date_gmt":"2020-09-16T08:54:04","guid":{"rendered":"https:\/\/www.gernikagogoratuz.org\/?page_id=24176"},"modified":"2024-10-30T16:17:35","modified_gmt":"2024-10-30T15:17:35","slug":"gernika-city-of-peace-in-the-21st-century","status":"publish","type":"page","link":"https:\/\/www.gernikagogoratuz.org\/en\/gernika-city-of-peace-in-the-21st-century\/","title":{"rendered":"Gernika. City of Peace in the 21st century"},"content":{"rendered":"<div class=\"wpb-content-wrapper\"><p>[vc_row][vc_column][vc_column_text]The formative program \u201cGernika City of Peace in the 21st Century\u201d is aimed to the higher cycles of ESO, Bachillerato and other educational centers of the Basque Country. The program includes an itinerary through the village that will conclude in a workshop related to history and solidarity as pedagogy of peace.[\/vc_column_text][vc_empty_space][vc_column_text]<\/p>\n<h3><strong><span style=\"color: #7dab6a;\">GOALS<\/span><\/strong><\/h3>\n<hr \/>\n<p><span lang=\"en-US\">The objective of this program is to take the viewpoint of human rights, to set it into local and global dimensions and through this viepoint to reflect on peace in a place of remembrance. Also to dig deeper into the topic of democracy, we will analyze the ways of providing historical remembrance and how they contribute to a peaceful coexistence. <\/span><\/p>\n<h3><strong><span style=\"color: #7dab6a;\">PROGRAM<\/span><\/strong><\/h3>\n<hr \/>\n<p><span lang=\"en-US\">The program builds upon three questions related to the agenda of peace of the XXI century.<\/span><\/p>\n<p><strong><span lang=\"en-US\">Gernika evokes, convokes, provokes.<\/span><\/strong><\/p>\n<p style=\"padding-left: 40px;\"><strong>\u2022 <\/strong><span lang=\"en-US\"><strong>Evokes<\/strong>: A memory. Why are we here?<\/span><\/p>\n<p style=\"padding-left: 40px;\"><strong>\u2022 <\/strong><span lang=\"en-US\"><strong>Convokes<\/strong>: A purpose. Why are we here?<\/span><\/p>\n<p style=\"padding-left: 40px;\"><strong>\u2022 <\/strong><span lang=\"en-US\"><strong>Provokes<\/strong>: A reflection for action. What can we do?<\/span><\/p>\n<h3><strong><span style=\"color: #7dab6a;\">5 LINES<\/span><\/strong><\/h3>\n<hr \/>\n<p><strong>\u2022 <span lang=\"en-US\">Remembrance and Peace<\/span><\/strong><\/p>\n<p><span lang=\"en-US\">Workshop: Why remembering?<br \/>\n<\/span><span lang=\"en-US\">Gernika, 26<\/span><sup><span lang=\"en-US\">th<\/span><\/sup><span lang=\"en-US\"> of April 1937 in the context of de Spanish Civil War. <\/span><\/p>\n<p><strong>\u2022 <span lang=\"en-US\">War and Peace<\/span><\/strong><\/p>\n<p><span lang=\"en-US\">Workshop: Gernika and the other Gernikas.<br \/>\n<\/span><span lang=\"en-US\">Forced displacement through war, violence and misery.<\/span><\/p>\n<p><strong>\u2022 <span lang=\"en-US\">Democracy and Peace<\/span><\/strong><\/p>\n<p><span lang=\"en-US\">Workshop: <em>GizArte<\/em><br \/>\n<\/span><span lang=\"en-US\">Rights and duties to strengthen democracy and liberty. <\/span><\/p>\n<p><b>\u2022 <\/b><strong><span lang=\"en-US\">Art and Peace<\/span><\/strong><\/p>\n<p><span lang=\"en-US\">Workshop: Rediscovering Gernika in times of war.<br \/>\n<\/span><span lang=\"en-US\">Creating art as a form of peace education. <\/span><\/p>\n<p><b>\u2022 <\/b><strong><span lang=\"en-US\">Conflict and Peace<\/span><\/strong><\/p>\n<p><span lang=\"en-US\">Workshop: Transformation of conflict, nonviolent and creative action.<\/span><\/p>\n<h3><strong><span style=\"color: #7dab6a;\">SCHEDULE<\/span><\/strong><\/h3>\n<hr \/>\n<p><b>9:00-11:00h. <\/b><span lang=\"en-US\">Come together for a walk through Gernika where participants will visit points of historical interest and signature places of the village. (Casa de Juntas, the Tree of Gernika, Replication of Picasso\u00b4s Gernika, etc\u2026)<br \/>\n<\/span><b>11:00-11:30h.<\/b> Break<br \/>\n<b>11:30-14:00h. <\/b><span lang=\"en-US\">Workshops in <\/span>Astra (Social space for cultural creation).<br \/>\n<b>14:00h.<\/b> Closure<\/p>\n<h3><strong><span style=\"color: #7dab6a;\">METHODOLOGY<\/span><\/strong><\/h3>\n<hr \/>\n<p><span lang=\"en-US\">The workshops will be of a participatory manner and will invite for further group reflection.<\/span><\/p>\n<h3><strong><span style=\"color: #7dab6a;\">LANGUAGES<\/span><\/strong><\/h3>\n<hr \/>\n<p><span lang=\"en-US\">Basque and Spanish<\/span>.<\/p>\n<h3><strong><span style=\"color: #7dab6a;\">CALENDAR<\/span><\/strong><\/h3>\n<hr \/>\n<p><span lang=\"en-US\">The program takes place every Tuesday and Thursday in the morning Group sizes will be about 25 people max.<br \/>\n<\/span><\/p>\n<h3><strong><span style=\"color: #7dab6a;\">COSTS<\/span><\/strong><\/h3>\n<hr \/>\n<p><span lang=\"en-US\">The program is sponsored by the Secretaria General de Derechos Humanos, Convivencia y Cooperaci\u00f3n del Gobierno Vasco, so that the program is free of charge apart from the transport costs.<br \/>\n<\/span><\/p>\n<h3><strong><span style=\"color: #7dab6a;\">CONTACT<\/span><\/strong><\/h3>\n<hr \/>\n<p><em><strong>Aware of the current difficulties by the pandemic, we want to encourage educational centers to get in touch to study a possible visit to Gernika. We are working to be able to offer telematic modalities of this program.<\/strong><\/em><\/p>\n<p><strong>Andreas Sch\u00e4fter.<\/strong>\u00a0 Educational programs coordinator. <a href=\"mailto:andreasschaefter@gernikagogoratuz.org\">andreasschaefter@gernikagogoratuz.org<\/a><br \/>\nGernika Gogoratuz. Peace Research Centre. Fundaci\u00f3n Gernika Gogoratuz. Artekalea 1-1\u00ba 48300 Gernika-Lumo (Bizkaia).<br \/>\nTelephone: 94 625 35 58.<\/p>\n<p><span lang=\"en-US\">We recommend visiting the <a href=\"https:\/\/www.museodelapaz.org\/\" target=\"_blank\" rel=\"noopener noreferrer\">Gernika Peace Museu<\/a>m in the evening. The museum provides guided tours of approximately one hour duration. <\/span><\/p>\n<p><span lang=\"en-US\">Information and reservation: <a href=\"http:\/\/www.museodelapaz.org\/guiada.php\" target=\"_blank\" rel=\"noopener noreferrer\">http:\/\/www.museodelapaz.org\/guiada.php<\/a>, or via E-mail <a href=\"mailto:museoa@gernika-lumo.net\" target=\"_blank\" rel=\"noopener noreferrer\">museoa@gernika-lumo.net<\/a>, or telephone 94 627 02 13.<\/span><\/p>\n<h3><strong><span style=\"color: #7dab6a;\">MATERIAL RESOURCES<br \/>\n<\/span><\/strong><\/h3>\n<hr \/>\n<ul class=\"general\">\n<li><em><a href=\"https:\/\/www.gernikagogoratuz.org\/portfolio-item\/huella-humana-bombardeo-gernika\/\" target=\"_blank\" rel=\"noopener noreferrer\">La Huella Humana. El bombardeo de Gernika<\/a><\/em>, DVD, 1998.<\/li>\n<li><em><a href=\"https:\/\/issuu.com\/gernikagogoratuz\/docs\/guia_para_el_dialogo_y_la_resolucio\" target=\"_blank\" rel=\"noopener noreferrer\">Gu\u00eda para el di\u00e1logo y la resoluci\u00f3n de los conflictos cotidianos<\/a><\/em>, c\u00f3mic. Gernika Gogoratuz, Fomed, Geuz. GFA\/DFG, 2006.<\/li>\n<li><em><a href=\"https:\/\/vimeo.com\/3391176\" target=\"_blank\" rel=\"noopener noreferrer\">La Voz Visual: Una manera de ser sobreviviente del bombardeo<\/a><\/em>, Kuhlmann, Pia y Deltell, Pedro. Oigovisiones, DVD, 2008.<\/li>\n<li><em>Bizi naizen lekutik, desde el lugar en el que vivo<\/em>, Plaza, Oier y Asua, Daniel, DVD, 2008.<\/li>\n<li><em><a href=\"https:\/\/issuu.com\/gernikagogoratuz\/docs\/el_bombardeo_de_gernika._pedagog__a\" target=\"_blank\" rel=\"noopener noreferrer\">Pedagog\u00eda de paz a trav\u00e9s de la memoria y del arte<\/a><\/em>, Carrascosa, Alex y Oianguren, Mar\u00eda. Ministerio de la Presidencia, 2009.<\/li>\n<li><em><a href=\"https:\/\/cordis.europa.eu\/project\/rcn\/88572\/factsheet\/es\" target=\"_blank\" rel=\"noopener noreferrer\">Patrimonio cultural y reconstrucci\u00f3n de identidades despu\u00e9s del conflicto<\/a><\/em>, CRIC Europa. Universidad de Cambridge y Gernika Gogoratuz, 2012.<\/li>\n<li><em>Asylum<\/em>\u00a0de Javier de Isusi. C\u00f3mic basado en el proyecto\u00a0<em>\u201cMemorias compartidas, una mirada al derecho de asilo desde las experiencias del exilio durante el franquismo\u201d<\/em>. CEAR Euskadi y Gernika Gogoratuz, 2015.<\/li>\n<li><em><a href=\"http:\/\/www.museodelapaz.org\/publi.php\" target=\"_blank\" rel=\"noopener noreferrer\">Constructor@s de Paz<\/a><\/em>, Juego de mesa. Cursos de ESO y Bachillerato, Museo de la Paz de Gernika, 2016.<\/li>\n<li><em><a href=\"https:\/\/www.gernikagogoratuz.org\/portfolio-item\/dieprand-von-richthofen-y-karl-benedikt-von-moreau-en-el-marco-del-80-aniversario-del-bombardeo-de-gernika\/\" target=\"_blank\" rel=\"noopener noreferrer\">Gernika. Ciudad de la Paz. Di\u00e1logos entre Dieprand von Richthofen y Karl Benedikt von Moreau, 80 aniversario del bombardeo<\/a><\/em>, DVD, Gogora y Gernika Gogoratuz, 2017.<\/li>\n<\/ul>\n<p>[\/vc_column_text][\/vc_column][\/vc_row][vc_row][vc_column][vc_empty_space][\/vc_column][\/vc_row][vc_row][vc_column width=&#8221;1\/2&#8243;]<a itemprop=\"url\" href=\"https:\/\/www.gernikagogoratuz.org\/wp-content\/uploads\/2021\/06\/2021-22_III_Programa-formativo_Gernika.Ciudad-de-la-Paz_A4_CAS.pdf\" target=\"_blank\"  class=\"edgtf-btn edgtf-btn-medium edgtf-btn-solid\"  >\n\t<span class=\"edgtf-btn-text\">Download the programme (ESP)<\/span>\n    <\/a>[vc_empty_space][\/vc_column][vc_column width=&#8221;1\/2&#8243;]<a itemprop=\"url\" href=\"https:\/\/forms.gle\/WmXNr24qnUhwc2M36\" target=\"_blank\"  class=\"edgtf-btn edgtf-btn-medium edgtf-btn-solid\"  >\n\t<span class=\"edgtf-btn-text\">Application form to fill in<\/span>\n    <\/a>[vc_empty_space][\/vc_column][\/vc_row]<\/p>\n<\/div>","protected":false},"excerpt":{"rendered":"<p>[vc_row][vc_column][vc_column_text]The formative program \u201cGernika City of Peace in the 21st Century\u201d is aimed to the higher cycles of ESO, Bachillerato and other educational centers of the Basque Country. The program includes an itinerary through the village that will conclude in a workshop related to history and solidarity as pedagogy of peace.[\/vc_column_text][vc_empty_space][vc_column_text] GOALS The objective of&#8230;<\/p>\n","protected":false},"author":5,"featured_media":0,"parent":0,"menu_order":0,"comment_status":"closed","ping_status":"closed","template":"","meta":{"inline_featured_image":false,"footnotes":""},"class_list":["post-24176","page","type-page","status-publish","hentry"],"yoast_head":"<!-- This site is optimized with the Yoast SEO plugin v27.5 - https:\/\/yoast.com\/product\/yoast-seo-wordpress\/ -->\n<title>Gernika Gogoratuz. Centro de Investigaci\u00f3n por la Paz<\/title>\n<meta name=\"description\" content=\"Investigaci\u00f3n, formaci\u00f3n y divulgaci\u00f3n de la Cultura de Paz. Gernika, Ciudad de la Paz en el Siglo XXI. Centro de Estudios por la Paz.\" \/>\n<meta name=\"robots\" content=\"index, follow, max-snippet:-1, max-image-preview:large, max-video-preview:-1\" \/>\n<link rel=\"canonical\" href=\"https:\/\/www.gernikagogoratuz.org\/en\/gernika-city-of-peace-in-the-21st-century\/\" \/>\n<meta property=\"og:locale\" content=\"en_US\" \/>\n<meta property=\"og:type\" content=\"article\" \/>\n<meta property=\"og:title\" content=\"Gernika Gogoratuz. Centro de Investigaci\u00f3n por la Paz\" \/>\n<meta property=\"og:description\" content=\"Investigaci\u00f3n, formaci\u00f3n y divulgaci\u00f3n de la Cultura de Paz. Gernika, Ciudad de la Paz en el Siglo XXI. Centro de Estudios por la Paz.\" \/>\n<meta property=\"og:url\" content=\"https:\/\/www.gernikagogoratuz.org\/en\/gernika-city-of-peace-in-the-21st-century\/\" \/>\n<meta property=\"og:site_name\" content=\"Gernika Gogoratuz\" \/>\n<meta property=\"article:publisher\" content=\"https:\/\/www.facebook.com\/GernikaGogoratuzFundacion\" \/>\n<meta property=\"article:modified_time\" content=\"2024-10-30T15:17:35+00:00\" \/>\n<meta name=\"twitter:card\" content=\"summary_large_image\" \/>\n<meta name=\"twitter:site\" content=\"@GGogoratuz\" \/>\n<meta name=\"twitter:label1\" content=\"Est. reading time\" \/>\n\t<meta name=\"twitter:data1\" content=\"4 minutes\" \/>\n<script type=\"application\/ld+json\" class=\"yoast-schema-graph\">{\"@context\":\"https:\\\/\\\/schema.org\",\"@graph\":[{\"@type\":\"WebPage\",\"@id\":\"https:\\\/\\\/www.gernikagogoratuz.org\\\/en\\\/gernika-city-of-peace-in-the-21st-century\\\/\",\"url\":\"https:\\\/\\\/www.gernikagogoratuz.org\\\/en\\\/gernika-city-of-peace-in-the-21st-century\\\/\",\"name\":\"Gernika Gogoratuz. Centro de Investigaci\u00f3n por la Paz\",\"isPartOf\":{\"@id\":\"https:\\\/\\\/www.gernikagogoratuz.org\\\/en\\\/#website\"},\"datePublished\":\"2020-09-16T08:54:04+00:00\",\"dateModified\":\"2024-10-30T15:17:35+00:00\",\"description\":\"Investigaci\u00f3n, formaci\u00f3n y divulgaci\u00f3n de la Cultura de Paz. Gernika, Ciudad de la Paz en el Siglo XXI. Centro de Estudios por la Paz.\",\"breadcrumb\":{\"@id\":\"https:\\\/\\\/www.gernikagogoratuz.org\\\/en\\\/gernika-city-of-peace-in-the-21st-century\\\/#breadcrumb\"},\"inLanguage\":\"en-US\",\"potentialAction\":[{\"@type\":\"ReadAction\",\"target\":[\"https:\\\/\\\/www.gernikagogoratuz.org\\\/en\\\/gernika-city-of-peace-in-the-21st-century\\\/\"]}]},{\"@type\":\"BreadcrumbList\",\"@id\":\"https:\\\/\\\/www.gernikagogoratuz.org\\\/en\\\/gernika-city-of-peace-in-the-21st-century\\\/#breadcrumb\",\"itemListElement\":[{\"@type\":\"ListItem\",\"position\":1,\"name\":\"Portada\",\"item\":\"https:\\\/\\\/www.gernikagogoratuz.org\\\/en\\\/\"},{\"@type\":\"ListItem\",\"position\":2,\"name\":\"Gernika. City of Peace in the 21st century\"}]},{\"@type\":\"WebSite\",\"@id\":\"https:\\\/\\\/www.gernikagogoratuz.org\\\/en\\\/#website\",\"url\":\"https:\\\/\\\/www.gernikagogoratuz.org\\\/en\\\/\",\"name\":\"Gernika Gogoratuz\",\"description\":\"Centro de investigaci\u00f3n por la paz\",\"publisher\":{\"@id\":\"https:\\\/\\\/www.gernikagogoratuz.org\\\/en\\\/#organization\"},\"potentialAction\":[{\"@type\":\"SearchAction\",\"target\":{\"@type\":\"EntryPoint\",\"urlTemplate\":\"https:\\\/\\\/www.gernikagogoratuz.org\\\/en\\\/?s={search_term_string}\"},\"query-input\":{\"@type\":\"PropertyValueSpecification\",\"valueRequired\":true,\"valueName\":\"search_term_string\"}}],\"inLanguage\":\"en-US\"},{\"@type\":\"Organization\",\"@id\":\"https:\\\/\\\/www.gernikagogoratuz.org\\\/en\\\/#organization\",\"name\":\"Gernika Gogoratuz. Centro de Investigaci\u00f3n por la Paz.\",\"url\":\"https:\\\/\\\/www.gernikagogoratuz.org\\\/en\\\/\",\"logo\":{\"@type\":\"ImageObject\",\"inLanguage\":\"en-US\",\"@id\":\"https:\\\/\\\/www.gernikagogoratuz.org\\\/en\\\/#\\\/schema\\\/logo\\\/image\\\/\",\"url\":\"https:\\\/\\\/www.gernikagogoratuz.org\\\/wp-content\\\/uploads\\\/2018\\\/10\\\/gernikagogoratuzogo_es.svg\",\"contentUrl\":\"https:\\\/\\\/www.gernikagogoratuz.org\\\/wp-content\\\/uploads\\\/2018\\\/10\\\/gernikagogoratuzogo_es.svg\",\"width\":1,\"height\":1,\"caption\":\"Gernika Gogoratuz. Centro de Investigaci\u00f3n por la Paz.\"},\"image\":{\"@id\":\"https:\\\/\\\/www.gernikagogoratuz.org\\\/en\\\/#\\\/schema\\\/logo\\\/image\\\/\"},\"sameAs\":[\"https:\\\/\\\/www.facebook.com\\\/GernikaGogoratuzFundacion\",\"https:\\\/\\\/x.com\\\/GGogoratuz\",\"https:\\\/\\\/www.youtube.com\\\/user\\\/gernikagogoratuz\\\/videos\"]}]}<\/script>\n<!-- \/ Yoast SEO plugin. -->","yoast_head_json":{"title":"Gernika Gogoratuz. Centro de Investigaci\u00f3n por la Paz","description":"Investigaci\u00f3n, formaci\u00f3n y divulgaci\u00f3n de la Cultura de Paz. Gernika, Ciudad de la Paz en el Siglo XXI. Centro de Estudios por la Paz.","robots":{"index":"index","follow":"follow","max-snippet":"max-snippet:-1","max-image-preview":"max-image-preview:large","max-video-preview":"max-video-preview:-1"},"canonical":"https:\/\/www.gernikagogoratuz.org\/en\/gernika-city-of-peace-in-the-21st-century\/","og_locale":"en_US","og_type":"article","og_title":"Gernika Gogoratuz. Centro de Investigaci\u00f3n por la Paz","og_description":"Investigaci\u00f3n, formaci\u00f3n y divulgaci\u00f3n de la Cultura de Paz. Gernika, Ciudad de la Paz en el Siglo XXI. Centro de Estudios por la Paz.","og_url":"https:\/\/www.gernikagogoratuz.org\/en\/gernika-city-of-peace-in-the-21st-century\/","og_site_name":"Gernika Gogoratuz","article_publisher":"https:\/\/www.facebook.com\/GernikaGogoratuzFundacion","article_modified_time":"2024-10-30T15:17:35+00:00","twitter_card":"summary_large_image","twitter_site":"@GGogoratuz","twitter_misc":{"Est. reading time":"4 minutes"},"schema":{"@context":"https:\/\/schema.org","@graph":[{"@type":"WebPage","@id":"https:\/\/www.gernikagogoratuz.org\/en\/gernika-city-of-peace-in-the-21st-century\/","url":"https:\/\/www.gernikagogoratuz.org\/en\/gernika-city-of-peace-in-the-21st-century\/","name":"Gernika Gogoratuz. Centro de Investigaci\u00f3n por la Paz","isPartOf":{"@id":"https:\/\/www.gernikagogoratuz.org\/en\/#website"},"datePublished":"2020-09-16T08:54:04+00:00","dateModified":"2024-10-30T15:17:35+00:00","description":"Investigaci\u00f3n, formaci\u00f3n y divulgaci\u00f3n de la Cultura de Paz. Gernika, Ciudad de la Paz en el Siglo XXI. Centro de Estudios por la Paz.","breadcrumb":{"@id":"https:\/\/www.gernikagogoratuz.org\/en\/gernika-city-of-peace-in-the-21st-century\/#breadcrumb"},"inLanguage":"en-US","potentialAction":[{"@type":"ReadAction","target":["https:\/\/www.gernikagogoratuz.org\/en\/gernika-city-of-peace-in-the-21st-century\/"]}]},{"@type":"BreadcrumbList","@id":"https:\/\/www.gernikagogoratuz.org\/en\/gernika-city-of-peace-in-the-21st-century\/#breadcrumb","itemListElement":[{"@type":"ListItem","position":1,"name":"Portada","item":"https:\/\/www.gernikagogoratuz.org\/en\/"},{"@type":"ListItem","position":2,"name":"Gernika. City of Peace in the 21st century"}]},{"@type":"WebSite","@id":"https:\/\/www.gernikagogoratuz.org\/en\/#website","url":"https:\/\/www.gernikagogoratuz.org\/en\/","name":"Gernika Gogoratuz","description":"Centro de investigaci\u00f3n por la paz","publisher":{"@id":"https:\/\/www.gernikagogoratuz.org\/en\/#organization"},"potentialAction":[{"@type":"SearchAction","target":{"@type":"EntryPoint","urlTemplate":"https:\/\/www.gernikagogoratuz.org\/en\/?s={search_term_string}"},"query-input":{"@type":"PropertyValueSpecification","valueRequired":true,"valueName":"search_term_string"}}],"inLanguage":"en-US"},{"@type":"Organization","@id":"https:\/\/www.gernikagogoratuz.org\/en\/#organization","name":"Gernika Gogoratuz. Centro de Investigaci\u00f3n por la Paz.","url":"https:\/\/www.gernikagogoratuz.org\/en\/","logo":{"@type":"ImageObject","inLanguage":"en-US","@id":"https:\/\/www.gernikagogoratuz.org\/en\/#\/schema\/logo\/image\/","url":"https:\/\/www.gernikagogoratuz.org\/wp-content\/uploads\/2018\/10\/gernikagogoratuzogo_es.svg","contentUrl":"https:\/\/www.gernikagogoratuz.org\/wp-content\/uploads\/2018\/10\/gernikagogoratuzogo_es.svg","width":1,"height":1,"caption":"Gernika Gogoratuz. Centro de Investigaci\u00f3n por la Paz."},"image":{"@id":"https:\/\/www.gernikagogoratuz.org\/en\/#\/schema\/logo\/image\/"},"sameAs":["https:\/\/www.facebook.com\/GernikaGogoratuzFundacion","https:\/\/x.com\/GGogoratuz","https:\/\/www.youtube.com\/user\/gernikagogoratuz\/videos"]}]}},"_links":{"self":[{"href":"https:\/\/www.gernikagogoratuz.org\/en\/wp-json\/wp\/v2\/pages\/24176","targetHints":{"allow":["GET"]}}],"collection":[{"href":"https:\/\/www.gernikagogoratuz.org\/en\/wp-json\/wp\/v2\/pages"}],"about":[{"href":"https:\/\/www.gernikagogoratuz.org\/en\/wp-json\/wp\/v2\/types\/page"}],"author":[{"embeddable":true,"href":"https:\/\/www.gernikagogoratuz.org\/en\/wp-json\/wp\/v2\/users\/5"}],"replies":[{"embeddable":true,"href":"https:\/\/www.gernikagogoratuz.org\/en\/wp-json\/wp\/v2\/comments?post=24176"}],"version-history":[{"count":1,"href":"https:\/\/www.gernikagogoratuz.org\/en\/wp-json\/wp\/v2\/pages\/24176\/revisions"}],"predecessor-version":[{"id":38362,"href":"https:\/\/www.gernikagogoratuz.org\/en\/wp-json\/wp\/v2\/pages\/24176\/revisions\/38362"}],"wp:attachment":[{"href":"https:\/\/www.gernikagogoratuz.org\/en\/wp-json\/wp\/v2\/media?parent=24176"}],"curies":[{"name":"wp","href":"https:\/\/api.w.org\/{rel}","templated":true}]}}