{"id":24212,"date":"2020-09-21T08:28:42","date_gmt":"2020-09-21T08:28:42","guid":{"rendered":"https:\/\/www.gernikagogoratuz.org\/?page_id=24212"},"modified":"2021-02-10T16:25:20","modified_gmt":"2021-02-10T16:25:20","slug":"research-for-peace","status":"publish","type":"page","link":"https:\/\/www.gernikagogoratuz.org\/en\/research-for-peace\/","title":{"rendered":"Research for Peace"},"content":{"rendered":"<div class=\"wpb-content-wrapper\"><p>[vc_row el_id=&#8221;investigacion&#8221;][vc_column][vc_empty_space height=&#8221;25px&#8221;][vc_single_image image=&#8221;19034&#8243; img_size=&#8221;full&#8221; alignment=&#8221;center&#8221; el_class=&#8221;hacemos-logo&#8221;][vc_empty_space height=&#8221;25px&#8221;][vc_empty_space][vc_column_text]<\/p>\n<div class=\"wpb_text_column wpb_content_element \">\n<div class=\"wpb_wrapper\">\n<p>The research is carried out with a focus on rights, which articulates the local and the global, through academic collaborations with universities, social organizations and institutions.<\/p>\n<\/div>\n<\/div>\n<p>[\/vc_column_text][vc_row_inner css=&#8221;.vc_custom_1543947596882{margin-top: 30px !important;}&#8221;][vc_column_inner el_class=&#8221;home-hacemos&#8221; width=&#8221;1\/3&#8243; el_id=&#8221;economia-paz&#8221;][vc_empty_space][vc_single_image image=&#8221;23764&#8243; img_size=&#8221;full&#8221; alignment=&#8221;center&#8221; css=&#8221;.vc_custom_1591091549811{margin-bottom: 20px !important;padding-right: 60px !important;padding-left: 60px !important;}&#8221;][vc_empty_space][vc_column_text css=&#8221;.vc_custom_1612974254708{padding-right: 60px !important;padding-left: 60px !important;}&#8221;]<\/p>\n<p style=\"text-align: center;\"><strong>Economy of Peace. Human Rights and Business 2016-2020<\/strong><\/p>\n<p>[\/vc_column_text][vc_column_text]It is a research project that seeks to bring together different sectors (business, administration, academia and associative sector) in a space for dialogue to improve the performance around rights in the business world. It is carried out in collaboration with<em> ehuGune (UPV \/ EHU), REAS, CONGD\u2019s of Euskadi and \u201cEconomistas sin Fronteras\u201d.<\/em>[\/vc_column_text][vc_empty_space][vc_column_text]<\/p>\n<p style=\"text-align: left;\"><strong>This project is financed by the General Secretariat for Peace and Coexistence. Victims and Human Rights Directorate.<\/strong><\/p>\n<p>[\/vc_column_text][vc_empty_space]<a itemprop=\"url\" href=\"https:\/\/www.gernikagogoratuz.org\/en\/economy-of-peace\/\" target=\"_blank\"  class=\"edgtf-btn edgtf-btn-medium edgtf-btn-solid home-hacemos\"  >\n\t<span class=\"edgtf-btn-text\">Economy of Peace<\/span>\n    <\/a>[vc_empty_space][\/vc_column_inner][vc_column_inner el_class=&#8221;home-hacemos&#8221; width=&#8221;1\/3&#8243;][vc_empty_space][vc_single_image image=&#8221;19348&#8243; img_size=&#8221;full&#8221; alignment=&#8221;center&#8221; css=&#8221;.vc_custom_1544188808300{margin-bottom: 20px !important;padding-right: 60px !important;padding-left: 60px !important;}&#8221;][vc_empty_space][vc_column_text css=&#8221;.vc_custom_1612974293686{padding-right: 60px !important;padding-left: 60px !important;}&#8221;]<\/p>\n<p style=\"text-align: center;\"><strong>Phase I 2018 &#8211; 2019.<br \/>\n<span class=\"tlid-translation translation\" lang=\"en\"><span class=\"\" title=\"\">Research, education and action for the strengthening of capacities and construction of life alternatives.<\/span><\/span><\/strong><\/p>\n<p style=\"text-align: center;\"><strong>Phase II 2020 &#8211; 2021.<br \/>\n<\/strong><strong><span lang=\"en-US\">Accompanying the processes and consolidation of narratives of sustainability in life.<\/span><\/strong><\/p>\n<p style=\"text-align: left;\"><span lang=\"en-US\">It is an international cooperation project executed in cooperation with the NGO Gernikatik Mundura. <\/span><\/p>\n<p style=\"text-align: left;\">The project sheds light on the impact of the hegemonic neoliberal model on territories from a \u201csustainable-human-developmental\u201d and \u201clocal-human-developmental\u201d viewpoint.<br \/>\nFour fields of impact are being studied: access to the land, gender-inequality, sustainability, and cultural identity in Tolima and Caquet\u00e1 \u2013 Columbia; Cabo Delgado and Maputo \u2013 Mozambique; and Urdaibai \u2013 Basque Country.<\/p>\n<p>[\/vc_column_text][vc_empty_space][vc_column_text]<\/p>\n<p style=\"text-align: left;\"><strong>This project is funded by the Basque Agency for Development Cooperation.<\/strong><\/p>\n<p>[\/vc_column_text][vc_empty_space]<a itemprop=\"url\" href=\"https:\/\/territoriolab.org\/\" target=\"_blank\"  class=\"edgtf-btn edgtf-btn-medium edgtf-btn-solid home-hacemos\"  >\n\t<span class=\"edgtf-btn-text\">Territories in Conflict<\/span>\n    <\/a>[vc_empty_space][\/vc_column_inner][vc_column_inner width=&#8221;1\/3&#8243;][vc_empty_space][vc_single_image image=&#8221;25231&#8243; img_size=&#8221;full&#8221; alignment=&#8221;center&#8221;][vc_empty_space][vc_column_text]<\/p>\n<p style=\"text-align: center;\"><strong>CRIC Identity and conflict. <\/strong><br \/>\n<strong>Cultural heritage and the re- construction of identities after conflict. <\/strong><br \/>\n<strong>2009-2012<\/strong><\/p>\n<p style=\"text-align: left;\">This EU-funded project aims to investigate the identity impact of the destruction and subsequent selective reconstruction of cultural heritage. It aims to clarify the empirical and theoretical relationships between cultural heritage, conflict and identities. In particular, it examines how destruction and reconstruction affect notions of group membership and identity at different scales, from the individual to the pan-national level.<\/p>\n<p>[\/vc_column_text][vc_empty_space][vc_column_text]<\/p>\n<p style=\"text-align: left;\"><strong>CRIC is a project funded by the European Union under the FP7 Framework Programme for Research Collaboration and is coordinated from the University of Cambridge in the UK.<\/strong><\/p>\n<p>[\/vc_column_text][vc_empty_space]<a itemprop=\"url\" href=\"https:\/\/www.gernikagogoratuz.org\/en\/cric-identity-and-conflict-cultural-heritage-and-the-re-construction-of-identities-after-conflict\/\" target=\"_blank\"  class=\"edgtf-btn edgtf-btn-medium edgtf-btn-solid\"  >\n\t<span class=\"edgtf-btn-text\">CRIC Identity and conflict<\/span>\n    <\/a>[\/vc_column_inner][\/vc_row_inner][\/vc_column][\/vc_row]<\/p>\n<\/div>","protected":false},"excerpt":{"rendered":"<p>[vc_row el_id=&#8221;investigacion&#8221;][vc_column][vc_empty_space height=&#8221;25px&#8221;][vc_single_image image=&#8221;19034&#8243; img_size=&#8221;full&#8221; alignment=&#8221;center&#8221; el_class=&#8221;hacemos-logo&#8221;][vc_empty_space height=&#8221;25px&#8221;][vc_empty_space][vc_column_text] The research is carried out with a focus on rights, which articulates the local and the global, through academic collaborations with universities, social organizations and institutions. [\/vc_column_text][vc_row_inner css=&#8221;.vc_custom_1543947596882{margin-top: 30px !important;}&#8221;][vc_column_inner el_class=&#8221;home-hacemos&#8221; width=&#8221;1\/3&#8243; el_id=&#8221;economia-paz&#8221;][vc_empty_space][vc_single_image image=&#8221;23764&#8243; img_size=&#8221;full&#8221; alignment=&#8221;center&#8221; css=&#8221;.vc_custom_1591091549811{margin-bottom: 20px !important;padding-right: 60px !important;padding-left: 60px !important;}&#8221;][vc_empty_space][vc_column_text css=&#8221;.vc_custom_1612974254708{padding-right: 60px !important;padding-left: 60px&#8230;<\/p>\n","protected":false},"author":5,"featured_media":0,"parent":0,"menu_order":0,"comment_status":"closed","ping_status":"closed","template":"","meta":{"inline_featured_image":false,"footnotes":""},"class_list":["post-24212","page","type-page","status-publish","hentry"],"yoast_head":"<!-- This site is optimized with the Yoast SEO plugin v27.4 - https:\/\/yoast.com\/product\/yoast-seo-wordpress\/ -->\n<title>Gernika Gogoratuz. Centro de Investigaci\u00f3n por la Paz<\/title>\n<meta name=\"description\" content=\"Investigaci\u00f3n con un enfoque de derechos, que articula a trav\u00e9s de colaboraciones acad\u00e9micas con universidades, organizaciones sociales e instituciones.\" \/>\n<meta name=\"robots\" content=\"index, follow, max-snippet:-1, max-image-preview:large, max-video-preview:-1\" \/>\n<link rel=\"canonical\" href=\"https:\/\/www.gernikagogoratuz.org\/en\/research-for-peace\/\" \/>\n<meta property=\"og:locale\" content=\"en_US\" \/>\n<meta property=\"og:type\" content=\"article\" \/>\n<meta property=\"og:title\" content=\"Gernika Gogoratuz. Centro de Investigaci\u00f3n por la Paz\" \/>\n<meta property=\"og:description\" content=\"Investigaci\u00f3n con un enfoque de derechos, que articula a trav\u00e9s de colaboraciones acad\u00e9micas con universidades, organizaciones sociales e instituciones.\" \/>\n<meta property=\"og:url\" content=\"https:\/\/www.gernikagogoratuz.org\/en\/research-for-peace\/\" \/>\n<meta property=\"og:site_name\" content=\"Gernika Gogoratuz\" \/>\n<meta property=\"article:publisher\" content=\"https:\/\/www.facebook.com\/GernikaGogoratuzFundacion\" \/>\n<meta property=\"article:modified_time\" content=\"2021-02-10T16:25:20+00:00\" \/>\n<meta name=\"twitter:card\" content=\"summary_large_image\" \/>\n<meta name=\"twitter:site\" content=\"@GGogoratuz\" \/>\n<meta name=\"twitter:label1\" content=\"Est. reading time\" \/>\n\t<meta name=\"twitter:data1\" content=\"3 minutes\" \/>\n<script type=\"application\/ld+json\" class=\"yoast-schema-graph\">{\"@context\":\"https:\\\/\\\/schema.org\",\"@graph\":[{\"@type\":\"WebPage\",\"@id\":\"https:\\\/\\\/www.gernikagogoratuz.org\\\/en\\\/research-for-peace\\\/\",\"url\":\"https:\\\/\\\/www.gernikagogoratuz.org\\\/en\\\/research-for-peace\\\/\",\"name\":\"Gernika Gogoratuz. Centro de Investigaci\u00f3n por la Paz\",\"isPartOf\":{\"@id\":\"https:\\\/\\\/www.gernikagogoratuz.org\\\/en\\\/#website\"},\"datePublished\":\"2020-09-21T08:28:42+00:00\",\"dateModified\":\"2021-02-10T16:25:20+00:00\",\"description\":\"Investigaci\u00f3n con un enfoque de derechos, que articula a trav\u00e9s de colaboraciones acad\u00e9micas con universidades, organizaciones sociales e instituciones.\",\"breadcrumb\":{\"@id\":\"https:\\\/\\\/www.gernikagogoratuz.org\\\/en\\\/research-for-peace\\\/#breadcrumb\"},\"inLanguage\":\"en-US\",\"potentialAction\":[{\"@type\":\"ReadAction\",\"target\":[\"https:\\\/\\\/www.gernikagogoratuz.org\\\/en\\\/research-for-peace\\\/\"]}]},{\"@type\":\"BreadcrumbList\",\"@id\":\"https:\\\/\\\/www.gernikagogoratuz.org\\\/en\\\/research-for-peace\\\/#breadcrumb\",\"itemListElement\":[{\"@type\":\"ListItem\",\"position\":1,\"name\":\"Portada\",\"item\":\"https:\\\/\\\/www.gernikagogoratuz.org\\\/en\\\/\"},{\"@type\":\"ListItem\",\"position\":2,\"name\":\"Research for Peace\"}]},{\"@type\":\"WebSite\",\"@id\":\"https:\\\/\\\/www.gernikagogoratuz.org\\\/en\\\/#website\",\"url\":\"https:\\\/\\\/www.gernikagogoratuz.org\\\/en\\\/\",\"name\":\"Gernika Gogoratuz\",\"description\":\"Centro de investigaci\u00f3n por la paz\",\"publisher\":{\"@id\":\"https:\\\/\\\/www.gernikagogoratuz.org\\\/en\\\/#organization\"},\"potentialAction\":[{\"@type\":\"SearchAction\",\"target\":{\"@type\":\"EntryPoint\",\"urlTemplate\":\"https:\\\/\\\/www.gernikagogoratuz.org\\\/en\\\/?s={search_term_string}\"},\"query-input\":{\"@type\":\"PropertyValueSpecification\",\"valueRequired\":true,\"valueName\":\"search_term_string\"}}],\"inLanguage\":\"en-US\"},{\"@type\":\"Organization\",\"@id\":\"https:\\\/\\\/www.gernikagogoratuz.org\\\/en\\\/#organization\",\"name\":\"Gernika Gogoratuz. Centro de Investigaci\u00f3n por la Paz.\",\"url\":\"https:\\\/\\\/www.gernikagogoratuz.org\\\/en\\\/\",\"logo\":{\"@type\":\"ImageObject\",\"inLanguage\":\"en-US\",\"@id\":\"https:\\\/\\\/www.gernikagogoratuz.org\\\/en\\\/#\\\/schema\\\/logo\\\/image\\\/\",\"url\":\"https:\\\/\\\/www.gernikagogoratuz.org\\\/wp-content\\\/uploads\\\/2018\\\/10\\\/gernikagogoratuzogo_es.svg\",\"contentUrl\":\"https:\\\/\\\/www.gernikagogoratuz.org\\\/wp-content\\\/uploads\\\/2018\\\/10\\\/gernikagogoratuzogo_es.svg\",\"width\":1,\"height\":1,\"caption\":\"Gernika Gogoratuz. Centro de Investigaci\u00f3n por la Paz.\"},\"image\":{\"@id\":\"https:\\\/\\\/www.gernikagogoratuz.org\\\/en\\\/#\\\/schema\\\/logo\\\/image\\\/\"},\"sameAs\":[\"https:\\\/\\\/www.facebook.com\\\/GernikaGogoratuzFundacion\",\"https:\\\/\\\/x.com\\\/GGogoratuz\",\"https:\\\/\\\/www.youtube.com\\\/user\\\/gernikagogoratuz\\\/videos\"]}]}<\/script>\n<!-- \/ Yoast SEO plugin. -->","yoast_head_json":{"title":"Gernika Gogoratuz. Centro de Investigaci\u00f3n por la Paz","description":"Investigaci\u00f3n con un enfoque de derechos, que articula a trav\u00e9s de colaboraciones acad\u00e9micas con universidades, organizaciones sociales e instituciones.","robots":{"index":"index","follow":"follow","max-snippet":"max-snippet:-1","max-image-preview":"max-image-preview:large","max-video-preview":"max-video-preview:-1"},"canonical":"https:\/\/www.gernikagogoratuz.org\/en\/research-for-peace\/","og_locale":"en_US","og_type":"article","og_title":"Gernika Gogoratuz. Centro de Investigaci\u00f3n por la Paz","og_description":"Investigaci\u00f3n con un enfoque de derechos, que articula a trav\u00e9s de colaboraciones acad\u00e9micas con universidades, organizaciones sociales e instituciones.","og_url":"https:\/\/www.gernikagogoratuz.org\/en\/research-for-peace\/","og_site_name":"Gernika Gogoratuz","article_publisher":"https:\/\/www.facebook.com\/GernikaGogoratuzFundacion","article_modified_time":"2021-02-10T16:25:20+00:00","twitter_card":"summary_large_image","twitter_site":"@GGogoratuz","twitter_misc":{"Est. reading time":"3 minutes"},"schema":{"@context":"https:\/\/schema.org","@graph":[{"@type":"WebPage","@id":"https:\/\/www.gernikagogoratuz.org\/en\/research-for-peace\/","url":"https:\/\/www.gernikagogoratuz.org\/en\/research-for-peace\/","name":"Gernika Gogoratuz. Centro de Investigaci\u00f3n por la Paz","isPartOf":{"@id":"https:\/\/www.gernikagogoratuz.org\/en\/#website"},"datePublished":"2020-09-21T08:28:42+00:00","dateModified":"2021-02-10T16:25:20+00:00","description":"Investigaci\u00f3n con un enfoque de derechos, que articula a trav\u00e9s de colaboraciones acad\u00e9micas con universidades, organizaciones sociales e instituciones.","breadcrumb":{"@id":"https:\/\/www.gernikagogoratuz.org\/en\/research-for-peace\/#breadcrumb"},"inLanguage":"en-US","potentialAction":[{"@type":"ReadAction","target":["https:\/\/www.gernikagogoratuz.org\/en\/research-for-peace\/"]}]},{"@type":"BreadcrumbList","@id":"https:\/\/www.gernikagogoratuz.org\/en\/research-for-peace\/#breadcrumb","itemListElement":[{"@type":"ListItem","position":1,"name":"Portada","item":"https:\/\/www.gernikagogoratuz.org\/en\/"},{"@type":"ListItem","position":2,"name":"Research for Peace"}]},{"@type":"WebSite","@id":"https:\/\/www.gernikagogoratuz.org\/en\/#website","url":"https:\/\/www.gernikagogoratuz.org\/en\/","name":"Gernika Gogoratuz","description":"Centro de investigaci\u00f3n por la paz","publisher":{"@id":"https:\/\/www.gernikagogoratuz.org\/en\/#organization"},"potentialAction":[{"@type":"SearchAction","target":{"@type":"EntryPoint","urlTemplate":"https:\/\/www.gernikagogoratuz.org\/en\/?s={search_term_string}"},"query-input":{"@type":"PropertyValueSpecification","valueRequired":true,"valueName":"search_term_string"}}],"inLanguage":"en-US"},{"@type":"Organization","@id":"https:\/\/www.gernikagogoratuz.org\/en\/#organization","name":"Gernika Gogoratuz. Centro de Investigaci\u00f3n por la Paz.","url":"https:\/\/www.gernikagogoratuz.org\/en\/","logo":{"@type":"ImageObject","inLanguage":"en-US","@id":"https:\/\/www.gernikagogoratuz.org\/en\/#\/schema\/logo\/image\/","url":"https:\/\/www.gernikagogoratuz.org\/wp-content\/uploads\/2018\/10\/gernikagogoratuzogo_es.svg","contentUrl":"https:\/\/www.gernikagogoratuz.org\/wp-content\/uploads\/2018\/10\/gernikagogoratuzogo_es.svg","width":1,"height":1,"caption":"Gernika Gogoratuz. Centro de Investigaci\u00f3n por la Paz."},"image":{"@id":"https:\/\/www.gernikagogoratuz.org\/en\/#\/schema\/logo\/image\/"},"sameAs":["https:\/\/www.facebook.com\/GernikaGogoratuzFundacion","https:\/\/x.com\/GGogoratuz","https:\/\/www.youtube.com\/user\/gernikagogoratuz\/videos"]}]}},"_links":{"self":[{"href":"https:\/\/www.gernikagogoratuz.org\/en\/wp-json\/wp\/v2\/pages\/24212","targetHints":{"allow":["GET"]}}],"collection":[{"href":"https:\/\/www.gernikagogoratuz.org\/en\/wp-json\/wp\/v2\/pages"}],"about":[{"href":"https:\/\/www.gernikagogoratuz.org\/en\/wp-json\/wp\/v2\/types\/page"}],"author":[{"embeddable":true,"href":"https:\/\/www.gernikagogoratuz.org\/en\/wp-json\/wp\/v2\/users\/5"}],"replies":[{"embeddable":true,"href":"https:\/\/www.gernikagogoratuz.org\/en\/wp-json\/wp\/v2\/comments?post=24212"}],"version-history":[{"count":0,"href":"https:\/\/www.gernikagogoratuz.org\/en\/wp-json\/wp\/v2\/pages\/24212\/revisions"}],"wp:attachment":[{"href":"https:\/\/www.gernikagogoratuz.org\/en\/wp-json\/wp\/v2\/media?parent=24212"}],"curies":[{"name":"wp","href":"https:\/\/api.w.org\/{rel}","templated":true}]}}