{"id":32583,"date":"2023-03-09T13:35:55","date_gmt":"2023-03-09T12:35:55","guid":{"rendered":"https:\/\/www.gernikagogoratuz.org\/?page_id=32583"},"modified":"2023-03-09T14:02:44","modified_gmt":"2023-03-09T13:02:44","slug":"memory","status":"publish","type":"page","link":"https:\/\/www.gernikagogoratuz.org\/en\/memory\/","title":{"rendered":"Memory"},"content":{"rendered":"<div class=\"wpb-content-wrapper\"><p>[vc_row][vc_column][vc_empty_space][vc_single_image image=&#8221;26963&#8243; alignment=&#8221;center&#8221;][vc_empty_space][\/vc_column][\/vc_row][vc_row][vc_column width=&#8221;1\/2&#8243;][vc_empty_space][vc_column_text]The bombing of Gernika in 1937 is considered one of the first all-out war experiments and marks the commencement of civilian aerial bombings in Europe prior to the Second World War.[\/vc_column_text][\/vc_column][vc_column width=&#8221;1\/2&#8243;][vc_empty_space][vc_column_text]\u201cThe pedagogical contribution of memory studies to the construction of peaceful cohabitation allows us to unlearn the horrors of war and violence, and reflect on peace.\u201d[\/vc_column_text][\/vc_column][\/vc_row][vc_row][vc_column][vc_empty_space][vc_column_text]<strong>CONTENTS<\/strong><\/p>\n<ul>\n<li><a href=\"#actividades\">Activities<\/a><\/li>\n<li><a href=\"#testimonios\">Testimonies from the Gernika bombing<\/a><\/li>\n<li><a href=\"#arteymemoria\">Art and Memory<\/a><\/li>\n<li><a href=\"#publicaciones\">Publications<\/a><\/li>\n<li><a href=\"#dossierdeprensa\">Press pack<\/a> <strong><br \/>\n<\/strong><\/li>\n<\/ul>\n<hr \/>\n<p>[\/vc_column_text][\/vc_column][\/vc_row][vc_row anchor=&#8221;educacion&#8221; css=&#8221;.vc_custom_1550001976495{margin-top: 30px !important;}&#8221;][vc_column][vc_row_inner el_id=&#8221;actividades&#8221;][vc_column_inner][vc_empty_space height=&#8221;25px&#8221;][vc_empty_space height=&#8221;25px&#8221;][vc_column_text]<\/p>\n<h2 style=\"text-align: center;\">Activities<\/h2>\n<p>[\/vc_column_text][vc_empty_space][vc_column_text]<\/p>\n<p style=\"text-align: center;\">Organised as part of the commemoration of the Bombing of Gernika since 1991.<\/p>\n<p>[\/vc_column_text][vc_empty_space][\/vc_column_inner][\/vc_row_inner][vc_column_text]<\/p>\n<p style=\"text-align: center;\"><strong>Culture and Peace convention of Gernika <\/strong><\/p>\n<p>[\/vc_column_text][vc_row_inner css=&#8221;.vc_custom_1542982198398{margin-top: 30px !important;}&#8221;][vc_column_inner width=&#8221;1\/6&#8243;][vc_empty_space height=&#8221;15px&#8221;][vc_single_image image=&#8221;28339&#8243; img_size=&#8221;full&#8221; onclick=&#8221;custom_link&#8221; link=&#8221;https:\/\/www.gernikagogoratuz.org\/en\/event\/xxxii-culture-and-peace-convention\/&#8221;][vc_column_text]<strong>XXXII Culture and Peace convention of Gernika. 2022<\/strong>[\/vc_column_text][vc_empty_space][\/vc_column_inner][vc_column_inner el_class=&#8221;.home-hacemos&#8221; width=&#8221;1\/6&#8243;][vc_empty_space height=&#8221;15px&#8221;][vc_single_image image=&#8221;27917&#8243; img_size=&#8221;full&#8221; onclick=&#8221;custom_link&#8221; link=&#8221;https:\/\/www.gernikagogoratuz.org\/en\/event\/culture-and-peace-convention\/&#8221;][vc_column_text]<strong>XXXI Culture and Peace convention of Gernika. 2021<\/strong>[\/vc_column_text][vc_empty_space][\/vc_column_inner][vc_column_inner width=&#8221;1\/6&#8243;][vc_empty_space height=&#8221;15px&#8221;][vc_single_image image=&#8221;26435&#8243; img_size=&#8221;full&#8221; onclick=&#8221;custom_link&#8221; img_link_target=&#8221;_blank&#8221; link=&#8221;https:\/\/www.gernikagogoratuz.org\/en\/event\/30th-anniversary-culture-and-peace-convention\/&#8221;][vc_column_text]<strong>30th Anniversary culture and peace convention. 2020<\/strong>[\/vc_column_text][\/vc_column_inner][vc_column_inner width=&#8221;1\/6&#8243;][vc_empty_space height=&#8221;15px&#8221;][vc_single_image image=&#8221;27909&#8243; img_size=&#8221;full&#8221; onclick=&#8221;custom_link&#8221; link=&#8221;https:\/\/www.gernikagogoratuz.org\/en\/event\/xxix-jornadas-cultura-paz-gernika\/&#8221;][vc_column_text]<strong>XXIX Culture and Peace convention of Gernika. 2019<\/strong>[\/vc_column_text][vc_empty_space][\/vc_column_inner][vc_column_inner width=&#8221;1\/6&#8243;][vc_empty_space height=&#8221;15px&#8221;][vc_single_image image=&#8221;27905&#8243; img_size=&#8221;full&#8221; onclick=&#8221;custom_link&#8221; link=&#8221;https:\/\/www.gernikagogoratuz.org\/event\/jornadas-cultura-paz-2018\/&#8221;][vc_column_text]<strong>XXVIII Culture and Peace convention of Gernika. 2018<\/strong>[\/vc_column_text][vc_empty_space][\/vc_column_inner][vc_column_inner width=&#8221;1\/6&#8243;][vc_empty_space height=&#8221;15px&#8221;][vc_single_image image=&#8221;27913&#8243; img_size=&#8221;full&#8221; onclick=&#8221;custom_link&#8221; link=&#8221;https:\/\/www.gernikagogoratuz.org\/event\/jornadas-cultura-paz-2017\/&#8221;][vc_column_text]<strong>XXVII Culture and Peace convention of Gernika. 2017<\/strong>[\/vc_column_text][vc_empty_space][\/vc_column_inner][\/vc_row_inner][vc_empty_space][\/vc_column][\/vc_row][vc_row][vc_column][vc_column_text]<\/p>\n<p style=\"text-align: center;\"><strong>Antimilitarist and Historical Memory conference of Gernika <\/strong><\/p>\n<p>[\/vc_column_text][vc_row_inner css=&#8221;.vc_custom_1542982198398{margin-top: 30px !important;}&#8221;][vc_column_inner width=&#8221;1\/5&#8243;][vc_empty_space height=&#8221;10px&#8221;][vc_single_image image=&#8221;30794&#8243; img_size=&#8221;full&#8221; onclick=&#8221;custom_link&#8221; link=&#8221;https:\/\/www.gernikagogoratuz.org\/en\/event\/x-antimilitarist-and-historical-memory-conference-of-gernika\/&#8221;][vc_column_text css=&#8221;.vc_custom_1678363361795{padding-right: 60px !important;padding-left: 60px !important;}&#8221;]<\/p>\n<p style=\"text-align: center;\"><strong>\u00a0X Antimilitarist and Historical Memory conference of Gernika. 2022<br \/>\n<\/strong><\/p>\n<p>[\/vc_column_text][vc_empty_space][\/vc_column_inner][vc_column_inner el_class=&#8221;.home-hacemos&#8221; width=&#8221;1\/5&#8243;][vc_empty_space height=&#8221;10px&#8221;][vc_single_image image=&#8221;27988&#8243; img_size=&#8221;full&#8221; onclick=&#8221;custom_link&#8221; link=&#8221;https:\/\/www.gernikagogoratuz.org\/en\/event\/antimilitarist-and-historical-memory-conference\/&#8221;][vc_column_text css=&#8221;.vc_custom_1678363309460{padding-right: 60px !important;padding-left: 60px !important;}&#8221;]<\/p>\n<p style=\"text-align: center;\"><strong>IX Antimilitarist and Historical Memory conference of Gernika. 2021<br \/>\n<\/strong><\/p>\n<p>[\/vc_column_text][vc_empty_space][\/vc_column_inner][vc_column_inner width=&#8221;1\/5&#8243;][vc_empty_space height=&#8221;10px&#8221;][vc_single_image image=&#8221;27979&#8243; img_size=&#8221;full&#8221; onclick=&#8221;custom_link&#8221; link=&#8221;https:\/\/www.gernikagogoratuz.org\/en\/event\/antimilitarist-and-historical-memory-conference-in-gernika-lumo\/&#8221;][vc_column_text css=&#8221;.vc_custom_1678363341361{padding-right: 60px !important;padding-left: 60px !important;}&#8221;]<\/p>\n<p style=\"text-align: center;\"><strong>VIII Antimilitarist and Historical Memory conference of Gernika. 2020<\/strong><\/p>\n<p>[\/vc_column_text][vc_empty_space][\/vc_column_inner][vc_column_inner width=&#8221;1\/5&#8243;][vc_empty_space height=&#8221;10px&#8221;][vc_single_image image=&#8221;27976&#8243; img_size=&#8221;full&#8221; onclick=&#8221;custom_link&#8221; link=&#8221;https:\/\/www.gernikagogoratuz.org\/event\/jornadas-antimilitaristas\/&#8221;][vc_column_text css=&#8221;.vc_custom_1678363333961{padding-right: 60px !important;padding-left: 60px !important;}&#8221;]<\/p>\n<p style=\"text-align: center;\"><strong>VII Antimilitarist and Historical Memory conference of Gernika. 2019<\/strong><\/p>\n<p>[\/vc_column_text][vc_empty_space][\/vc_column_inner][vc_column_inner width=&#8221;1\/5&#8243;][vc_empty_space height=&#8221;10px&#8221;][vc_single_image image=&#8221;27973&#8243; img_size=&#8221;full&#8221; onclick=&#8221;custom_link&#8221; link=&#8221;https:\/\/www.gernikagogoratuz.org\/event\/jornadas-cultura-paz-2017\/&#8221;][vc_column_text css=&#8221;.vc_custom_1678363377138{padding-right: 60px !important;padding-left: 60px !important;}&#8221;]<\/p>\n<p style=\"text-align: center;\"><strong>VI Antimilitarist and Historical Memory conference of Gernika. 2018<\/strong><\/p>\n<p>[\/vc_column_text][vc_empty_space][\/vc_column_inner][\/vc_row_inner][\/vc_column][\/vc_row][vc_row][vc_column][vc_column_text]<\/p>\n<p>[\/vc_column_text][\/vc_column][\/vc_row][vc_row el_id=&#8221;testimonios&#8221;][vc_column][vc_empty_space height=&#8221;25px&#8221;][vc_empty_space height=&#8221;25px&#8221;][vc_column_text]<\/p>\n<h2 style=\"text-align: center;\"><strong>Testimonies about the bombing of Guernica<\/strong><\/h2>\n<p>[\/vc_column_text][vc_empty_space][vc_empty_space][vc_column_text][\/vc_column_text][vc_row_inner][vc_column_inner][vc_column_text]<\/p>\n<h3>Survivors<\/h3>\n<p>[\/vc_column_text][\/vc_column_inner][\/vc_row_inner][vc_row_inner css=&#8221;.vc_custom_1542982198398{margin-top: 30px !important;}&#8221;][vc_column_inner el_class=&#8221;.home-hacemos&#8221; width=&#8221;1\/4&#8243;][vc_empty_space][vc_single_image image=&#8221;26720&#8243; img_size=&#8221;full&#8221; onclick=&#8221;custom_link&#8221; link=&#8221;https:\/\/www.gernikagogoratuz.org\/wp-content\/uploads\/2021\/08\/luis_iriondo.pdf&#8221;][vc_empty_space][vc_column_text]<\/p>\n<p style=\"text-align: center;\"><strong>Testimony of Luis Iriondo. Survivor. 2007<\/strong><\/p>\n<p>[\/vc_column_text][vc_empty_space][\/vc_column_inner][vc_column_inner width=&#8221;1\/4&#8243;][vc_empty_space][vc_single_image image=&#8221;26710&#8243; img_size=&#8221;full&#8221; onclick=&#8221;custom_link&#8221; link=&#8221;https:\/\/www.gernikagogoratuz.org\/wp-content\/uploads\/2021\/08\/pedro_balino.pdf&#8221;][vc_empty_space][vc_column_text]<\/p>\n<p style=\"text-align: center;\"><strong>Testimony of Pedro Bali\u00f1o. Survivor. 2000<\/strong><\/p>\n<p>[\/vc_column_text][vc_empty_space][\/vc_column_inner][vc_column_inner width=&#8221;1\/4&#8243;][vc_empty_space][vc_single_image image=&#8221;26707&#8243; img_size=&#8221;full&#8221; onclick=&#8221;custom_link&#8221; link=&#8221;https:\/\/www.gernikagogoratuz.org\/wp-content\/uploads\/2021\/08\/miren_gomeza.pdf&#8221;][vc_empty_space][vc_column_text]<\/p>\n<p style=\"text-align: center;\"><strong>\u00a0Remembering the bombing of Gernika. Miren de Gomeza Ibieta. Survivor. 1996<\/strong><\/p>\n<p>[\/vc_column_text][vc_empty_space][\/vc_column_inner][vc_column_inner width=&#8221;1\/4&#8243;][vc_empty_space][vc_empty_space][vc_empty_space][\/vc_column_inner][\/vc_row_inner][vc_row_inner][vc_column_inner][vc_column_text]<\/p>\n<h3>Reconciliation messages<\/h3>\n<p>[\/vc_column_text][\/vc_column_inner][\/vc_row_inner][vc_row_inner css=&#8221;.vc_custom_1542982198398{margin-top: 30px !important;}&#8221;][vc_column_inner width=&#8221;1\/4&#8243;][vc_empty_space][vc_single_image image=&#8221;26680&#8243; img_size=&#8221;full&#8221; onclick=&#8221;custom_link&#8221; link=&#8221;https:\/\/issuu.com\/gernikagogoratuz\/docs\/declaracio__n_a4&#8243;][vc_empty_space][vc_column_text]<\/p>\n<p style=\"text-align: center;\"><strong>Message from Von Richthofen and Von Moreau families. 2017<\/strong><\/p>\n<p>[\/vc_column_text][vc_empty_space][\/vc_column_inner][vc_column_inner width=&#8221;1\/4&#8243;][vc_empty_space][vc_single_image image=&#8221;26698&#8243; img_size=&#8221;full&#8221; onclick=&#8221;custom_link&#8221; link=&#8221;https:\/\/www.gernikagogoratuz.org\/wp-content\/uploads\/2021\/08\/roman-herzog.pdf&#8221;][vc_empty_space][vc_column_text]<\/p>\n<p style=\"text-align: center;\"><strong>Letter from Roman Herzog, President of the Federal Republic of Germany. 1997<\/strong><\/p>\n<p>[\/vc_column_text][vc_empty_space][\/vc_column_inner][vc_column_inner width=&#8221;1\/4&#8243;][vc_empty_space][vc_single_image image=&#8221;26704&#8243; img_size=&#8221;full&#8221; onclick=&#8221;custom_link&#8221; link=&#8221;https:\/\/www.gernikagogoratuz.org\/wp-content\/uploads\/2021\/08\/comunicado_Luis.pdf&#8221;][vc_empty_space][vc_column_text]<\/p>\n<p style=\"text-align: center;\"><strong>Speech by Luis Iriondo on behalf of the survivors of the bombing of Gernika. 1997<\/strong><\/p>\n<p>[\/vc_column_text][vc_empty_space][\/vc_column_inner][vc_column_inner width=&#8221;1\/4&#8243;][vc_empty_space][vc_single_image image=&#8221;27728&#8243; img_size=&#8221;full&#8221; onclick=&#8221;custom_link&#8221; link=&#8221;https:\/\/www.gernikagogoratuz.org\/wp-content\/uploads\/2022\/08\/petrakelly.pdf&#8221;][vc_empty_space][vc_column_text]<\/p>\n<p style=\"text-align: center;\"><strong>Petra Kelly: Gernika &#8211; Act of Reconciliation. 1987<\/strong><\/p>\n<p>[\/vc_column_text][vc_empty_space][\/vc_column_inner][\/vc_row_inner][vc_row_inner][vc_column_inner][vc_column_text]<\/p>\n<h4>Letters from Nora Lang, Dresden bombing survivor<\/h4>\n<p>[\/vc_column_text][\/vc_column_inner][\/vc_row_inner][vc_row_inner css=&#8221;.vc_custom_1542982198398{margin-top: 30px !important;}&#8221;][vc_column_inner width=&#8221;1\/5&#8243;][vc_empty_space][vc_single_image image=&#8221;29105&#8243; img_size=&#8221;full&#8221; onclick=&#8221;custom_link&#8221; link=&#8221;https:\/\/www.gernikagogoratuz.org\/wp-content\/uploads\/2022\/08\/carta-Nora-Lang-4-rosas.pdf&#8221;][vc_empty_space][vc_column_text]<\/p>\n<p style=\"text-align: center;\"><strong>Letter &#8220;4 small red roses&#8221; 2022<\/strong><\/p>\n<p>[\/vc_column_text][vc_empty_space][\/vc_column_inner][vc_column_inner el_class=&#8221;.home-hacemos&#8221; width=&#8221;1\/5&#8243;][vc_empty_space][vc_single_image image=&#8221;29096&#8243; img_size=&#8221;full&#8221; onclick=&#8221;custom_link&#8221; link=&#8221;https:\/\/www.gernikagogoratuz.org\/wp-content\/uploads\/2022\/08\/Carta_Strauwitz.pdf&#8221;][vc_empty_space][vc_column_text]<\/p>\n<p style=\"text-align: center;\"><strong>Letter from J\u00fcrgen v. Strauwitz 2022<\/strong><\/p>\n<p style=\"text-align: center;\"><strong>\u00a0<\/strong><\/p>\n<p>[\/vc_column_text][vc_empty_space][\/vc_column_inner][vc_column_inner width=&#8221;1\/5&#8243;][vc_empty_space][vc_single_image image=&#8221;29099&#8243; img_size=&#8221;full&#8221; onclick=&#8221;custom_link&#8221; link=&#8221;https:\/\/www.gernikagogoratuz.org\/wp-content\/uploads\/2022\/08\/Llamamiento-Christoph-adam.pdf&#8221;][vc_empty_space][vc_column_text]<\/p>\n<p style=\"text-align: center;\"><strong>Appeal for world peace from Dresden. 2022<\/strong><\/p>\n<p>[\/vc_column_text][vc_empty_space][\/vc_column_inner][vc_column_inner width=&#8221;1\/5&#8243;][vc_empty_space][vc_single_image image=&#8221;29102&#8243; img_size=&#8221;full&#8221; onclick=&#8221;custom_link&#8221; link=&#8221;https:\/\/www.gernikagogoratuz.org\/wp-content\/uploads\/2022\/08\/preguntas-supervivientes.pdf&#8221;][vc_empty_space][vc_column_text]<\/p>\n<p style=\"text-align: center;\"><strong>Questions and answers to other survivors. 2022<\/strong><\/p>\n<p>[\/vc_column_text][vc_empty_space][\/vc_column_inner][vc_column_inner width=&#8221;1\/5&#8243;][vc_empty_space][vc_single_image image=&#8221;26714&#8243; img_size=&#8221;full&#8221; onclick=&#8221;custom_link&#8221; link=&#8221;https:\/\/www.gernikagogoratuz.org\/wp-content\/uploads\/2021\/08\/actividades_dresde.pdf&#8221;][vc_empty_space][vc_column_text]<\/p>\n<p style=\"text-align: center;\"><strong>A symbol of hope and reconciliation. 2000<\/strong><\/p>\n<p>[\/vc_column_text][vc_empty_space][\/vc_column_inner][\/vc_row_inner][vc_row_inner][vc_column_inner][vc_column_text]<\/p>\n<h3>&#8220;Let&#8217;s walk together in peace&#8221; initiative<\/h3>\n<p>[\/vc_column_text][\/vc_column_inner][\/vc_row_inner][vc_row_inner css=&#8221;.vc_custom_1542982198398{margin-top: 30px !important;}&#8221;][vc_column_inner width=&#8221;1\/5&#8243;][vc_empty_space][vc_single_image image=&#8221;28933&#8243; img_size=&#8221;full&#8221; onclick=&#8221;custom_link&#8221; link=&#8221;https:\/\/www.gernikagogoratuz.org\/wp-content\/uploads\/2022\/07\/iniciativa-marchemos-juntos-paz-1.jpg&#8221;][vc_empty_space][vc_column_text]<\/p>\n<p style=\"text-align: center;\"><strong>Initiative &#8220;Let&#8217;s walk together in peace&#8221;. Letter from Luis Iriondo. 2018<\/strong><\/p>\n<p>[\/vc_column_text][vc_empty_space][\/vc_column_inner][vc_column_inner width=&#8221;1\/5&#8243;][vc_empty_space][vc_single_image image=&#8221;28939&#8243; img_size=&#8221;full&#8221; onclick=&#8221;custom_link&#8221; link=&#8221;https:\/\/www.gernikagogoratuz.org\/wp-content\/uploads\/2022\/07\/Beitrittserklarung-Hiroshima-26042013.pdf&#8221;][vc_empty_space][vc_column_text]<\/p>\n<p style=\"text-align: center;\"><strong>Hiroshima Declaration of Adhesion. 2013<br \/>\n<\/strong><\/p>\n<p>[\/vc_column_text][vc_empty_space][\/vc_column_inner][vc_column_inner width=&#8221;1\/5&#8243;][vc_empty_space][vc_single_image image=&#8221;28948&#8243; img_size=&#8221;full&#8221; onclick=&#8221;custom_link&#8221; link=&#8221;https:\/\/www.gernikagogoratuz.org\/wp-content\/uploads\/2022\/07\/Beitrittserklarung-Dresden-Gernika-Nagasaki-26052013.pdf&#8221;][vc_empty_space][vc_column_text]<\/p>\n<p style=\"text-align: center;\"><strong>Signing for a cooperation of the victims of Guernica and Nagasaki. 2013<\/strong><\/p>\n<p>[\/vc_column_text][vc_empty_space][\/vc_column_inner][vc_column_inner el_class=&#8221;.home-hacemos&#8221; width=&#8221;1\/5&#8243;][vc_empty_space][vc_single_image image=&#8221;28945&#8243; img_size=&#8221;full&#8221; onclick=&#8221;custom_link&#8221; link=&#8221;https:\/\/www.gernikagogoratuz.org\/wp-content\/uploads\/2022\/07\/Beitrittserklarung-andere-Stadt-Japan-26042013.pdf&#8221;][vc_empty_space][vc_column_text]<\/p>\n<p style=\"text-align: center;\"><strong>Declaration of support for the city of Japan. 2013<\/strong><\/p>\n<p>[\/vc_column_text][vc_empty_space][\/vc_column_inner][vc_column_inner width=&#8221;1\/5&#8243;][vc_empty_space][vc_single_image image=&#8221;28942&#8243; img_size=&#8221;full&#8221; onclick=&#8221;custom_link&#8221; link=&#8221;https:\/\/www.gernikagogoratuz.org\/wp-content\/uploads\/2022\/07\/Beschluss-Gernika-Nagasaki-japones-castellano-26042012.pdf&#8221;][vc_empty_space][vc_column_text]<\/p>\n<p style=\"text-align: center;\"><strong>Collaboration agreement between the victims of Gernika and Nagasaki (Spanish). 2012<\/strong><\/p>\n<p>[\/vc_column_text][vc_empty_space][\/vc_column_inner][\/vc_row_inner][vc_row_inner][vc_column_inner][vc_column_text]<\/p>\n<h3>Audiovisuals<\/h3>\n<p>[\/vc_column_text][\/vc_column_inner][\/vc_row_inner][vc_row_inner css=&#8221;.vc_custom_1542982198398{margin-top: 30px !important;}&#8221;][vc_column_inner el_class=&#8221;.home-hacemos&#8221; width=&#8221;1\/6&#8243;][vc_empty_space][vc_single_image image=&#8221;23876&#8243; img_size=&#8221;full&#8221; onclick=&#8221;custom_link&#8221; link=&#8221;https:\/\/www.gernikagogoratuz.org\/portfolio-item\/dieprand-von-richthofen-y-karl-benedikt-von-moreau-en-el-marco-del-80-aniversario-del-bombardeo-de-gernika\/&#8221;][vc_empty_space][vc_column_text]<\/p>\n<p style=\"text-align: center;\"><strong>Gernika. Ciudad de la Paz. Di\u00e1logos. 2018<\/strong><\/p>\n<p>[\/vc_column_text][vc_empty_space][\/vc_column_inner][vc_column_inner width=&#8221;1\/6&#8243;][vc_empty_space][vc_single_image image=&#8221;26673&#8243; img_size=&#8221;full&#8221; onclick=&#8221;custom_link&#8221; link=&#8221;https:\/\/www.youtube.com\/watch?v=HlP-iBkQBp0&amp;list=PLySH1KoUt73BUgVF9aaNZ9SF8kw_sFoEG&amp;index=4&#8243;][vc_empty_space][vc_column_text]<\/p>\n<p style=\"text-align: center;\"><strong>Argazki marrazki. 2013<\/strong><\/p>\n<p>[\/vc_column_text][vc_empty_space][\/vc_column_inner][vc_column_inner width=&#8221;1\/6&#8243;][vc_empty_space][vc_single_image image=&#8221;23877&#8243; img_size=&#8221;full&#8221; onclick=&#8221;custom_link&#8221; link=&#8221;https:\/\/www.gernikagogoratuz.org\/portfolio-item\/ikusmen-ahotsa-la-voz-visual-die-sichtbare-stimme\/&#8221;][vc_empty_space][vc_column_text]<\/p>\n<p style=\"text-align: center;\"><strong>La voz visual. 2008<\/strong><\/p>\n<p>[\/vc_column_text][vc_empty_space][\/vc_column_inner][vc_column_inner width=&#8221;1\/6&#8243;][vc_empty_space][vc_single_image image=&#8221;23885&#8243; img_size=&#8221;full&#8221; onclick=&#8221;custom_link&#8221; link=&#8221;https:\/\/www.gernikagogoratuz.org\/portfolio-item\/bizi-naizen-lekutik-desde-el-lugar-en-el-que-vivo-din-locul-unde-traiesc\/&#8221;][vc_empty_space][vc_column_text]<\/p>\n<p style=\"text-align: center;\"><strong>Bizi naizen lekutik. 2008<\/strong><\/p>\n<p>[\/vc_column_text][vc_empty_space][\/vc_column_inner][vc_column_inner width=&#8221;1\/6&#8243;][vc_empty_space][vc_single_image image=&#8221;26665&#8243; img_size=&#8221;full&#8221; onclick=&#8221;custom_link&#8221; link=&#8221;https:\/\/www.youtube.com\/watch?v=nyLH2Jh18VI&amp;list=PLySH1KoUt73BUgVF9aaNZ9SF8kw_sFoEG&amp;index=1&#8243;][vc_empty_space][vc_column_text]<\/p>\n<p style=\"text-align: center;\"><strong>The mark of men. 1998<br \/>\n<\/strong><\/p>\n<p>[\/vc_column_text][vc_empty_space][\/vc_column_inner][vc_column_inner width=&#8221;1\/6&#8243;][vc_empty_space][vc_single_image image=&#8221;27937&#8243; img_size=&#8221;full&#8221; onclick=&#8221;custom_link&#8221; link=&#8221;https:\/\/www.gernikagogoratuz.org\/portfolio-item\/huella-humana-bombardeo-gernika\/&#8221;][vc_empty_space][vc_column_text]<\/p>\n<p style=\"text-align: center;\"><strong>La huella humana. 1998<\/strong><\/p>\n<p>[\/vc_column_text][vc_empty_space][\/vc_column_inner][\/vc_row_inner][\/vc_column][\/vc_row][vc_row anchor=&#8221;educacion&#8221; css=&#8221;.vc_custom_1550001976495{margin-top: 30px !important;}&#8221;][vc_column][vc_row_inner el_id=&#8221;arteymemoria&#8221;][vc_column_inner][vc_empty_space height=&#8221;25px&#8221;][vc_empty_space height=&#8221;25px&#8221;][vc_column_text]<\/p>\n<h2 style=\"text-align: center;\"><strong>Art and Memory<\/strong><\/h2>\n<p>[\/vc_column_text][\/vc_column_inner][\/vc_row_inner][vc_empty_space][vc_column_text]<\/p>\n<p style=\"text-align: center;\">Artistic interventions of memory.<\/p>\n<p>[\/vc_column_text][vc_row_inner css=&#8221;.vc_custom_1542982198398{margin-top: 30px !important;}&#8221;][vc_column_inner width=&#8221;1\/4&#8243;][vc_empty_space][vc_empty_space][\/vc_column_inner][vc_column_inner width=&#8221;1\/4&#8243;][vc_empty_space][vc_single_image image=&#8221;26688&#8243; img_size=&#8221;full&#8221; onclick=&#8221;custom_link&#8221; link=&#8221;https:\/\/www.gernikagogoratuz.org\/proyecto-himmelstausch-intercambio-cielos-gernika-2\/&#8221;][vc_empty_space][\/vc_column_inner][vc_column_inner width=&#8221;1\/4&#8243;][vc_empty_space][vc_single_image image=&#8221;26691&#8243; img_size=&#8221;full&#8221; onclick=&#8221;custom_link&#8221; link=&#8221;https:\/\/issuu.com\/gernikagogoratuz\/docs\/gernika-guernika&#8221;][vc_empty_space][\/vc_column_inner][vc_column_inner width=&#8221;1\/4&#8243;][vc_empty_space][vc_empty_space][\/vc_column_inner][\/vc_row_inner][vc_empty_space][\/vc_column][\/vc_row][vc_row anchor=&#8221;educacion&#8221; css=&#8221;.vc_custom_1659083807760{margin-top: 30px !important;}&#8221;][vc_column][vc_row_inner el_id=&#8221;publicaciones&#8221;][vc_column_inner][vc_empty_space height=&#8221;25px&#8221;][vc_empty_space height=&#8221;25px&#8221;][vc_column_text]<\/p>\n<h2 style=\"text-align: center;\"><strong>Publications<\/strong><\/h2>\n<p>[\/vc_column_text][vc_empty_space height=&#8221;25px&#8221;][\/vc_column_inner][\/vc_row_inner][vc_row_inner][vc_column_inner][vc_empty_space][\/vc_column_inner][\/vc_row_inner][\/vc_column][\/vc_row][vc_row][vc_column][vc_row_inner css=&#8221;.vc_custom_1542982198398{margin-top: 30px !important;}&#8221;][vc_column_inner el_class=&#8221;.home-hacemos&#8221; width=&#8221;1\/5&#8243;][vc_empty_space][vc_single_image image=&#8221;31908&#8243; img_size=&#8221;full&#8221; onclick=&#8221;custom_link&#8221; link=&#8221;https:\/\/www.gernikagogoratuz.org\/portfolio-item\/bonanzas-culturales-y-barbarismos-mercantiles-del-recuerdo-del-bombardeo-de-gernika-y-otros-bienes-culturales-kepa-fernandez-de-larrinoa-y-daniel-rementeria-arruza\/&#8221;][vc_empty_space][\/vc_column_inner][vc_column_inner width=&#8221;1\/5&#8243;][vc_empty_space][vc_single_image image=&#8221;31742&#8243; img_size=&#8221;full&#8221; onclick=&#8221;custom_link&#8221; link=&#8221;https:\/\/www.gernikagogoratuz.org\/portfolio-item\/el-hospital-militar-de-prisioneros-de-guerra-de-gernika-1938-1940-gernikako-gerra-presoen-ospitale-militarra-coord-amagoia-lopez-de-larruzea-zarate-koordinatzailea\/&#8221;][vc_empty_space][\/vc_column_inner][vc_column_inner width=&#8221;1\/5&#8243;][vc_empty_space][vc_single_image image=&#8221;27958&#8243; img_size=&#8221;full&#8221; onclick=&#8221;custom_link&#8221; link=&#8221;https:\/\/www.gernikagogoratuz.org\/portfolio-item\/memorialab-dialogue-memory-and-social-healing-in-the-basque-country-a-methodological-note-inigo-retolaza\/&#8221;][vc_empty_space][\/vc_column_inner][vc_column_inner width=&#8221;1\/5&#8243;][vc_empty_space][vc_single_image image=&#8221;27955&#8243; img_size=&#8221;full&#8221; onclick=&#8221;custom_link&#8221; link=&#8221;https:\/\/www.gernikagogoratuz.org\/portfolio-item\/afaloste-laboratorio-gastronomico-social\/&#8221;][vc_empty_space][\/vc_column_inner][vc_column_inner width=&#8221;1\/5&#8243;][vc_empty_space][vc_single_image image=&#8221;22459&#8243; img_size=&#8221;full&#8221; onclick=&#8221;custom_link&#8221; link=&#8221;https:\/\/www.gernikagogoratuz.org\/portfolio-item\/la-generacion-de-entornos-dialogicos-in%cc%83igo-retolaza-revista-por-la-paz-no-36-icip\/&#8221;][vc_empty_space][\/vc_column_inner][\/vc_row_inner][vc_row_inner css=&#8221;.vc_custom_1542982198398{margin-top: 30px !important;}&#8221;][vc_column_inner el_class=&#8221;.home-hacemos&#8221; width=&#8221;1\/5&#8243;][vc_empty_space][vc_single_image image=&#8221;22474&#8243; img_size=&#8221;full&#8221; onclick=&#8221;custom_link&#8221; link=&#8221;https:\/\/www.gernikagogoratuz.org\/portfolio-item\/laboratorios-para-la-construccion-social-de-memoria-en-el-pais-vasco-maria-oianguren-revista-por-la-paz-no-27-icip\/&#8221;][vc_empty_space][\/vc_column_inner][vc_column_inner width=&#8221;1\/5&#8243;][vc_empty_space][vc_single_image image=&#8221;22492&#8243; img_size=&#8221;full&#8221; onclick=&#8221;custom_link&#8221; link=&#8221;https:\/\/www.gernikagogoratuz.org\/portfolio-item\/memorialab-encuentros-ciudadanos-construccion-social-de-la-memoria\/&#8221;][vc_empty_space][\/vc_column_inner][vc_column_inner width=&#8221;1\/5&#8243;][vc_empty_space][vc_single_image image=&#8221;27962&#8243; img_size=&#8221;full&#8221; onclick=&#8221;custom_link&#8221; link=&#8221;https:\/\/www.gernikagogoratuz.org\/portfolio-item\/narrativas-de-resistencia-y-solidaridad-jornadas-antimilitaristas-y-memoria-historica-de-gernika-en-astra\/&#8221;][vc_empty_space][\/vc_column_inner][vc_column_inner width=&#8221;1\/5&#8243;][vc_empty_space][vc_single_image image=&#8221;27075&#8243; img_size=&#8221;full&#8221; onclick=&#8221;custom_link&#8221; link=&#8221;https:\/\/www.gernikagogoratuz.org\/portfolio-item\/gernika-por-la-paz-y-la-reconciliacion-joseba-gomez-y-amaia-ballesteros\/&#8221;][vc_empty_space][\/vc_column_inner][vc_column_inner width=&#8221;1\/5&#8243;][vc_empty_space][vc_single_image image=&#8221;28971&#8243; img_size=&#8221;full&#8221; onclick=&#8221;custom_link&#8221; link=&#8221;https:\/\/www.gernikagogoratuz.org\/portfolio-item\/germnika-es\/&#8221;][vc_empty_space][\/vc_column_inner][\/vc_row_inner][vc_row_inner css=&#8221;.vc_custom_1542982198398{margin-top: 30px !important;}&#8221;][vc_column_inner el_class=&#8221;.home-hacemos&#8221; width=&#8221;1\/5&#8243;][vc_empty_space][vc_single_image image=&#8221;24745&#8243; img_size=&#8221;full&#8221; onclick=&#8221;custom_link&#8221; link=&#8221;https:\/\/www.gernikagogoratuz.org\/portfolio-item\/pedagogia-de-la-memoria\/&#8221;][vc_empty_space][\/vc_column_inner][vc_column_inner width=&#8221;1\/5&#8243;][vc_empty_space][vc_single_image image=&#8221;27079&#8243; img_size=&#8221;full&#8221; onclick=&#8221;custom_link&#8221; link=&#8221;https:\/\/www.gernikagogoratuz.org\/portfolio-item\/gernika-guernica-anita-glesta\/&#8221;][vc_empty_space][\/vc_column_inner][vc_column_inner width=&#8221;1\/5&#8243;][vc_empty_space][vc_single_image image=&#8221;24906&#8243; img_size=&#8221;full&#8221; onclick=&#8221;custom_link&#8221; link=&#8221;https:\/\/www.gernikagogoratuz.org\/portfolio-item\/gernika-alemania-historia-reconciliacion\/&#8221;][vc_empty_space][\/vc_column_inner][vc_column_inner width=&#8221;1\/5&#8243;][vc_empty_space][vc_single_image image=&#8221;24909&#8243; img_size=&#8221;full&#8221; onclick=&#8221;custom_link&#8221; link=&#8221;https:\/\/www.gernikagogoratuz.org\/portfolio-item\/memoria-colectiva-del-bombardeo-gernika\/&#8221;][vc_empty_space][\/vc_column_inner][vc_column_inner width=&#8221;1\/5&#8243;][vc_empty_space][vc_empty_space][\/vc_column_inner][\/vc_row_inner][\/vc_column][\/vc_row][vc_row anchor=&#8221;educacion&#8221; css=&#8221;.vc_custom_1550001976495{margin-top: 30px !important;}&#8221;][vc_column][vc_row_inner el_id=&#8221;dossierdeprensa&#8221;][vc_column_inner][vc_empty_space height=&#8221;25px&#8221;][vc_empty_space height=&#8221;25px&#8221;][vc_column_text]<\/p>\n<h2 style=\"text-align: center;\"><strong>Press pack<br \/>\n<\/strong><\/h2>\n<p>[\/vc_column_text][\/vc_column_inner][\/vc_row_inner][vc_empty_space][vc_column_text]<\/p>\n<h3 style=\"text-align: center;\"><a href=\"https:\/\/www.gernikagogoratuz.org\/memoria-colectiva-dossier-prensa\/\"><span style=\"color: #7caa6a;\">\u00a0See the full press kit<\/span><\/a><\/h3>\n<p>[\/vc_column_text][vc_empty_space][vc_empty_space][\/vc_column][\/vc_row][vc_row][vc_column width=&#8221;1\/4&#8243;][vc_single_image image=&#8221;26814&#8243; img_size=&#8221;medium&#8221;][\/vc_column][vc_column width=&#8221;1\/4&#8243;][vc_single_image image=&#8221;26908&#8243; img_size=&#8221;medium&#8221;][\/vc_column][vc_column width=&#8221;1\/4&#8243;][vc_single_image image=&#8221;26887&#8243; img_size=&#8221;medium&#8221;][\/vc_column][vc_column width=&#8221;1\/4&#8243;][vc_single_image image=&#8221;26932&#8243; img_size=&#8221;medium&#8221;][\/vc_column][\/vc_row][vc_row][vc_column][vc_empty_space][vc_empty_space][\/vc_column][\/vc_row]<\/p>\n<\/div>","protected":false},"excerpt":{"rendered":"<p>[vc_row][vc_column][vc_empty_space][vc_single_image image=&#8221;26963&#8243; alignment=&#8221;center&#8221;][vc_empty_space][\/vc_column][\/vc_row][vc_row][vc_column width=&#8221;1\/2&#8243;][vc_empty_space][vc_column_text]The bombing of Gernika in 1937 is considered one of the first all-out war experiments and marks the commencement of civilian aerial bombings in Europe prior to the Second World War.[\/vc_column_text][\/vc_column][vc_column width=&#8221;1\/2&#8243;][vc_empty_space][vc_column_text]\u201cThe pedagogical contribution of memory studies to the construction of peaceful cohabitation allows us to unlearn the horrors of war and&#8230;<\/p>\n","protected":false},"author":5,"featured_media":0,"parent":0,"menu_order":0,"comment_status":"closed","ping_status":"closed","template":"","meta":{"inline_featured_image":false,"footnotes":""},"class_list":["post-32583","page","type-page","status-publish","hentry"],"yoast_head":"<!-- This site is optimized with the Yoast SEO plugin v27.5 - https:\/\/yoast.com\/product\/yoast-seo-wordpress\/ -->\n<title>Gernika Gogoratuz. Centro de Investigaci\u00f3n por la Paz<\/title>\n<meta name=\"description\" content=\"Investigaci\u00f3n, formaci\u00f3n y divulgaci\u00f3n de la Cultura de Paz. Gernika, Ciudad de la Paz en el Siglo XXI. Centro de Estudios por la Paz.\" \/>\n<meta name=\"robots\" content=\"index, follow, max-snippet:-1, max-image-preview:large, max-video-preview:-1\" \/>\n<link rel=\"canonical\" href=\"https:\/\/www.gernikagogoratuz.org\/en\/memory\/\" \/>\n<meta property=\"og:locale\" content=\"en_US\" \/>\n<meta property=\"og:type\" content=\"article\" \/>\n<meta property=\"og:title\" content=\"Gernika Gogoratuz. Centro de Investigaci\u00f3n por la Paz\" \/>\n<meta property=\"og:description\" content=\"Investigaci\u00f3n, formaci\u00f3n y divulgaci\u00f3n de la Cultura de Paz. Gernika, Ciudad de la Paz en el Siglo XXI. Centro de Estudios por la Paz.\" \/>\n<meta property=\"og:url\" content=\"https:\/\/www.gernikagogoratuz.org\/en\/memory\/\" \/>\n<meta property=\"og:site_name\" content=\"Gernika Gogoratuz\" \/>\n<meta property=\"article:publisher\" content=\"https:\/\/www.facebook.com\/GernikaGogoratuzFundacion\" \/>\n<meta property=\"article:modified_time\" content=\"2023-03-09T13:02:44+00:00\" \/>\n<meta name=\"twitter:card\" content=\"summary_large_image\" \/>\n<meta name=\"twitter:site\" content=\"@GGogoratuz\" \/>\n<meta name=\"twitter:label1\" content=\"Est. reading time\" \/>\n\t<meta name=\"twitter:data1\" content=\"4 minutes\" \/>\n<script type=\"application\/ld+json\" class=\"yoast-schema-graph\">{\"@context\":\"https:\\\/\\\/schema.org\",\"@graph\":[{\"@type\":\"WebPage\",\"@id\":\"https:\\\/\\\/www.gernikagogoratuz.org\\\/en\\\/memory\\\/\",\"url\":\"https:\\\/\\\/www.gernikagogoratuz.org\\\/en\\\/memory\\\/\",\"name\":\"Gernika Gogoratuz. Centro de Investigaci\u00f3n por la Paz\",\"isPartOf\":{\"@id\":\"https:\\\/\\\/www.gernikagogoratuz.org\\\/en\\\/#website\"},\"datePublished\":\"2023-03-09T12:35:55+00:00\",\"dateModified\":\"2023-03-09T13:02:44+00:00\",\"description\":\"Investigaci\u00f3n, formaci\u00f3n y divulgaci\u00f3n de la Cultura de Paz. Gernika, Ciudad de la Paz en el Siglo XXI. Centro de Estudios por la Paz.\",\"breadcrumb\":{\"@id\":\"https:\\\/\\\/www.gernikagogoratuz.org\\\/en\\\/memory\\\/#breadcrumb\"},\"inLanguage\":\"en-US\",\"potentialAction\":[{\"@type\":\"ReadAction\",\"target\":[\"https:\\\/\\\/www.gernikagogoratuz.org\\\/en\\\/memory\\\/\"]}]},{\"@type\":\"BreadcrumbList\",\"@id\":\"https:\\\/\\\/www.gernikagogoratuz.org\\\/en\\\/memory\\\/#breadcrumb\",\"itemListElement\":[{\"@type\":\"ListItem\",\"position\":1,\"name\":\"Portada\",\"item\":\"https:\\\/\\\/www.gernikagogoratuz.org\\\/en\\\/\"},{\"@type\":\"ListItem\",\"position\":2,\"name\":\"Memory\"}]},{\"@type\":\"WebSite\",\"@id\":\"https:\\\/\\\/www.gernikagogoratuz.org\\\/en\\\/#website\",\"url\":\"https:\\\/\\\/www.gernikagogoratuz.org\\\/en\\\/\",\"name\":\"Gernika Gogoratuz\",\"description\":\"Centro de investigaci\u00f3n por la paz\",\"publisher\":{\"@id\":\"https:\\\/\\\/www.gernikagogoratuz.org\\\/en\\\/#organization\"},\"potentialAction\":[{\"@type\":\"SearchAction\",\"target\":{\"@type\":\"EntryPoint\",\"urlTemplate\":\"https:\\\/\\\/www.gernikagogoratuz.org\\\/en\\\/?s={search_term_string}\"},\"query-input\":{\"@type\":\"PropertyValueSpecification\",\"valueRequired\":true,\"valueName\":\"search_term_string\"}}],\"inLanguage\":\"en-US\"},{\"@type\":\"Organization\",\"@id\":\"https:\\\/\\\/www.gernikagogoratuz.org\\\/en\\\/#organization\",\"name\":\"Gernika Gogoratuz. Centro de Investigaci\u00f3n por la Paz.\",\"url\":\"https:\\\/\\\/www.gernikagogoratuz.org\\\/en\\\/\",\"logo\":{\"@type\":\"ImageObject\",\"inLanguage\":\"en-US\",\"@id\":\"https:\\\/\\\/www.gernikagogoratuz.org\\\/en\\\/#\\\/schema\\\/logo\\\/image\\\/\",\"url\":\"https:\\\/\\\/www.gernikagogoratuz.org\\\/wp-content\\\/uploads\\\/2018\\\/10\\\/gernikagogoratuzogo_es.svg\",\"contentUrl\":\"https:\\\/\\\/www.gernikagogoratuz.org\\\/wp-content\\\/uploads\\\/2018\\\/10\\\/gernikagogoratuzogo_es.svg\",\"width\":1,\"height\":1,\"caption\":\"Gernika Gogoratuz. Centro de Investigaci\u00f3n por la Paz.\"},\"image\":{\"@id\":\"https:\\\/\\\/www.gernikagogoratuz.org\\\/en\\\/#\\\/schema\\\/logo\\\/image\\\/\"},\"sameAs\":[\"https:\\\/\\\/www.facebook.com\\\/GernikaGogoratuzFundacion\",\"https:\\\/\\\/x.com\\\/GGogoratuz\",\"https:\\\/\\\/www.youtube.com\\\/user\\\/gernikagogoratuz\\\/videos\"]}]}<\/script>\n<!-- \/ Yoast SEO plugin. -->","yoast_head_json":{"title":"Gernika Gogoratuz. Centro de Investigaci\u00f3n por la Paz","description":"Investigaci\u00f3n, formaci\u00f3n y divulgaci\u00f3n de la Cultura de Paz. Gernika, Ciudad de la Paz en el Siglo XXI. Centro de Estudios por la Paz.","robots":{"index":"index","follow":"follow","max-snippet":"max-snippet:-1","max-image-preview":"max-image-preview:large","max-video-preview":"max-video-preview:-1"},"canonical":"https:\/\/www.gernikagogoratuz.org\/en\/memory\/","og_locale":"en_US","og_type":"article","og_title":"Gernika Gogoratuz. Centro de Investigaci\u00f3n por la Paz","og_description":"Investigaci\u00f3n, formaci\u00f3n y divulgaci\u00f3n de la Cultura de Paz. Gernika, Ciudad de la Paz en el Siglo XXI. Centro de Estudios por la Paz.","og_url":"https:\/\/www.gernikagogoratuz.org\/en\/memory\/","og_site_name":"Gernika Gogoratuz","article_publisher":"https:\/\/www.facebook.com\/GernikaGogoratuzFundacion","article_modified_time":"2023-03-09T13:02:44+00:00","twitter_card":"summary_large_image","twitter_site":"@GGogoratuz","twitter_misc":{"Est. reading time":"4 minutes"},"schema":{"@context":"https:\/\/schema.org","@graph":[{"@type":"WebPage","@id":"https:\/\/www.gernikagogoratuz.org\/en\/memory\/","url":"https:\/\/www.gernikagogoratuz.org\/en\/memory\/","name":"Gernika Gogoratuz. Centro de Investigaci\u00f3n por la Paz","isPartOf":{"@id":"https:\/\/www.gernikagogoratuz.org\/en\/#website"},"datePublished":"2023-03-09T12:35:55+00:00","dateModified":"2023-03-09T13:02:44+00:00","description":"Investigaci\u00f3n, formaci\u00f3n y divulgaci\u00f3n de la Cultura de Paz. Gernika, Ciudad de la Paz en el Siglo XXI. Centro de Estudios por la Paz.","breadcrumb":{"@id":"https:\/\/www.gernikagogoratuz.org\/en\/memory\/#breadcrumb"},"inLanguage":"en-US","potentialAction":[{"@type":"ReadAction","target":["https:\/\/www.gernikagogoratuz.org\/en\/memory\/"]}]},{"@type":"BreadcrumbList","@id":"https:\/\/www.gernikagogoratuz.org\/en\/memory\/#breadcrumb","itemListElement":[{"@type":"ListItem","position":1,"name":"Portada","item":"https:\/\/www.gernikagogoratuz.org\/en\/"},{"@type":"ListItem","position":2,"name":"Memory"}]},{"@type":"WebSite","@id":"https:\/\/www.gernikagogoratuz.org\/en\/#website","url":"https:\/\/www.gernikagogoratuz.org\/en\/","name":"Gernika Gogoratuz","description":"Centro de investigaci\u00f3n por la paz","publisher":{"@id":"https:\/\/www.gernikagogoratuz.org\/en\/#organization"},"potentialAction":[{"@type":"SearchAction","target":{"@type":"EntryPoint","urlTemplate":"https:\/\/www.gernikagogoratuz.org\/en\/?s={search_term_string}"},"query-input":{"@type":"PropertyValueSpecification","valueRequired":true,"valueName":"search_term_string"}}],"inLanguage":"en-US"},{"@type":"Organization","@id":"https:\/\/www.gernikagogoratuz.org\/en\/#organization","name":"Gernika Gogoratuz. Centro de Investigaci\u00f3n por la Paz.","url":"https:\/\/www.gernikagogoratuz.org\/en\/","logo":{"@type":"ImageObject","inLanguage":"en-US","@id":"https:\/\/www.gernikagogoratuz.org\/en\/#\/schema\/logo\/image\/","url":"https:\/\/www.gernikagogoratuz.org\/wp-content\/uploads\/2018\/10\/gernikagogoratuzogo_es.svg","contentUrl":"https:\/\/www.gernikagogoratuz.org\/wp-content\/uploads\/2018\/10\/gernikagogoratuzogo_es.svg","width":1,"height":1,"caption":"Gernika Gogoratuz. Centro de Investigaci\u00f3n por la Paz."},"image":{"@id":"https:\/\/www.gernikagogoratuz.org\/en\/#\/schema\/logo\/image\/"},"sameAs":["https:\/\/www.facebook.com\/GernikaGogoratuzFundacion","https:\/\/x.com\/GGogoratuz","https:\/\/www.youtube.com\/user\/gernikagogoratuz\/videos"]}]}},"_links":{"self":[{"href":"https:\/\/www.gernikagogoratuz.org\/en\/wp-json\/wp\/v2\/pages\/32583","targetHints":{"allow":["GET"]}}],"collection":[{"href":"https:\/\/www.gernikagogoratuz.org\/en\/wp-json\/wp\/v2\/pages"}],"about":[{"href":"https:\/\/www.gernikagogoratuz.org\/en\/wp-json\/wp\/v2\/types\/page"}],"author":[{"embeddable":true,"href":"https:\/\/www.gernikagogoratuz.org\/en\/wp-json\/wp\/v2\/users\/5"}],"replies":[{"embeddable":true,"href":"https:\/\/www.gernikagogoratuz.org\/en\/wp-json\/wp\/v2\/comments?post=32583"}],"version-history":[{"count":8,"href":"https:\/\/www.gernikagogoratuz.org\/en\/wp-json\/wp\/v2\/pages\/32583\/revisions"}],"predecessor-version":[{"id":32595,"href":"https:\/\/www.gernikagogoratuz.org\/en\/wp-json\/wp\/v2\/pages\/32583\/revisions\/32595"}],"wp:attachment":[{"href":"https:\/\/www.gernikagogoratuz.org\/en\/wp-json\/wp\/v2\/media?parent=32583"}],"curies":[{"name":"wp","href":"https:\/\/api.w.org\/{rel}","templated":true}]}}