{"id":37217,"date":"2024-07-19T13:14:55","date_gmt":"2024-07-19T12:14:55","guid":{"rendered":"https:\/\/www.gernikagogoratuz.org\/?page_id=37217"},"modified":"2025-06-13T11:43:21","modified_gmt":"2025-06-13T10:43:21","slug":"memories-for-life","status":"publish","type":"page","link":"https:\/\/www.gernikagogoratuz.org\/en\/memories-for-life\/","title":{"rendered":"Memories for life"},"content":{"rendered":"<div class=\"wpb-content-wrapper\"><p>[vc_row][vc_column][vc_single_image image=&#8221;37180&#8243; img_size=&#8221;medium&#8221; alignment=&#8221;center&#8221;][\/vc_column][\/vc_row][vc_row][vc_column][vc_empty_space][vc_empty_space][vc_row_inner][vc_column_inner][vc_column_text]\u2018<strong>Memories for life: dialogues for the construction of cultures of peace in deep Colombia (2023-2024)<\/strong>\u2019 is a project being carried out by Gernika Gogoratuz Peace Research Centre, together with the <a href=\"https:\/\/www.escuelasdepaz.co\/\" target=\"_blank\" rel=\"noopener\"><strong>Schools of Peace Foundation<\/strong><\/a>, with the support of the Council of Bizkaia.<\/p>\n<p>It aims to contribute to the consolidation of cultures of peace in societies that are going through or have gone through situations of armed conflict and\/or political violence, based on scenarios of recovery of memories and truths, as well as generating a critical and reflective citizenship, and mobilising transformative actions with a focus on rights and intersectionality.<\/p>\n<p>It is a process that is linked to the <a href=\"https:\/\/www.gernikagogoratuz.org\/en\/gernika-gogoratuz-to-attend-the-presentation-of-the-final-report-of-the-truth-commission-in-colombia\/\" target=\"_blank\" rel=\"noopener\"><strong>Legacy for the appropriation of the Report of the Truth Clarification Commission (CEV)<\/strong><\/a> presented in June 2022. The project is being carried out in 6 territories in Colombia and is integrated into Exile as another territory of work.[\/vc_column_text][\/vc_column_inner][\/vc_row_inner][vc_empty_space][vc_empty_space][\/vc_column][\/vc_row][vc_row][vc_column width=&#8221;1\/5&#8243;][vc_column_text]<\/p>\n<h3><strong><span style=\"color: #7dab6a;\">BACKGROUND<\/span><\/strong><\/h3>\n<hr \/>\n<p>[\/vc_column_text][vc_empty_space][vc_single_image image=&#8221;37207&#8243; img_size=&#8221;large&#8221; onclick=&#8221;img_link_large&#8221;][vc_empty_space][\/vc_column][vc_column width=&#8221;1\/5&#8243;][vc_column_text]<\/p>\n<h3><span style=\"color: #ffffff;\"><strong>(2022-2023)<\/strong><\/span><\/h3>\n<hr \/>\n<p>[\/vc_column_text][vc_empty_space][vc_column_text]<\/p>\n<div class=\"page\" title=\"Page 9\">\n<div class=\"section\">\n<div class=\"layoutArea\">\n<div class=\"column\">\n<p>The project is inspired by the experience of Gernika Gogoratuz with the participatory methodology <a href=\"https:\/\/www.gernikagogoratuz.org\/wp-content\/uploads\/2019\/07\/MemoriaLab-encuentros-ciudadanos.pdf\" target=\"_blank\" rel=\"noopener\"><strong>MemoriaLab \u2018Spaces for the social construction of memory<\/strong><\/a>\u2019, in which the participants themselves are the driving force behind the processes and generators of knowledge.<\/p>\n<\/div>\n<\/div>\n<\/div>\n<\/div>\n<p>[\/vc_column_text][vc_empty_space][\/vc_column][vc_column width=&#8221;1\/5&#8243;][vc_column_text]<\/p>\n<h3><span style=\"color: #ffffff;\"><strong>(2022-2023)<\/strong><\/span><\/h3>\n<hr \/>\n<p>[\/vc_column_text][vc_empty_space][vc_column_text]Based on this knowledge exchange in Colombia, the <a href=\"https:\/\/www.gernikagogoratuz.org\/en\/portfolio-item\/methodological-guide-memory-and-truth-meetings-memories-of-life-2022\/\" target=\"_blank\" rel=\"noopener\"><strong>Memories for Life Guide<\/strong><\/a> was designed using a methodological tool that seeks a critical appropriation with a social sense of truth as a basis for understanding and appropriating the report of the Commission for the Clarification of the Truth (CEV) and its recommendations for coexistence and non-repetition.[\/vc_column_text][vc_empty_space][\/vc_column][vc_column width=&#8221;1\/5&#8243;][vc_column_text]<\/p>\n<h3><span style=\"color: #ffffff;\"><strong>(2022-2023)<\/strong><\/span><\/h3>\n<hr \/>\n<p>[\/vc_column_text][vc_empty_space][vc_single_image image=&#8221;37210&#8243; img_size=&#8221;large&#8221; onclick=&#8221;img_link_large&#8221;][vc_empty_space][\/vc_column][vc_column width=&#8221;1\/5&#8243;][vc_column_text]<\/p>\n<h3><span style=\"color: #ffffff;\"><strong>ANTECEDENTES\u00a0<\/strong><\/span><\/h3>\n<hr \/>\n<p>[\/vc_column_text][vc_empty_space][vc_column_text]<\/p>\n<div class=\"page\" title=\"Page 9\">\n<div class=\"section\">\n<div class=\"layoutArea\">\n<div class=\"column\">\n<p>With this tool, five regional workshops were set up to validate and provide feedback on the methodology in the departments of Caquet\u00e1, Putumayo and Boyac\u00e1 and in the territories of Soacha (Cundinamarca), Bogot\u00e1, D. C. and Sumapaz.<\/p>\n<\/div>\n<\/div>\n<\/div>\n<\/div>\n<p>[\/vc_column_text][vc_empty_space][\/vc_column][\/vc_row][vc_row][vc_column][vc_empty_space][vc_column_text]<\/p>\n<h3><strong><span style=\"color: #7dab6a;\">MEMORIES FOR LIFE (2022-2024)<\/span><\/strong><\/h3>\n<hr \/>\n<p>[\/vc_column_text][vc_empty_space][\/vc_column][\/vc_row][vc_row][vc_column width=&#8221;1\/2&#8243;][vc_empty_space][vc_column_text]<\/p>\n<h3><strong><span style=\"color: #7dab6a;\">OBJECTIVES<\/span><\/strong><\/h3>\n<hr \/>\n<p>[\/vc_column_text][vc_single_image image=&#8221;37083&#8243; img_size=&#8221;large&#8221; onclick=&#8221;img_link_large&#8221;][vc_empty_space][vc_empty_space][\/vc_column][vc_column width=&#8221;1\/2&#8243;][vc_empty_space][vc_column_text]<\/p>\n<h3><strong><span style=\"color: #7dab6a;\">APPROACHES<\/span><\/strong><\/h3>\n<hr \/>\n<p>[\/vc_column_text][vc_single_image image=&#8221;37074&#8243; img_size=&#8221;large&#8221; onclick=&#8221;img_link_large&#8221;][vc_empty_space][vc_empty_space][\/vc_column][\/vc_row][vc_row][vc_column width=&#8221;1\/2&#8243;][vc_empty_space][vc_column_text]<\/p>\n<h3><strong><span style=\"color: #7dab6a;\">WORKPLACES<\/span><\/strong><\/h3>\n<hr \/>\n<p>[\/vc_column_text][vc_single_image image=&#8221;37080&#8243; img_size=&#8221;large&#8221; onclick=&#8221;img_link_large&#8221;][vc_empty_space][vc_empty_space][\/vc_column][vc_column width=&#8221;1\/2&#8243;][vc_empty_space][vc_column_text]<\/p>\n<h3><strong><span style=\"color: #7dab6a;\">WORK AXES<\/span><\/strong><\/h3>\n<hr \/>\n<p>[\/vc_column_text][vc_single_image image=&#8221;37071&#8243; img_size=&#8221;large&#8221; onclick=&#8221;img_link_large&#8221;][vc_empty_space][vc_empty_space][\/vc_column][\/vc_row][vc_row][vc_column width=&#8221;1\/4&#8243;][vc_column_text]<\/p>\n<h3><strong><span style=\"color: #7dab6a;\">MATERIALS<\/span><\/strong><\/h3>\n<hr \/>\n<p>[\/vc_column_text][vc_empty_space][vc_single_image image=&#8221;38861&#8243; img_size=&#8221;large&#8221; onclick=&#8221;custom_link&#8221; link=&#8221;https:\/\/www.gernikagogoratuz.org\/wp-content\/uploads\/2025\/01\/Sistematizacion-MPV-Boyaca.pdf&#8221;][vc_column_text]Setting up the experience.<br \/>\nDepartment of Boyac\u00e1[\/vc_column_text][vc_empty_space][vc_empty_space][\/vc_column][vc_column width=&#8221;1\/4&#8243;][vc_column_text]<\/p>\n<h3><span style=\"color: #ffffff;\"><strong>MATERIALES<\/strong><\/span><\/h3>\n<hr \/>\n<p>[\/vc_column_text][vc_empty_space][vc_single_image image=&#8221;38864&#8243; img_size=&#8221;large&#8221; onclick=&#8221;custom_link&#8221; link=&#8221;https:\/\/www.gernikagogoratuz.org\/wp-content\/uploads\/2025\/01\/Sistematizacion-MPV-Caqueta.pdf&#8221;][vc_column_text]Setting up the experience.<br \/>\nDepartment of Caquet\u00e1[\/vc_column_text][vc_empty_space][vc_empty_space][\/vc_column][vc_column width=&#8221;1\/4&#8243;][vc_column_text]<\/p>\n<h3><span style=\"color: #ffffff;\"><strong>MATERIALES<\/strong><\/span><\/h3>\n<hr \/>\n<p>[\/vc_column_text][vc_empty_space][vc_single_image image=&#8221;38867&#8243; img_size=&#8221;large&#8221; onclick=&#8221;custom_link&#8221; link=&#8221;https:\/\/www.gernikagogoratuz.org\/wp-content\/uploads\/2025\/01\/Sistematizacion-MPV-Exilio.pdf&#8221;][vc_column_text]Setting up the experience.<br \/>\nColombia in exile.[\/vc_column_text][vc_empty_space][vc_empty_space][\/vc_column][vc_column width=&#8221;1\/4&#8243;][vc_column_text]<\/p>\n<h3><span style=\"color: #ffffff;\"><strong>MATERIALES<\/strong><\/span><\/h3>\n<hr \/>\n<p>[\/vc_column_text][vc_empty_space][vc_single_image image=&#8221;38870&#8243; img_size=&#8221;large&#8221; onclick=&#8221;custom_link&#8221; link=&#8221;https:\/\/www.gernikagogoratuz.org\/wp-content\/uploads\/2025\/01\/Sistematizacion-MPV-La-Guajira.pdf&#8221;][vc_column_text]Setting up the experience.<br \/>\nDepartment of La Guajira[\/vc_column_text][vc_empty_space][vc_empty_space][\/vc_column][\/vc_row][vc_row][vc_column width=&#8221;1\/4&#8243;][vc_empty_space][vc_single_image image=&#8221;38873&#8243; img_size=&#8221;large&#8221; onclick=&#8221;custom_link&#8221; link=&#8221;https:\/\/www.gernikagogoratuz.org\/wp-content\/uploads\/2025\/01\/Sistematizacion-MPV-Putumayo.pdf&#8221;][vc_column_text]Setting up the experience.<br \/>\nDepartment of Putumayo[\/vc_column_text][vc_empty_space][vc_empty_space][\/vc_column][vc_column width=&#8221;1\/4&#8243;][vc_empty_space][vc_single_image image=&#8221;38876&#8243; img_size=&#8221;large&#8221; onclick=&#8221;custom_link&#8221; link=&#8221;https:\/\/www.gernikagogoratuz.org\/wp-content\/uploads\/2025\/01\/Sistematizacion-MPV-Suacha.pdf&#8221;][vc_column_text]Setting up the experience.<br \/>\nBogot\u00e1-Suacha[\/vc_column_text][vc_empty_space][vc_empty_space][\/vc_column][vc_column width=&#8221;1\/4&#8243;][vc_empty_space][vc_single_image image=&#8221;38879&#8243; img_size=&#8221;large&#8221; onclick=&#8221;custom_link&#8221; link=&#8221;https:\/\/www.gernikagogoratuz.org\/wp-content\/uploads\/2025\/01\/Sistematizacion-MPV-Sumapaz.pdf&#8221;][vc_column_text]Setting up the experience.<br \/>\nSumapaz region[\/vc_column_text][vc_empty_space][vc_empty_space][\/vc_column][vc_column width=&#8221;1\/4&#8243;][vc_empty_space][vc_empty_space][vc_empty_space][\/vc_column][\/vc_row][vc_row][vc_column width=&#8221;1\/4&#8243;][vc_empty_space][vc_single_image image=&#8221;32208&#8243; img_size=&#8221;large&#8221; onclick=&#8221;custom_link&#8221; link=&#8221;https:\/\/www.gernikagogoratuz.org\/portfolio-item\/guia-metodologica-memorias-vida\/&#8221;][vc_column_text]Download the methodological guide[\/vc_column_text][vc_empty_space][\/vc_column][vc_column width=&#8221;1\/4&#8243;][vc_empty_space][vc_single_image image=&#8221;37185&#8243; img_size=&#8221;large&#8221; onclick=&#8221;custom_link&#8221; link=&#8221;https:\/\/www.gernikagogoratuz.org\/wp-content\/uploads\/2024\/07\/Memorias-para-la-vida.pdf&#8221;][vc_column_text]Download the project summary[\/vc_column_text][vc_empty_space][vc_empty_space][\/vc_column][vc_column width=&#8221;1\/4&#8243;][vc_empty_space][vc_single_image image=&#8221;37188&#8243; img_size=&#8221;large&#8221; onclick=&#8221;custom_link&#8221; link=&#8221;https:\/\/youtu.be\/R1FdzColf0k&#8221;][vc_column_text]Watch the video summary of the project[\/vc_column_text][vc_empty_space][vc_empty_space][\/vc_column][vc_column width=&#8221;1\/4&#8243;][vc_empty_space][vc_empty_space][vc_empty_space][\/vc_column][\/vc_row][vc_row][vc_column width=&#8221;1\/4&#8243;][vc_column_text]<\/p>\n<h3><strong><span style=\"color: #7dab6a;\">NEWS<\/span><\/strong><\/h3>\n<hr \/>\n<p>[\/vc_column_text][vc_empty_space][vc_single_image image=&#8221;39928&#8243; img_size=&#8221;large&#8221; onclick=&#8221;custom_link&#8221; img_link_target=&#8221;_blank&#8221; css=&#8221;&#8221; link=&#8221;https:\/\/www.facebook.com\/escuelasdepaz\/videos\/577076255311753&#8243;][vc_column_text css=&#8221;&#8221;]Conversatory \u2018Advances of the Legacy and the recommendations of the Truth Commission\u2019.<br \/>\nJanuary 2025[\/vc_column_text][vc_empty_space][vc_empty_space][\/vc_column][vc_column width=&#8221;1\/4&#8243;][vc_column_text]<\/p>\n<h3><span style=\"color: #ffffff;\"><strong>NOTICIAS<\/strong><\/span><\/h3>\n<hr \/>\n<p>[\/vc_column_text][vc_empty_space][vc_single_image image=&#8221;39937&#8243; img_size=&#8221;large&#8221; onclick=&#8221;custom_link&#8221; img_link_target=&#8221;_blank&#8221; css=&#8221;&#8221; link=&#8221;https:\/\/www.facebook.com\/share\/v\/1BVdhmy9d8\/%20&#8243;][vc_column_text css=&#8221;&#8221;]Conversatory \u2018Nature as a victim of war: Women and the Environment\u2019.<br \/>\nOctober 2024[\/vc_column_text][vc_empty_space][vc_empty_space][\/vc_column][vc_column width=&#8221;1\/4&#8243;][vc_column_text]<\/p>\n<h3><span style=\"color: #ffffff;\"><strong>NOTICIAS<\/strong><\/span><\/h3>\n<hr \/>\n<p>[\/vc_column_text][vc_empty_space][vc_single_image image=&#8221;39931&#8243; img_size=&#8221;large&#8221; onclick=&#8221;custom_link&#8221; img_link_target=&#8221;_blank&#8221; css=&#8221;&#8221; link=&#8221;https:\/\/www.facebook.com\/escuelasdepaz\/videos\/1663910407761753\/?rdid=zaDykJFhvLlI9y41&#8243;][vc_column_text css=&#8221;&#8221;]Conversatory &#8220;The truth is a rainbow&#8217;<br \/>\nJuly 2024[\/vc_column_text][vc_empty_space][vc_empty_space][\/vc_column][vc_column width=&#8221;1\/4&#8221;][vc_column_text]<\/p>\n<h3><span style=\"color: #ffffff;\"><strong>NOTICIAS<\/strong><\/span><\/h3>\n<hr \/>\n<p>[\/vc_column_text][vc_empty_space][vc_single_image image=&#8221;37202&#8243; img_size=&#8221;large&#8221; onclick=&#8221;custom_link&#8221; img_link_target=&#8221;_blank&#8221; link=&#8221;https:\/\/x.com\/GGogoratuz\/status\/1810935847857922177\/photo\/2&#8243;][vc_column_text]Workshop at the Casa de Defensoras in Basoa Artea.<br \/>\nJune 2024[\/vc_column_text][vc_empty_space][vc_empty_space][\/vc_column][\/vc_row][vc_row][vc_column width=&#8221;1\/4&#8243;][vc_column_text]<\/p>\n<h3><span style=\"color: #ffffff;\"><strong>NOTICIAS<\/strong><\/span><\/h3>\n<hr \/>\n<p>[\/vc_column_text][vc_empty_space][vc_single_image image=&#8221;39934&#8243; img_size=&#8221;large&#8221; onclick=&#8221;custom_link&#8221; img_link_target=&#8221;_blank&#8221; css=&#8221;&#8221; link=&#8221;https:\/\/www.facebook.com\/escuelasdepaz\/videos\/970806314214288\/?rdid=DkKuIGI57OCR9CdA&#8221;][vc_column_text css=&#8221;&#8221;]Conversatory \u2018My body is the truth\u2019.<br \/>\nMay 2024[\/vc_column_text][vc_empty_space][vc_empty_space][\/vc_column][vc_column width=&#8221;1\/4&#8243;][vc_column_text]<\/p>\n<h3><span style=\"color: #ffffff;\"><strong>NOTICIAS<\/strong><\/span><\/h3>\n<hr \/>\n<p>[\/vc_column_text][vc_empty_space][vc_single_image image=&#8221;37113&#8243; img_size=&#8221;large&#8221; onclick=&#8221;custom_link&#8221; img_link_target=&#8221;_blank&#8221; link=&#8221;https:\/\/www.facebook.com\/escuelasdepaz\/posts\/pfbid02iecGnFjs7jwPQjLTA8V7v5oMkGh4YafucJBkXjUPoctoKNFpWJqMzHx24SBK6xHgl&#8221;][vc_column_text]Workshop in Puerto Boyaca.<br \/>\nMarch 2024[\/vc_column_text][vc_empty_space][vc_empty_space][\/vc_column][vc_column width=&#8221;1\/4&#8243;][vc_column_text]<\/p>\n<h3><span style=\"color: #ffffff;\"><strong>NOTICIAS<\/strong><\/span><\/h3>\n<hr \/>\n<p>[\/vc_column_text][vc_empty_space][vc_single_image image=&#8221;37119&#8243; img_size=&#8221;large&#8221; onclick=&#8221;custom_link&#8221; img_link_target=&#8221;_blank&#8221; link=&#8221;https:\/\/www.facebook.com\/100064955011164\/posts\/786486870193140\/?mibextid=xfxF2i&amp;rdid=ocAGk3utWHEJxxJq&#8221;][vc_column_text]Workshop in Ci\u00e9nega.<br \/>\nMarch 2024[\/vc_column_text][vc_empty_space][vc_empty_space][\/vc_column][vc_column width=&#8221;1\/4&#8243;][vc_column_text]<\/p>\n<h3><span style=\"color: #ffffff;\"><strong>NOTICIAS<\/strong><\/span><\/h3>\n<hr \/>\n<p>[\/vc_column_text][vc_empty_space][vc_single_image image=&#8221;37116&#8243; img_size=&#8221;large&#8221; onclick=&#8221;custom_link&#8221; img_link_target=&#8221;_blank&#8221; link=&#8221;https:\/\/www.facebook.com\/escuelasdepaz\/posts\/pfbid0QFQfV1NNXMiFYS4jfuHv743sFtGRENSw6DC2eYsafPpULW4PLJDjYUGnqEUEiTPtl&#8221;][vc_column_text]Workshop in El Doncello, Caquet\u00e1.<br \/>\nFebruary 2024[\/vc_column_text][vc_empty_space][vc_empty_space][\/vc_column][\/vc_row][vc_row][vc_column][vc_column_text]<strong>Images provided by Fundaci\u00f3n Escuelas de Paz (Colombia).<\/strong>[\/vc_column_text][vc_empty_space][vc_empty_space][\/vc_column][\/vc_row][vc_row][vc_column width=&#8221;1\/4&#8243;][vc_column_text css=&#8221;&#8221;]<\/p>\n<h3><strong><span style=\"color: #7dab6a;\">MEDIA<\/span><\/strong><\/h3>\n<hr \/>\n<p>[\/vc_column_text][vc_empty_space][vc_single_image image=&#8221;39223&#8243; img_size=&#8221;large&#8221; onclick=&#8221;custom_link&#8221; link=&#8221;https:\/\/youtu.be\/NN4xAqYlak4?si=Fn2oPFQTpkIahJ2S&#8221;][vc_column_text]Photography exhibition \u00abRecon\u00f3ceme. La Colombia exiliada en Euskadi\u00bb.<br \/>\nDownload the interview with Mar\u00eda Oianguren.<br \/>\nOizmendi TB.[\/vc_column_text][vc_empty_space][vc_empty_space][\/vc_column][vc_column width=&#8221;1\/4&#8243;][vc_column_text]<\/p>\n<h3><span style=\"color: #ffffff;\"><strong>NOTICIAS<\/strong><\/span><\/h3>\n<hr \/>\n<p>[\/vc_column_text][vc_empty_space][vc_single_image image=&#8221;39922&#8243; img_size=&#8221;large&#8221; onclick=&#8221;custom_link&#8221; img_link_target=&#8221;_blank&#8221; css=&#8221;&#8221; link=&#8221;https:\/\/www.elcorreo.com\/bizkaia\/costa\/imagenes-reconocer-colombia-exiliada-euskadi-20241106130350-nt.html&#8221;][vc_column_text css=&#8221;&#8221;]Images to recognise Colombia in exile in the Basque Country<br \/>\nEl Correo. November 2024[\/vc_column_text][vc_empty_space][vc_empty_space][\/vc_column][vc_column width=&#8221;1\/4&#8243;][vc_column_text]<\/p>\n<h3><span style=\"color: #ffffff;\"><strong>NOTICIAS<\/strong><\/span><\/h3>\n<hr \/>\n<p>[\/vc_column_text][vc_empty_space][vc_single_image image=&#8221;39925&#8243; img_size=&#8221;large&#8221; onclick=&#8221;custom_link&#8221; img_link_target=&#8221;_blank&#8221; css=&#8221;&#8221; link=&#8221;https:\/\/busturialdea.hitza.eus\/2024\/11\/05\/kolonbiar-erbesteratuen-testigantzak-bilduz\/&#8221;][vc_column_text css=&#8221;&#8221;]Collecting testimonies of Colombian exiles<br \/>\nLa palabra. November 2024[\/vc_column_text][vc_empty_space][vc_empty_space][\/vc_column][vc_column width=&#8221;1\/4&#8243;][vc_column_text css=&#8221;&#8221;]<\/p>\n<h3><strong><span style=\"color: #7dab6a;\">SOCIAL MEDIA<\/span><\/strong><\/h3>\n<hr \/>\n<p>[\/vc_column_text][vc_empty_space][vc_single_image image=&#8221;39946&#8243; img_size=&#8221;large&#8221; onclick=&#8221;custom_link&#8221; img_link_target=&#8221;_blank&#8221; css=&#8221;&#8221; link=&#8221;https:\/\/www.gernikagogoratuz.org\/wp-content\/uploads\/2025\/05\/Redes-sociales-evento-final.pdf&#8221;][vc_column_text css=&#8221;&#8221;]Publications on Social Networks.<br \/>\nInstagram and Facebook.[\/vc_column_text][vc_empty_space][vc_empty_space][\/vc_column][\/vc_row][vc_row][vc_column width=&#8221;1\/2&#8243;][vc_column_text]<\/p>\n<h3><strong><span style=\"color: #7dab6a;\">PARTNERSHIPS<\/span><\/strong><\/h3>\n<hr \/>\n<p>[\/vc_column_text][vc_empty_space][vc_single_image image=&#8221;37168&#8243; img_size=&#8221;large&#8221; onclick=&#8221;custom_link&#8221; link=&#8221;https:\/\/www.escuelasdepaz.co\/&#8221;][vc_empty_space][\/vc_column][vc_column width=&#8221;1\/2&#8243;][vc_column_text]<\/p>\n<h3><strong><span style=\"color: #7dab6a;\">PROJECT FINANCED BY<\/span><\/strong><\/h3>\n<hr \/>\n<p>[\/vc_column_text][vc_empty_space][vc_single_image image=&#8221;37173&#8243; img_size=&#8221;large&#8221;][vc_empty_space][\/vc_column][\/vc_row]<\/p>\n<\/div>","protected":false},"excerpt":{"rendered":"<p>[vc_row][vc_column][vc_single_image image=&#8221;37180&#8243; img_size=&#8221;medium&#8221; alignment=&#8221;center&#8221;][\/vc_column][\/vc_row][vc_row][vc_column][vc_empty_space][vc_empty_space][vc_row_inner][vc_column_inner][vc_column_text]\u2018Memories for life: dialogues for the construction of cultures of peace in deep Colombia (2023-2024)\u2019 is a project being carried out by Gernika Gogoratuz Peace Research Centre, together with the Schools of Peace Foundation, with the support of the Council of Bizkaia. It aims to contribute to the consolidation of cultures of&#8230;<\/p>\n","protected":false},"author":5,"featured_media":0,"parent":0,"menu_order":0,"comment_status":"closed","ping_status":"closed","template":"","meta":{"inline_featured_image":false,"footnotes":""},"class_list":["post-37217","page","type-page","status-publish","hentry"],"yoast_head":"<!-- This site is optimized with the Yoast SEO plugin v27.4 - https:\/\/yoast.com\/product\/yoast-seo-wordpress\/ -->\n<title>Gernika Gogoratuz. Centro de Investigaci\u00f3n por la Paz<\/title>\n<meta name=\"description\" content=\"Investigaci\u00f3n, formaci\u00f3n y divulgaci\u00f3n de la Cultura de Paz. Gernika, Ciudad de la Paz en el Siglo XXI. Centro de Estudios por la Paz.\" \/>\n<meta name=\"robots\" content=\"index, follow, max-snippet:-1, max-image-preview:large, max-video-preview:-1\" \/>\n<link rel=\"canonical\" href=\"https:\/\/www.gernikagogoratuz.org\/en\/memories-for-life\/\" \/>\n<meta property=\"og:locale\" content=\"en_US\" \/>\n<meta property=\"og:type\" content=\"article\" \/>\n<meta property=\"og:title\" content=\"Gernika Gogoratuz. Centro de Investigaci\u00f3n por la Paz\" \/>\n<meta property=\"og:description\" content=\"Investigaci\u00f3n, formaci\u00f3n y divulgaci\u00f3n de la Cultura de Paz. Gernika, Ciudad de la Paz en el Siglo XXI. Centro de Estudios por la Paz.\" \/>\n<meta property=\"og:url\" content=\"https:\/\/www.gernikagogoratuz.org\/en\/memories-for-life\/\" \/>\n<meta property=\"og:site_name\" content=\"Gernika Gogoratuz\" \/>\n<meta property=\"article:publisher\" content=\"https:\/\/www.facebook.com\/GernikaGogoratuzFundacion\" \/>\n<meta property=\"article:modified_time\" content=\"2025-06-13T10:43:21+00:00\" \/>\n<meta name=\"twitter:card\" content=\"summary_large_image\" \/>\n<meta name=\"twitter:site\" content=\"@GGogoratuz\" \/>\n<meta name=\"twitter:label1\" content=\"Est. reading time\" \/>\n\t<meta name=\"twitter:data1\" content=\"10 minutes\" \/>\n<script type=\"application\/ld+json\" class=\"yoast-schema-graph\">{\"@context\":\"https:\\\/\\\/schema.org\",\"@graph\":[{\"@type\":\"WebPage\",\"@id\":\"https:\\\/\\\/www.gernikagogoratuz.org\\\/en\\\/memories-for-life\\\/\",\"url\":\"https:\\\/\\\/www.gernikagogoratuz.org\\\/en\\\/memories-for-life\\\/\",\"name\":\"Gernika Gogoratuz. Centro de Investigaci\u00f3n por la Paz\",\"isPartOf\":{\"@id\":\"https:\\\/\\\/www.gernikagogoratuz.org\\\/en\\\/#website\"},\"datePublished\":\"2024-07-19T12:14:55+00:00\",\"dateModified\":\"2025-06-13T10:43:21+00:00\",\"description\":\"Investigaci\u00f3n, formaci\u00f3n y divulgaci\u00f3n de la Cultura de Paz. Gernika, Ciudad de la Paz en el Siglo XXI. Centro de Estudios por la Paz.\",\"breadcrumb\":{\"@id\":\"https:\\\/\\\/www.gernikagogoratuz.org\\\/en\\\/memories-for-life\\\/#breadcrumb\"},\"inLanguage\":\"en-US\",\"potentialAction\":[{\"@type\":\"ReadAction\",\"target\":[\"https:\\\/\\\/www.gernikagogoratuz.org\\\/en\\\/memories-for-life\\\/\"]}]},{\"@type\":\"BreadcrumbList\",\"@id\":\"https:\\\/\\\/www.gernikagogoratuz.org\\\/en\\\/memories-for-life\\\/#breadcrumb\",\"itemListElement\":[{\"@type\":\"ListItem\",\"position\":1,\"name\":\"Portada\",\"item\":\"https:\\\/\\\/www.gernikagogoratuz.org\\\/en\\\/\"},{\"@type\":\"ListItem\",\"position\":2,\"name\":\"Memories for life\"}]},{\"@type\":\"WebSite\",\"@id\":\"https:\\\/\\\/www.gernikagogoratuz.org\\\/en\\\/#website\",\"url\":\"https:\\\/\\\/www.gernikagogoratuz.org\\\/en\\\/\",\"name\":\"Gernika Gogoratuz\",\"description\":\"Centro de investigaci\u00f3n por la paz\",\"publisher\":{\"@id\":\"https:\\\/\\\/www.gernikagogoratuz.org\\\/en\\\/#organization\"},\"potentialAction\":[{\"@type\":\"SearchAction\",\"target\":{\"@type\":\"EntryPoint\",\"urlTemplate\":\"https:\\\/\\\/www.gernikagogoratuz.org\\\/en\\\/?s={search_term_string}\"},\"query-input\":{\"@type\":\"PropertyValueSpecification\",\"valueRequired\":true,\"valueName\":\"search_term_string\"}}],\"inLanguage\":\"en-US\"},{\"@type\":\"Organization\",\"@id\":\"https:\\\/\\\/www.gernikagogoratuz.org\\\/en\\\/#organization\",\"name\":\"Gernika Gogoratuz. Centro de Investigaci\u00f3n por la Paz.\",\"url\":\"https:\\\/\\\/www.gernikagogoratuz.org\\\/en\\\/\",\"logo\":{\"@type\":\"ImageObject\",\"inLanguage\":\"en-US\",\"@id\":\"https:\\\/\\\/www.gernikagogoratuz.org\\\/en\\\/#\\\/schema\\\/logo\\\/image\\\/\",\"url\":\"https:\\\/\\\/www.gernikagogoratuz.org\\\/wp-content\\\/uploads\\\/2018\\\/10\\\/gernikagogoratuzogo_es.svg\",\"contentUrl\":\"https:\\\/\\\/www.gernikagogoratuz.org\\\/wp-content\\\/uploads\\\/2018\\\/10\\\/gernikagogoratuzogo_es.svg\",\"width\":1,\"height\":1,\"caption\":\"Gernika Gogoratuz. Centro de Investigaci\u00f3n por la Paz.\"},\"image\":{\"@id\":\"https:\\\/\\\/www.gernikagogoratuz.org\\\/en\\\/#\\\/schema\\\/logo\\\/image\\\/\"},\"sameAs\":[\"https:\\\/\\\/www.facebook.com\\\/GernikaGogoratuzFundacion\",\"https:\\\/\\\/x.com\\\/GGogoratuz\",\"https:\\\/\\\/www.youtube.com\\\/user\\\/gernikagogoratuz\\\/videos\"]}]}<\/script>\n<!-- \/ Yoast SEO plugin. -->","yoast_head_json":{"title":"Gernika Gogoratuz. Centro de Investigaci\u00f3n por la Paz","description":"Investigaci\u00f3n, formaci\u00f3n y divulgaci\u00f3n de la Cultura de Paz. Gernika, Ciudad de la Paz en el Siglo XXI. Centro de Estudios por la Paz.","robots":{"index":"index","follow":"follow","max-snippet":"max-snippet:-1","max-image-preview":"max-image-preview:large","max-video-preview":"max-video-preview:-1"},"canonical":"https:\/\/www.gernikagogoratuz.org\/en\/memories-for-life\/","og_locale":"en_US","og_type":"article","og_title":"Gernika Gogoratuz. Centro de Investigaci\u00f3n por la Paz","og_description":"Investigaci\u00f3n, formaci\u00f3n y divulgaci\u00f3n de la Cultura de Paz. Gernika, Ciudad de la Paz en el Siglo XXI. Centro de Estudios por la Paz.","og_url":"https:\/\/www.gernikagogoratuz.org\/en\/memories-for-life\/","og_site_name":"Gernika Gogoratuz","article_publisher":"https:\/\/www.facebook.com\/GernikaGogoratuzFundacion","article_modified_time":"2025-06-13T10:43:21+00:00","twitter_card":"summary_large_image","twitter_site":"@GGogoratuz","twitter_misc":{"Est. reading time":"10 minutes"},"schema":{"@context":"https:\/\/schema.org","@graph":[{"@type":"WebPage","@id":"https:\/\/www.gernikagogoratuz.org\/en\/memories-for-life\/","url":"https:\/\/www.gernikagogoratuz.org\/en\/memories-for-life\/","name":"Gernika Gogoratuz. Centro de Investigaci\u00f3n por la Paz","isPartOf":{"@id":"https:\/\/www.gernikagogoratuz.org\/en\/#website"},"datePublished":"2024-07-19T12:14:55+00:00","dateModified":"2025-06-13T10:43:21+00:00","description":"Investigaci\u00f3n, formaci\u00f3n y divulgaci\u00f3n de la Cultura de Paz. Gernika, Ciudad de la Paz en el Siglo XXI. Centro de Estudios por la Paz.","breadcrumb":{"@id":"https:\/\/www.gernikagogoratuz.org\/en\/memories-for-life\/#breadcrumb"},"inLanguage":"en-US","potentialAction":[{"@type":"ReadAction","target":["https:\/\/www.gernikagogoratuz.org\/en\/memories-for-life\/"]}]},{"@type":"BreadcrumbList","@id":"https:\/\/www.gernikagogoratuz.org\/en\/memories-for-life\/#breadcrumb","itemListElement":[{"@type":"ListItem","position":1,"name":"Portada","item":"https:\/\/www.gernikagogoratuz.org\/en\/"},{"@type":"ListItem","position":2,"name":"Memories for life"}]},{"@type":"WebSite","@id":"https:\/\/www.gernikagogoratuz.org\/en\/#website","url":"https:\/\/www.gernikagogoratuz.org\/en\/","name":"Gernika Gogoratuz","description":"Centro de investigaci\u00f3n por la paz","publisher":{"@id":"https:\/\/www.gernikagogoratuz.org\/en\/#organization"},"potentialAction":[{"@type":"SearchAction","target":{"@type":"EntryPoint","urlTemplate":"https:\/\/www.gernikagogoratuz.org\/en\/?s={search_term_string}"},"query-input":{"@type":"PropertyValueSpecification","valueRequired":true,"valueName":"search_term_string"}}],"inLanguage":"en-US"},{"@type":"Organization","@id":"https:\/\/www.gernikagogoratuz.org\/en\/#organization","name":"Gernika Gogoratuz. Centro de Investigaci\u00f3n por la Paz.","url":"https:\/\/www.gernikagogoratuz.org\/en\/","logo":{"@type":"ImageObject","inLanguage":"en-US","@id":"https:\/\/www.gernikagogoratuz.org\/en\/#\/schema\/logo\/image\/","url":"https:\/\/www.gernikagogoratuz.org\/wp-content\/uploads\/2018\/10\/gernikagogoratuzogo_es.svg","contentUrl":"https:\/\/www.gernikagogoratuz.org\/wp-content\/uploads\/2018\/10\/gernikagogoratuzogo_es.svg","width":1,"height":1,"caption":"Gernika Gogoratuz. Centro de Investigaci\u00f3n por la Paz."},"image":{"@id":"https:\/\/www.gernikagogoratuz.org\/en\/#\/schema\/logo\/image\/"},"sameAs":["https:\/\/www.facebook.com\/GernikaGogoratuzFundacion","https:\/\/x.com\/GGogoratuz","https:\/\/www.youtube.com\/user\/gernikagogoratuz\/videos"]}]}},"_links":{"self":[{"href":"https:\/\/www.gernikagogoratuz.org\/en\/wp-json\/wp\/v2\/pages\/37217","targetHints":{"allow":["GET"]}}],"collection":[{"href":"https:\/\/www.gernikagogoratuz.org\/en\/wp-json\/wp\/v2\/pages"}],"about":[{"href":"https:\/\/www.gernikagogoratuz.org\/en\/wp-json\/wp\/v2\/types\/page"}],"author":[{"embeddable":true,"href":"https:\/\/www.gernikagogoratuz.org\/en\/wp-json\/wp\/v2\/users\/5"}],"replies":[{"embeddable":true,"href":"https:\/\/www.gernikagogoratuz.org\/en\/wp-json\/wp\/v2\/comments?post=37217"}],"version-history":[{"count":8,"href":"https:\/\/www.gernikagogoratuz.org\/en\/wp-json\/wp\/v2\/pages\/37217\/revisions"}],"predecessor-version":[{"id":40111,"href":"https:\/\/www.gernikagogoratuz.org\/en\/wp-json\/wp\/v2\/pages\/37217\/revisions\/40111"}],"wp:attachment":[{"href":"https:\/\/www.gernikagogoratuz.org\/en\/wp-json\/wp\/v2\/media?parent=37217"}],"curies":[{"name":"wp","href":"https:\/\/api.w.org\/{rel}","templated":true}]}}