{"id":38195,"date":"2024-10-04T11:24:31","date_gmt":"2024-10-04T10:24:31","guid":{"rendered":"https:\/\/www.gernikagogoratuz.org\/?page_id=38195"},"modified":"2026-08-31T10:05:51","modified_gmt":"2026-08-31T09:05:51","slug":"territories-for-life","status":"publish","type":"page","link":"https:\/\/www.gernikagogoratuz.org\/en\/territories-for-life\/","title":{"rendered":"Territories for life. Phase II."},"content":{"rendered":"<div class=\"wpb-content-wrapper\"><p>[vc_row][vc_column][vc_single_image image=&#8221;37348&#8243; alignment=&#8221;center&#8221;][\/vc_column][\/vc_row][vc_row][vc_column][vc_empty_space][vc_row_inner][vc_column_inner][vc_column_text css=&#8221;&#8221;]\u2018<strong>Territories for Life \u2013 Phase II \u2013 Community Action: Promoting critical dialogue and raising awareness for human wellbeing, environmental sustainability and social cohesion<\/strong>\u2019 is a project carried out in partnership with <strong>Gernikatik Mundura<\/strong>, funded by the Provincial Council of Bizkaia.<\/p>\n<p>The project falls within the field of <strong>Education for Social Transformation<\/strong> and is based on a critical analysis of the so-called \u2018capital\u2013life conflicts\u2019, understood as manifestations of a capitalist, heteropatriarchal and colonial political-economic model that prioritises economic growth over the sustainability of life, thereby exacerbating social inequalities, environmental degradation and tensions within territories.[\/vc_column_text][\/vc_column_inner][\/vc_row_inner][vc_empty_space][\/vc_column][\/vc_row][vc_row][vc_column width=&#8221;1\/4&#8243;][vc_column_text css=&#8221;&#8221;]<\/p>\n<h3><strong><span style=\"color: #7dab6a;\">BACKGROUND <\/span><\/strong><\/h3>\n<hr \/>\n<p>[\/vc_column_text][vc_empty_space][vc_single_image image=&#8221;37398&#8243; img_size=&#8221;large&#8221; onclick=&#8221;custom_link&#8221; link=&#8221;https:\/\/territoriolab.org\/&#8221;][vc_empty_space][\/vc_column][vc_column width=&#8221;1\/4&#8243;][vc_column_text]<\/p>\n<h3><span style=\"color: #ffffff;\"><strong>(2022-2023)<\/strong><\/span><\/h3>\n<hr \/>\n<p>[\/vc_column_text][vc_empty_space][vc_column_text css=&#8221;&#8221;]<\/p>\n<div class=\"page\" title=\"Page 9\">\n<div class=\"section\">\n<div class=\"layoutArea\">\n<div class=\"column\">\n<p>The project <a href=\"https:\/\/www.gernikagogoratuz.org\/en\/territories-conflict\/\" target=\"_blank\" rel=\"noopener\"><strong>Territories in Conflict<\/strong><\/a> of Gernika Gogoratuz in consortium with <strong><a href=\"https:\/\/gernikatikmundura.wordpress.com\/\" target=\"_blank\" rel=\"noopener\">Gernikatik Mundura<\/a>\u00a0<\/strong>to promote a process of research, training, action and advocacy in relation to the impact that the hegemonic neoliberal and patriarchal model, and its main agents, the transnational companies, have on the territories (two phases 2018-2019 \/ 2020-2021).<\/p>\n<\/div>\n<\/div>\n<\/div>\n<\/div>\n<p>[\/vc_column_text][vc_empty_space][\/vc_column][vc_column width=&#8221;1\/4&#8243;][vc_column_text]<\/p>\n<h3><span style=\"color: #ffffff;\"><strong>(2022-2023)<\/strong><\/span><\/h3>\n<hr \/>\n<p>[\/vc_column_text][vc_empty_space][vc_single_image image=&#8221;37402&#8243; img_size=&#8221;large&#8221; onclick=&#8221;custom_link&#8221; link=&#8221;https:\/\/territoriolab.org\/gereizpetatik-11-izpi\/&#8221;][vc_empty_space][\/vc_column][vc_column width=&#8221;1\/4&#8243;][vc_column_text]<\/p>\n<h3><span style=\"color: #ffffff;\"><strong>(2022-2023)<\/strong><\/span><\/h3>\n<hr \/>\n<p>[\/vc_column_text][vc_empty_space][vc_column_text css=&#8221;&#8221;]In addition, the project \u2018<strong>Gereizpetatik 11 Izpi: Empowered voices in action collectively weaving life alternatives<\/strong>\u2019 is being launched by Gernikatik Mundura in consortium with Gernika Gogoratuz, focusing its actions on two territories, Cajamarca and Urdaibai (two phases 2020-2022 \/ 2022-2024).[\/vc_column_text][vc_empty_space][\/vc_column][\/vc_row][vc_row][vc_column][vc_column_text css=&#8221;&#8221;]<\/p>\n<h3><strong><span style=\"color: #7dab6a;\">TERRITORIES FOR LIFE. PHASE I. (2023-2024)<\/span><\/strong><\/h3>\n<hr \/>\n<p>[\/vc_column_text][vc_empty_space][\/vc_column][\/vc_row][vc_row][vc_column][vc_column_text css=&#8221;&#8221;]In partnership with <strong>Gernikatik Mundura<\/strong>, the project helps to foster a critical and mobilising awareness of the impact of neoliberal capitalist policies, heteropatriarchy and racism, through the exchange of knowledge across different contexts and the production of educational materials for the local-global development of territories that are sustainable with life and nature (first phase 2023\u20132024) .[\/vc_column_text][vc_empty_space][\/vc_column][\/vc_row][vc_row][vc_column][vc_column_text css=&#8221;&#8221;]<\/p>\n<h3><strong><span style=\"color: #7dab6a;\">TERRITORIES FOR LIFE. PHASE II. (2025-2026)<\/span><\/strong><\/h3>\n<hr \/>\n<p>[\/vc_column_text][vc_empty_space][\/vc_column][\/vc_row][vc_row][vc_column][vc_column_text css=&#8221;&#8221;]Its aim is to contribute to a <strong>sustainable future in Busturialdea-Urdaibai<\/strong> by promoting a culture of multi-stakeholder and multi-level dialogue and strengthening local governance as tools for managing conflicts and collectively building a territory that places life and the care of nature at its centre.<\/p>\n<p>Within this framework, the project seeks to:<br \/>\n\u2022 Empower local social and community actors so that they can influence public debates on the future of the region.<br \/>\n\u2022 Promote spaces for dialogue and partnerships between diverse actors at different levels, integrating local perspectives and global dynamics.<br \/>\n\u2022 To produce and disseminate critical and proactive knowledge that contributes to imagining and building alternative ways of inhabiting the territory, with the sustainability of life and the planet at the centre.[\/vc_column_text][vc_empty_space][\/vc_column][\/vc_row][vc_row][vc_column][vc_column_text css=&#8221;&#8221;]<\/p>\n<h3><strong><span style=\"color: #7dab6a;\">RESOURCES<\/span><\/strong><\/h3>\n<hr \/>\n<p>[\/vc_column_text][vc_empty_space][\/vc_column][\/vc_row][vc_row][vc_column width=&#8221;1\/4&#8243;][vc_empty_space][vc_single_image image=&#8221;40410&#8243; img_size=&#8221;large&#8221; onclick=&#8221;custom_link&#8221; img_link_target=&#8221;_blank&#8221; css=&#8221;&#8221; link=&#8221;https:\/\/www.gernikagogoratuz.org\/wp-content\/uploads\/2025\/07\/Cambio-de-mentalidad-en-Busturialdea-Urdaibai-Viento-Sur.pdf&#8221;][vc_column_text css=&#8221;&#8221;]<strong>Cambio de mentalidad en Busturialdea-Urdaibai.<\/strong><br \/>\nRam\u00f3n Zallo. Viento Sur. July 2025[\/vc_column_text][vc_empty_space][\/vc_column][vc_column width=&#8221;1\/4&#8243;][vc_empty_space][vc_single_image image=&#8221;39853&#8243; img_size=&#8221;large&#8221; onclick=&#8221;custom_link&#8221; img_link_target=&#8221;_blank&#8221; css=&#8221;&#8221; link=&#8221;https:\/\/www.gernikagogoratuz.org\/wp-content\/uploads\/2025\/05\/Dossieres-EsF-57_-La-economia-de-la-guerra.pdf&#8221;][vc_column_text css=&#8221;&#8221;]\u00ab<strong>Econom\u00eda y Paz<\/strong>\u00bb, pp 41-44.<br \/>\nMar\u00eda Oianguren. Dossieres EsF n\u00ba 57, Spring 2025 .[\/vc_column_text][vc_empty_space][\/vc_column][vc_column width=&#8221;1\/4&#8243;][vc_empty_space][vc_single_image image=&#8221;39801&#8243; img_size=&#8221;large&#8221; onclick=&#8221;custom_link&#8221; img_link_target=&#8221;_blank&#8221; css=&#8221;&#8221; link=&#8221;https:\/\/www.gernikagogoratuz.org\/wp-content\/uploads\/2025\/05\/La-cama-de-Procusto-en-Busturialdea-_-Gaurkoa-_-GARA-Euskal-Herriko-egunkaria.pdf&#8221;][vc_column_text css=&#8221;&#8221;]<strong>La cama de Procusto en Busturialdea.<\/strong><br \/>\nRam\u00f3n Zallo. Gara. April 2025[\/vc_column_text][vc_empty_space][\/vc_column][vc_column width=&#8221;1\/4&#8243;][vc_empty_space][vc_single_image image=&#8221;39166&#8243; img_size=&#8221;large&#8221; onclick=&#8221;custom_link&#8221; link=&#8221;https:\/\/www.gernikagogoratuz.org\/wp-content\/uploads\/2025\/03\/articulo-ramon-zallo-viento-sur-1.pdf&#8221;][vc_column_text css=&#8221;&#8221;]<strong>Museo Guggenheim en la Biosfera de Urdaibai. Ante el &#8220;argumentario&#8221; institucional, una alternativa en positivo.<\/strong><br \/>\nRam\u00f3n Zallo. Viento Sur. February 2025[\/vc_column_text][\/vc_column][\/vc_row][vc_row][vc_column width=&#8221;1\/4&#8243;][vc_empty_space][vc_single_image image=&#8221;38780&#8243; img_size=&#8221;large&#8221; onclick=&#8221;custom_link&#8221; link=&#8221;https:\/\/www.gernikagogoratuz.org\/wp-content\/uploads\/2025\/01\/20250120122452937.pdf&#8221;][vc_column_text css=&#8221;&#8221;]<strong>El tejido asociativo y cultural de Gernika-Lumo y Busturialdea.<\/strong><br \/>\nRam\u00f3n Zallo. Revista Aldaba. March 2024[\/vc_column_text][vc_empty_space][\/vc_column][vc_column width=&#8221;1\/4&#8243;][vc_empty_space][vc_single_image image=&#8221;38783&#8243; img_size=&#8221;large&#8221; onclick=&#8221;custom_link&#8221; link=&#8221;https:\/\/www.gernikagogoratuz.org\/wp-content\/uploads\/2025\/01\/20250120122145126.pdf&#8221;][vc_column_text css=&#8221;&#8221;]<strong>Un plan econ\u00f3mico estrat\u00e9gico para Busturialdea-Urdaibai.<\/strong><br \/>\nRam\u00f3n Zallo. Revista Aldaba.\u00a0 May 2024[\/vc_column_text][vc_empty_space][\/vc_column][vc_column width=&#8221;1\/4&#8243;][vc_empty_space][vc_video link=&#8221;https:\/\/youtu.be\/SuBrKXEcjG8&#8243;][vc_column_text css=&#8221;&#8221;]<strong>Busturialdeko etorkizuna elkarrizketa estrategikoak.\u00a0<\/strong><br \/>\nSara Nicholson y Jokin Alberdi. OIZMENDI Telebista. November 2024[\/vc_column_text][vc_empty_space][\/vc_column][vc_column width=&#8221;1\/4&#8243;][vc_empty_space][vc_single_image image=&#8221;38777&#8243; img_size=&#8221;large&#8221; onclick=&#8221;custom_link&#8221; link=&#8221;https:\/\/www.gernikagogoratuz.org\/wp-content\/uploads\/2025\/01\/20250120122339669-1.pdf&#8221;][vc_column_text css=&#8221;&#8221;]<strong>El plan estrat\u00e9gico de Busturialdea o un proceso participativo de filtros.<\/strong><br \/>\nRam\u00f3n Zallo. Naiz. December 2024[\/vc_column_text][vc_empty_space][\/vc_column][\/vc_row][vc_row][vc_column][vc_column_text css=&#8221;&#8221;]<\/p>\n<h5><strong><span style=\"color: #7dab6a;\">XXXIV INTERNATIONAL CULTURE AND PEACE CONVENTION OF GERNIKA 2024<\/span><\/strong><\/h5>\n<hr \/>\n<p>[\/vc_column_text][vc_empty_space][\/vc_column][\/vc_row][vc_row][vc_column width=&#8221;1\/2&#8243;][vc_column_text css=&#8221;&#8221;]Ram\u00f3n Zallo, presenting the paper:<br \/>\n<strong>&#8220;Un desarrollo econ\u00f3mico y ecosocial para Busturialdea-Urdaibai&#8221;<\/strong> (2024).[\/vc_column_text][vc_row_inner][vc_column_inner width=&#8221;1\/2&#8243;][vc_empty_space][vc_single_image image=&#8221;37684&#8243; img_size=&#8221;large&#8221; onclick=&#8221;custom_link&#8221; link=&#8221;https:\/\/www.gernikagogoratuz.org\/portfolio-item\/un-desarrollo-economico-y-ecosocial-para-busturialdea-urdaibai-ramon-zallo-elgezabal\/&#8221;][vc_column_text]<a href=\"https:\/\/www.gernikagogoratuz.org\/en\/publications\/\" target=\"_blank\" rel=\"noopener\">Colecci\u00f3n Red Gernika.<\/a>[\/vc_column_text][vc_empty_space][\/vc_column_inner][vc_column_inner width=&#8221;1\/2&#8243;][vc_empty_space][vc_single_image image=&#8221;37672&#8243; img_size=&#8221;large&#8221; onclick=&#8221;custom_link&#8221; link=&#8221;https:\/\/youtu.be\/d2eGspGemXY?si=uiAMP7i_7iVZUqHC&#8221;][vc_empty_space][\/vc_column_inner][\/vc_row_inner][\/vc_column][vc_column width=&#8221;1\/2&#8243;][vc_column_text css=&#8221;&#8221;]Dialogue: projects \u2018Territories for life\u2019 and &#8220;11 Izpi. Silenced voices. Weaving alternatives&#8221;.<br \/>\nTolima (Colombia), Cabo Delgado (Mozambique) and Urdaibai (Basque Country).[\/vc_column_text][vc_row_inner][vc_column_inner width=&#8221;1\/4&#8243;][\/vc_column_inner][vc_column_inner width=&#8221;1\/2&#8243;][vc_empty_space][vc_single_image image=&#8221;37676&#8243; img_size=&#8221;large&#8221; onclick=&#8221;custom_link&#8221; link=&#8221;https:\/\/youtu.be\/Qirw7R_ZWIw?si=C8J7CnI6n2813S6m&#8221;][\/vc_column_inner][vc_column_inner width=&#8221;1\/4&#8243;][\/vc_column_inner][\/vc_row_inner][vc_empty_space][\/vc_column][\/vc_row][vc_row][vc_column width=&#8221;1\/2&#8243;][vc_column_text css=&#8221;&#8221;]<\/p>\n<h3><strong><span style=\"color: #7dab6a;\">PARTNERSHIPS<\/span><\/strong><\/h3>\n<hr \/>\n<p>[\/vc_column_text][vc_empty_space][vc_row_inner][vc_column_inner width=&#8221;1\/3&#8243;][vc_single_image image=&#8221;37553&#8243; img_size=&#8221;medium&#8221;][\/vc_column_inner][vc_column_inner width=&#8221;1\/3&#8243;][vc_single_image image=&#8221;37807&#8243; img_size=&#8221;medium&#8221; onclick=&#8221;custom_link&#8221; link=&#8221;https:\/\/gernikatikmundura.wordpress.com\/&#8221;][\/vc_column_inner][vc_column_inner width=&#8221;1\/3&#8243;][\/vc_column_inner][\/vc_row_inner][\/vc_column][vc_column width=&#8221;1\/2&#8243;][vc_column_text css=&#8221;&#8221;]<\/p>\n<h3><strong><span style=\"color: #7dab6a;\">PROJECT FUNDED BY<\/span><\/strong><\/h3>\n<hr \/>\n<p>[\/vc_column_text][vc_empty_space][vc_row_inner][vc_column_inner width=&#8221;1\/2&#8243;][vc_single_image image=&#8221;37173&#8243; img_size=&#8221;large&#8221;][\/vc_column_inner][vc_column_inner width=&#8221;1\/2&#8243;][\/vc_column_inner][\/vc_row_inner][\/vc_column][\/vc_row]<\/p>\n<\/div>","protected":false},"excerpt":{"rendered":"<p>[vc_row][vc_column][vc_single_image image=&#8221;37348&#8243; alignment=&#8221;center&#8221;][\/vc_column][\/vc_row][vc_row][vc_column][vc_empty_space][vc_row_inner][vc_column_inner][vc_column_text css=&#8221;&#8221;]\u2018Territories for Life \u2013 Phase II \u2013 Community Action: Promoting critical dialogue and raising awareness for human wellbeing, environmental sustainability and social cohesion\u2019 is a project carried out in partnership with Gernikatik Mundura, funded by the Provincial Council of Bizkaia. The project falls within the field of Education for Social Transformation and&#8230;<\/p>\n","protected":false},"author":5,"featured_media":0,"parent":0,"menu_order":0,"comment_status":"closed","ping_status":"closed","template":"","meta":{"inline_featured_image":false,"footnotes":""},"class_list":["post-38195","page","type-page","status-publish","hentry"],"yoast_head":"<!-- This site is optimized with the Yoast SEO plugin v28.4 - https:\/\/yoast.com\/product\/yoast-seo-wordpress\/ -->\n<title>Gernika Gogoratuz. Centro de Investigaci\u00f3n por la Paz<\/title>\n<meta name=\"description\" content=\"Investigaci\u00f3n, formaci\u00f3n y divulgaci\u00f3n de la Cultura de Paz. Gernika, Ciudad de la Paz en el Siglo XXI. Centro de Estudios por la Paz.\" \/>\n<meta name=\"robots\" content=\"index, follow, max-snippet:-1, max-image-preview:large, max-video-preview:-1\" \/>\n<link rel=\"canonical\" href=\"https:\/\/www.gernikagogoratuz.org\/en\/territories-for-life\/\" \/>\n<meta property=\"og:locale\" content=\"en_US\" \/>\n<meta property=\"og:type\" content=\"article\" \/>\n<meta property=\"og:title\" content=\"Gernika Gogoratuz. Centro de Investigaci\u00f3n por la Paz\" \/>\n<meta property=\"og:description\" content=\"Investigaci\u00f3n, formaci\u00f3n y divulgaci\u00f3n de la Cultura de Paz. Gernika, Ciudad de la Paz en el Siglo XXI. Centro de Estudios por la Paz.\" \/>\n<meta property=\"og:url\" content=\"https:\/\/www.gernikagogoratuz.org\/en\/territories-for-life\/\" \/>\n<meta property=\"og:site_name\" content=\"Gernika Gogoratuz\" \/>\n<meta property=\"article:publisher\" content=\"https:\/\/www.facebook.com\/GernikaGogoratuzFundacion\" \/>\n<meta property=\"article:modified_time\" content=\"2026-08-31T09:05:51+00:00\" \/>\n<meta name=\"twitter:card\" content=\"summary_large_image\" \/>\n<meta name=\"twitter:site\" content=\"@GGogoratuz\" \/>\n<meta name=\"twitter:label1\" content=\"Est. reading time\" \/>\n\t<meta name=\"twitter:data1\" content=\"6 minutes\" \/>\n<script type=\"application\/ld+json\" class=\"yoast-schema-graph\">{\"@context\":\"https:\\\/\\\/schema.org\",\"@graph\":[{\"@type\":\"WebPage\",\"@id\":\"https:\\\/\\\/www.gernikagogoratuz.org\\\/en\\\/territories-for-life\\\/\",\"url\":\"https:\\\/\\\/www.gernikagogoratuz.org\\\/en\\\/territories-for-life\\\/\",\"name\":\"Gernika Gogoratuz. Centro de Investigaci\u00f3n por la Paz\",\"isPartOf\":{\"@id\":\"https:\\\/\\\/www.gernikagogoratuz.org\\\/en\\\/#website\"},\"datePublished\":\"2024-10-04T10:24:31+00:00\",\"dateModified\":\"2026-08-31T09:05:51+00:00\",\"description\":\"Investigaci\u00f3n, formaci\u00f3n y divulgaci\u00f3n de la Cultura de Paz. Gernika, Ciudad de la Paz en el Siglo XXI. Centro de Estudios por la Paz.\",\"breadcrumb\":{\"@id\":\"https:\\\/\\\/www.gernikagogoratuz.org\\\/en\\\/territories-for-life\\\/#breadcrumb\"},\"inLanguage\":\"en-US\",\"potentialAction\":[{\"@type\":\"ReadAction\",\"target\":[\"https:\\\/\\\/www.gernikagogoratuz.org\\\/en\\\/territories-for-life\\\/\"]}]},{\"@type\":\"BreadcrumbList\",\"@id\":\"https:\\\/\\\/www.gernikagogoratuz.org\\\/en\\\/territories-for-life\\\/#breadcrumb\",\"itemListElement\":[{\"@type\":\"ListItem\",\"position\":1,\"name\":\"Portada\",\"item\":\"https:\\\/\\\/www.gernikagogoratuz.org\\\/en\\\/\"},{\"@type\":\"ListItem\",\"position\":2,\"name\":\"Territories for life. Phase II.\"}]},{\"@type\":\"WebSite\",\"@id\":\"https:\\\/\\\/www.gernikagogoratuz.org\\\/en\\\/#website\",\"url\":\"https:\\\/\\\/www.gernikagogoratuz.org\\\/en\\\/\",\"name\":\"Gernika Gogoratuz\",\"description\":\"Centro de investigaci\u00f3n por la paz\",\"publisher\":{\"@id\":\"https:\\\/\\\/www.gernikagogoratuz.org\\\/en\\\/#organization\"},\"potentialAction\":[{\"@type\":\"SearchAction\",\"target\":{\"@type\":\"EntryPoint\",\"urlTemplate\":\"https:\\\/\\\/www.gernikagogoratuz.org\\\/en\\\/?s={search_term_string}\"},\"query-input\":{\"@type\":\"PropertyValueSpecification\",\"valueRequired\":true,\"valueName\":\"search_term_string\"}}],\"inLanguage\":\"en-US\"},{\"@type\":\"Organization\",\"@id\":\"https:\\\/\\\/www.gernikagogoratuz.org\\\/en\\\/#organization\",\"name\":\"Gernika Gogoratuz. Centro de Investigaci\u00f3n por la Paz.\",\"url\":\"https:\\\/\\\/www.gernikagogoratuz.org\\\/en\\\/\",\"logo\":{\"@type\":\"ImageObject\",\"inLanguage\":\"en-US\",\"@id\":\"https:\\\/\\\/www.gernikagogoratuz.org\\\/en\\\/#\\\/schema\\\/logo\\\/image\\\/\",\"url\":\"https:\\\/\\\/www.gernikagogoratuz.org\\\/wp-content\\\/uploads\\\/2018\\\/10\\\/gernikagogoratuzogo_es.svg\",\"contentUrl\":\"https:\\\/\\\/www.gernikagogoratuz.org\\\/wp-content\\\/uploads\\\/2018\\\/10\\\/gernikagogoratuzogo_es.svg\",\"width\":1,\"height\":1,\"caption\":\"Gernika Gogoratuz. Centro de Investigaci\u00f3n por la Paz.\"},\"image\":{\"@id\":\"https:\\\/\\\/www.gernikagogoratuz.org\\\/en\\\/#\\\/schema\\\/logo\\\/image\\\/\"},\"sameAs\":[\"https:\\\/\\\/www.facebook.com\\\/GernikaGogoratuzFundacion\",\"https:\\\/\\\/x.com\\\/GGogoratuz\",\"https:\\\/\\\/www.youtube.com\\\/user\\\/gernikagogoratuz\\\/videos\"]}]}<\/script>\n<!-- \/ Yoast SEO plugin. -->","yoast_head_json":{"title":"Gernika Gogoratuz. Centro de Investigaci\u00f3n por la Paz","description":"Investigaci\u00f3n, formaci\u00f3n y divulgaci\u00f3n de la Cultura de Paz. Gernika, Ciudad de la Paz en el Siglo XXI. Centro de Estudios por la Paz.","robots":{"index":"index","follow":"follow","max-snippet":"max-snippet:-1","max-image-preview":"max-image-preview:large","max-video-preview":"max-video-preview:-1"},"canonical":"https:\/\/www.gernikagogoratuz.org\/en\/territories-for-life\/","og_locale":"en_US","og_type":"article","og_title":"Gernika Gogoratuz. Centro de Investigaci\u00f3n por la Paz","og_description":"Investigaci\u00f3n, formaci\u00f3n y divulgaci\u00f3n de la Cultura de Paz. Gernika, Ciudad de la Paz en el Siglo XXI. Centro de Estudios por la Paz.","og_url":"https:\/\/www.gernikagogoratuz.org\/en\/territories-for-life\/","og_site_name":"Gernika Gogoratuz","article_publisher":"https:\/\/www.facebook.com\/GernikaGogoratuzFundacion","article_modified_time":"2026-08-31T09:05:51+00:00","twitter_card":"summary_large_image","twitter_site":"@GGogoratuz","twitter_misc":{"Est. reading time":"6 minutes"},"schema":{"@context":"https:\/\/schema.org","@graph":[{"@type":"WebPage","@id":"https:\/\/www.gernikagogoratuz.org\/en\/territories-for-life\/","url":"https:\/\/www.gernikagogoratuz.org\/en\/territories-for-life\/","name":"Gernika Gogoratuz. Centro de Investigaci\u00f3n por la Paz","isPartOf":{"@id":"https:\/\/www.gernikagogoratuz.org\/en\/#website"},"datePublished":"2024-10-04T10:24:31+00:00","dateModified":"2026-08-31T09:05:51+00:00","description":"Investigaci\u00f3n, formaci\u00f3n y divulgaci\u00f3n de la Cultura de Paz. Gernika, Ciudad de la Paz en el Siglo XXI. Centro de Estudios por la Paz.","breadcrumb":{"@id":"https:\/\/www.gernikagogoratuz.org\/en\/territories-for-life\/#breadcrumb"},"inLanguage":"en-US","potentialAction":[{"@type":"ReadAction","target":["https:\/\/www.gernikagogoratuz.org\/en\/territories-for-life\/"]}]},{"@type":"BreadcrumbList","@id":"https:\/\/www.gernikagogoratuz.org\/en\/territories-for-life\/#breadcrumb","itemListElement":[{"@type":"ListItem","position":1,"name":"Portada","item":"https:\/\/www.gernikagogoratuz.org\/en\/"},{"@type":"ListItem","position":2,"name":"Territories for life. Phase II."}]},{"@type":"WebSite","@id":"https:\/\/www.gernikagogoratuz.org\/en\/#website","url":"https:\/\/www.gernikagogoratuz.org\/en\/","name":"Gernika Gogoratuz","description":"Centro de investigaci\u00f3n por la paz","publisher":{"@id":"https:\/\/www.gernikagogoratuz.org\/en\/#organization"},"potentialAction":[{"@type":"SearchAction","target":{"@type":"EntryPoint","urlTemplate":"https:\/\/www.gernikagogoratuz.org\/en\/?s={search_term_string}"},"query-input":{"@type":"PropertyValueSpecification","valueRequired":true,"valueName":"search_term_string"}}],"inLanguage":"en-US"},{"@type":"Organization","@id":"https:\/\/www.gernikagogoratuz.org\/en\/#organization","name":"Gernika Gogoratuz. Centro de Investigaci\u00f3n por la Paz.","url":"https:\/\/www.gernikagogoratuz.org\/en\/","logo":{"@type":"ImageObject","inLanguage":"en-US","@id":"https:\/\/www.gernikagogoratuz.org\/en\/#\/schema\/logo\/image\/","url":"https:\/\/www.gernikagogoratuz.org\/wp-content\/uploads\/2018\/10\/gernikagogoratuzogo_es.svg","contentUrl":"https:\/\/www.gernikagogoratuz.org\/wp-content\/uploads\/2018\/10\/gernikagogoratuzogo_es.svg","width":1,"height":1,"caption":"Gernika Gogoratuz. Centro de Investigaci\u00f3n por la Paz."},"image":{"@id":"https:\/\/www.gernikagogoratuz.org\/en\/#\/schema\/logo\/image\/"},"sameAs":["https:\/\/www.facebook.com\/GernikaGogoratuzFundacion","https:\/\/x.com\/GGogoratuz","https:\/\/www.youtube.com\/user\/gernikagogoratuz\/videos"]}]}},"_links":{"self":[{"href":"https:\/\/www.gernikagogoratuz.org\/en\/wp-json\/wp\/v2\/pages\/38195","targetHints":{"allow":["GET"]}}],"collection":[{"href":"https:\/\/www.gernikagogoratuz.org\/en\/wp-json\/wp\/v2\/pages"}],"about":[{"href":"https:\/\/www.gernikagogoratuz.org\/en\/wp-json\/wp\/v2\/types\/page"}],"author":[{"embeddable":true,"href":"https:\/\/www.gernikagogoratuz.org\/en\/wp-json\/wp\/v2\/users\/5"}],"replies":[{"embeddable":true,"href":"https:\/\/www.gernikagogoratuz.org\/en\/wp-json\/wp\/v2\/comments?post=38195"}],"version-history":[{"count":15,"href":"https:\/\/www.gernikagogoratuz.org\/en\/wp-json\/wp\/v2\/pages\/38195\/revisions"}],"predecessor-version":[{"id":42467,"href":"https:\/\/www.gernikagogoratuz.org\/en\/wp-json\/wp\/v2\/pages\/38195\/revisions\/42467"}],"wp:attachment":[{"href":"https:\/\/www.gernikagogoratuz.org\/en\/wp-json\/wp\/v2\/media?parent=38195"}],"curies":[{"name":"wp","href":"https:\/\/api.w.org\/{rel}","templated":true}]}}