{"id":24197,"date":"2020-09-17T09:43:38","date_gmt":"2020-09-17T09:43:38","guid":{"rendered":"https:\/\/www.gernikagogoratuz.org\/?page_id=24197"},"modified":"2021-02-12T10:52:50","modified_gmt":"2021-02-12T10:52:50","slug":"bakearen-inguruko-ikerketa","status":"publish","type":"page","link":"https:\/\/www.gernikagogoratuz.org\/eu\/bakearen-inguruko-ikerketa\/","title":{"rendered":"Bakearen inguruko ikerketa"},"content":{"rendered":"<div class=\"wpb-content-wrapper\"><p>[vc_row el_id=&#8221;investigacion&#8221;][vc_column][vc_empty_space height=&#8221;25px&#8221;][vc_single_image image=&#8221;19033&#8243; img_size=&#8221;full&#8221; alignment=&#8221;center&#8221; el_class=&#8221;hacemos-logo&#8221;][vc_empty_space height=&#8221;25px&#8221;][vc_empty_space][vc_column_text]<\/p>\n<div class=\"wpb_text_column wpb_content_element \">\n<div class=\"wpb_wrapper\">\n<p>Ikerketa eskubideen ikuspegitik egiten da, tokiko dimentsioa eta dimentsio zabalago bat kontuan hartuz. Unibertsitate, gizarte erakunde eta instituzioekin lan egiten dugu.<\/p>\n<\/div>\n<\/div>\n<p>[\/vc_column_text][vc_row_inner css=&#8221;.vc_custom_1543947596882{margin-top: 30px !important;}&#8221;][vc_column_inner el_class=&#8221;home-hacemos&#8221; width=&#8221;1\/3&#8243; el_id=&#8221;economia-paz&#8221;][vc_empty_space][vc_single_image image=&#8221;23763&#8243; img_size=&#8221;full&#8221; alignment=&#8221;center&#8221; css=&#8221;.vc_custom_1591091549811{margin-bottom: 20px !important;padding-right: 60px !important;padding-left: 60px !important;}&#8221;][vc_empty_space][vc_column_text css=&#8221;.vc_custom_1612974167765{padding-right: 60px !important;padding-left: 60px !important;}&#8221;]<\/p>\n<p style=\"text-align: center;\"><strong>Bakearen ekonomia. Giza Eskubideak eta Enpresa (2016-2020)<\/strong><\/p>\n<p>[\/vc_column_text][vc_empty_space][vc_column_text]<\/p>\n<p style=\"text-align: left;\">Ikerketa proiektu horrek hainbat sektore elkartu nahi ditu (enpresa, administrazioa, akademikoa eta elkarteak), elkarrizketarako eremu bat sortu eta enpresa arloan giza eskubideen inguruan egiten den tratamendua hobetzeko asmoz<em>. ehuGune (UPV\/EHU), REASK, Euskadiko GGKE Konfederazioa eta Mugarik gabeko Ekonomistak <\/em>taldeekin batera lantzen da.<\/p>\n<p>[\/vc_column_text][vc_empty_space][vc_column_text]<\/p>\n<p style=\"text-align: left;\"><strong><span id=\"translation_box\" class=\"form-control-text textarea\" role=\"textbox\">Bakegintza eta Bizikidetzarako Idazkaritza Nagusiak finantzatzen du proiektua. Biktimen eta Giza Eskubideen Zuzendaritza.<\/span><\/strong><\/p>\n<p>[\/vc_column_text][vc_empty_space]<a itemprop=\"url\" href=\"https:\/\/www.gernikagogoratuz.org\/eu\/bakearen-ekonomia\/\" target=\"_blank\"  class=\"edgtf-btn edgtf-btn-medium edgtf-btn-solid home-hacemos\"  >\n\t<span class=\"edgtf-btn-text\">Bakearen ekonomia<\/span>\n    <\/a>[vc_empty_space][\/vc_column_inner][vc_column_inner el_class=&#8221;home-hacemos&#8221; width=&#8221;1\/3&#8243;][vc_empty_space][vc_single_image image=&#8221;19347&#8243; img_size=&#8221;full&#8221; alignment=&#8221;center&#8221; css=&#8221;.vc_custom_1544188808300{margin-bottom: 20px !important;padding-right: 60px !important;padding-left: 60px !important;}&#8221;][vc_empty_space][vc_column_text css=&#8221;.vc_custom_1612974089954{padding-right: 60px !important;padding-left: 60px !important;}&#8221;]<\/p>\n<p style=\"text-align: center;\"><strong>I. Fasea, 2018-2019<br \/>\n<\/strong> <strong>Gaitasunak sendotu eta bizi-aukerak eraikitzeko ikerketa, prestakuntza eta ekintza.<\/strong><\/p>\n<p style=\"text-align: center;\"><strong>II. Fasea, 2020-2021<br \/>\n<\/strong><strong>Bizitzaren iraunkortasunari buruzko narratibak errotu eta prozesuetan laguntzea.<\/strong><\/p>\n<p style=\"text-align: left;\"><strong>\u00a0<\/strong>Gernikatik Mundura izeneko GGKErekin batera aurkeztutako nazioarteko lankidetza proiektu bat da. Eredu hegemoniko neoliberalak lurraldeetan duen eraginari buruzko azterketa bat burutzen ari gara, Giza Garapen Iraunkorraren eta Tokiko Giza Garapenaren ikuspegietatik. Lau eragin ardatz aztertu dira: Lurra eskuratzeko aukerak, genero desberdintasunak, iraunkortasuna eta identitate kulturala Toliman \u2013 Kolonbia; Cabo Delgado \u2013 Mozambike; eta Urdaibai \u2013 Euskal Herria.<\/p>\n<p>[\/vc_column_text][vc_empty_space][vc_column_text]<\/p>\n<p style=\"text-align: left;\"><strong><span id=\"translation_box\" class=\"form-control-text textarea\" role=\"textbox\">Proiektua Garapenerako Lankidetzaren Euskal Agentziak finantzatzen du.<\/span><\/strong><\/p>\n<p>[\/vc_column_text][vc_empty_space]<a itemprop=\"url\" href=\"https:\/\/territoriolab.org\/eu\/\" target=\"_blank\"  class=\"edgtf-btn edgtf-btn-medium edgtf-btn-solid home-hacemos\"  >\n\t<span class=\"edgtf-btn-text\">Gatazka egoeran dauden lurraldeak<\/span>\n    <\/a>[vc_empty_space][\/vc_column_inner][vc_column_inner width=&#8221;1\/3&#8243;][vc_empty_space][vc_single_image image=&#8221;25230&#8243; img_size=&#8221;full&#8221; alignment=&#8221;center&#8221;][vc_empty_space][vc_column_text]<\/p>\n<p style=\"text-align: center;\"><strong>Identitatea eta gatazka. <\/strong><br \/>\n<strong>Gatazka-ondoko kultura-ondarea eta identitate-berreraikuntza. <\/strong><br \/>\n<strong>2009-2012<\/strong><\/p>\n<p style=\"text-align: left;\">Proiektu honen helburua da ikertzea zer eragin duten kultura-ondarearen suntsiketak eta horren ondorengo berreraikitze selektiboak identitatearen eraketan. Proiektuak argitu nahi du zein diren ondare kulturalaren, gatazkaren eta identitatearen arteko erlazio enpirikoa eta teorikoa. Bereziki aztertuko du nola eragiten duten suntsipenak eta berreraikitzeak nonbaitekoa izatearen ideietan eta identitateetan, maila guztietan, norbanakoaren mailatik hasi eta nazio-mailara arte.<\/p>\n<p>[\/vc_column_text][vc_empty_space][vc_column_text]<\/p>\n<p style=\"text-align: left;\"><strong><span id=\"translation_box\" class=\"form-control-text textarea\" role=\"textbox\">CRIC proiektua Europar Batasunak finantzatzen du, FP7 ikerkuntzako lankidetzarako esparru-programaren barruan, eta Erresuma Batuko Cambridgeko Unibertsitateak koordinatzen du.<\/span><\/strong><\/p>\n<p>[\/vc_column_text][vc_empty_space]<a itemprop=\"url\" href=\"https:\/\/www.gernikagogoratuz.org\/eu\/cric-identitatea-eta-gatazka\/\" target=\"_self\"  class=\"edgtf-btn edgtf-btn-medium edgtf-btn-solid\"  >\n\t<span class=\"edgtf-btn-text\">CRIC. Identitatea eta Gatazka<\/span>\n    <\/a>[vc_empty_space][\/vc_column_inner][\/vc_row_inner][vc_empty_space][\/vc_column][\/vc_row]<\/p>\n<\/div>","protected":false},"excerpt":{"rendered":"<p>[vc_row el_id=&#8221;investigacion&#8221;][vc_column][vc_empty_space height=&#8221;25px&#8221;][vc_single_image image=&#8221;19033&#8243; img_size=&#8221;full&#8221; alignment=&#8221;center&#8221; el_class=&#8221;hacemos-logo&#8221;][vc_empty_space height=&#8221;25px&#8221;][vc_empty_space][vc_column_text] Ikerketa eskubideen ikuspegitik egiten da, tokiko dimentsioa eta dimentsio zabalago bat kontuan hartuz. Unibertsitate, gizarte erakunde eta instituzioekin lan egiten dugu. [\/vc_column_text][vc_row_inner css=&#8221;.vc_custom_1543947596882{margin-top: 30px !important;}&#8221;][vc_column_inner el_class=&#8221;home-hacemos&#8221; width=&#8221;1\/3&#8243; el_id=&#8221;economia-paz&#8221;][vc_empty_space][vc_single_image image=&#8221;23763&#8243; img_size=&#8221;full&#8221; alignment=&#8221;center&#8221; css=&#8221;.vc_custom_1591091549811{margin-bottom: 20px !important;padding-right: 60px !important;padding-left: 60px !important;}&#8221;][vc_empty_space][vc_column_text css=&#8221;.vc_custom_1612974167765{padding-right: 60px !important;padding-left: 60px !important;}&#8221;] Bakearen ekonomia. Giza Eskubideak&#8230;<\/p>\n","protected":false},"author":5,"featured_media":0,"parent":0,"menu_order":0,"comment_status":"closed","ping_status":"closed","template":"","meta":{"inline_featured_image":false,"footnotes":""},"class_list":["post-24197","page","type-page","status-publish","hentry"],"yoast_head":"<!-- This site is optimized with the Yoast SEO plugin v27.5 - https:\/\/yoast.com\/product\/yoast-seo-wordpress\/ -->\n<title>Gernika Gogoratuz. Centro de Investigaci\u00f3n por la Paz<\/title>\n<meta name=\"description\" content=\"Investigaci\u00f3n con un enfoque de derechos, que articula a trav\u00e9s de colaboraciones acad\u00e9micas con universidades, organizaciones sociales e instituciones.\" \/>\n<meta name=\"robots\" content=\"index, follow, max-snippet:-1, max-image-preview:large, max-video-preview:-1\" \/>\n<link rel=\"canonical\" href=\"https:\/\/www.gernikagogoratuz.org\/eu\/bakearen-inguruko-ikerketa\/\" \/>\n<meta property=\"og:locale\" content=\"eu_ES\" \/>\n<meta property=\"og:type\" content=\"article\" \/>\n<meta property=\"og:title\" content=\"Gernika Gogoratuz. Centro de Investigaci\u00f3n por la Paz\" \/>\n<meta property=\"og:description\" content=\"Investigaci\u00f3n con un enfoque de derechos, que articula a trav\u00e9s de colaboraciones acad\u00e9micas con universidades, organizaciones sociales e instituciones.\" \/>\n<meta property=\"og:url\" content=\"https:\/\/www.gernikagogoratuz.org\/eu\/bakearen-inguruko-ikerketa\/\" \/>\n<meta property=\"og:site_name\" content=\"Gernika Gogoratuz\" \/>\n<meta property=\"article:publisher\" content=\"https:\/\/www.facebook.com\/GernikaGogoratuzFundacion\" \/>\n<meta property=\"article:modified_time\" content=\"2021-02-12T10:52:50+00:00\" \/>\n<meta name=\"twitter:card\" content=\"summary_large_image\" \/>\n<meta name=\"twitter:site\" content=\"@GGogoratuz\" \/>\n<meta name=\"twitter:label1\" content=\"Est. reading time\" \/>\n\t<meta name=\"twitter:data1\" content=\"3 minutes\" \/>\n<script type=\"application\/ld+json\" class=\"yoast-schema-graph\">{\"@context\":\"https:\\\/\\\/schema.org\",\"@graph\":[{\"@type\":\"WebPage\",\"@id\":\"https:\\\/\\\/www.gernikagogoratuz.org\\\/eu\\\/bakearen-inguruko-ikerketa\\\/\",\"url\":\"https:\\\/\\\/www.gernikagogoratuz.org\\\/eu\\\/bakearen-inguruko-ikerketa\\\/\",\"name\":\"Gernika Gogoratuz. Centro de Investigaci\u00f3n por la Paz\",\"isPartOf\":{\"@id\":\"https:\\\/\\\/www.gernikagogoratuz.org\\\/eu\\\/#website\"},\"datePublished\":\"2020-09-17T09:43:38+00:00\",\"dateModified\":\"2021-02-12T10:52:50+00:00\",\"description\":\"Investigaci\u00f3n con un enfoque de derechos, que articula a trav\u00e9s de colaboraciones acad\u00e9micas con universidades, organizaciones sociales e instituciones.\",\"breadcrumb\":{\"@id\":\"https:\\\/\\\/www.gernikagogoratuz.org\\\/eu\\\/bakearen-inguruko-ikerketa\\\/#breadcrumb\"},\"inLanguage\":\"eu-ES\",\"potentialAction\":[{\"@type\":\"ReadAction\",\"target\":[\"https:\\\/\\\/www.gernikagogoratuz.org\\\/eu\\\/bakearen-inguruko-ikerketa\\\/\"]}]},{\"@type\":\"BreadcrumbList\",\"@id\":\"https:\\\/\\\/www.gernikagogoratuz.org\\\/eu\\\/bakearen-inguruko-ikerketa\\\/#breadcrumb\",\"itemListElement\":[{\"@type\":\"ListItem\",\"position\":1,\"name\":\"Portada\",\"item\":\"https:\\\/\\\/www.gernikagogoratuz.org\\\/eu\\\/\"},{\"@type\":\"ListItem\",\"position\":2,\"name\":\"Bakearen inguruko ikerketa\"}]},{\"@type\":\"WebSite\",\"@id\":\"https:\\\/\\\/www.gernikagogoratuz.org\\\/eu\\\/#website\",\"url\":\"https:\\\/\\\/www.gernikagogoratuz.org\\\/eu\\\/\",\"name\":\"Gernika Gogoratuz\",\"description\":\"Centro de investigaci\u00f3n por la paz\",\"publisher\":{\"@id\":\"https:\\\/\\\/www.gernikagogoratuz.org\\\/eu\\\/#organization\"},\"potentialAction\":[{\"@type\":\"SearchAction\",\"target\":{\"@type\":\"EntryPoint\",\"urlTemplate\":\"https:\\\/\\\/www.gernikagogoratuz.org\\\/eu\\\/?s={search_term_string}\"},\"query-input\":{\"@type\":\"PropertyValueSpecification\",\"valueRequired\":true,\"valueName\":\"search_term_string\"}}],\"inLanguage\":\"eu-ES\"},{\"@type\":\"Organization\",\"@id\":\"https:\\\/\\\/www.gernikagogoratuz.org\\\/eu\\\/#organization\",\"name\":\"Gernika Gogoratuz. Centro de Investigaci\u00f3n por la Paz.\",\"url\":\"https:\\\/\\\/www.gernikagogoratuz.org\\\/eu\\\/\",\"logo\":{\"@type\":\"ImageObject\",\"inLanguage\":\"eu-ES\",\"@id\":\"https:\\\/\\\/www.gernikagogoratuz.org\\\/eu\\\/#\\\/schema\\\/logo\\\/image\\\/\",\"url\":\"https:\\\/\\\/www.gernikagogoratuz.org\\\/wp-content\\\/uploads\\\/2018\\\/10\\\/gernikagogoratuzogo_es.svg\",\"contentUrl\":\"https:\\\/\\\/www.gernikagogoratuz.org\\\/wp-content\\\/uploads\\\/2018\\\/10\\\/gernikagogoratuzogo_es.svg\",\"width\":1,\"height\":1,\"caption\":\"Gernika Gogoratuz. Centro de Investigaci\u00f3n por la Paz.\"},\"image\":{\"@id\":\"https:\\\/\\\/www.gernikagogoratuz.org\\\/eu\\\/#\\\/schema\\\/logo\\\/image\\\/\"},\"sameAs\":[\"https:\\\/\\\/www.facebook.com\\\/GernikaGogoratuzFundacion\",\"https:\\\/\\\/x.com\\\/GGogoratuz\",\"https:\\\/\\\/www.youtube.com\\\/user\\\/gernikagogoratuz\\\/videos\"]}]}<\/script>\n<!-- \/ Yoast SEO plugin. -->","yoast_head_json":{"title":"Gernika Gogoratuz. Centro de Investigaci\u00f3n por la Paz","description":"Investigaci\u00f3n con un enfoque de derechos, que articula a trav\u00e9s de colaboraciones acad\u00e9micas con universidades, organizaciones sociales e instituciones.","robots":{"index":"index","follow":"follow","max-snippet":"max-snippet:-1","max-image-preview":"max-image-preview:large","max-video-preview":"max-video-preview:-1"},"canonical":"https:\/\/www.gernikagogoratuz.org\/eu\/bakearen-inguruko-ikerketa\/","og_locale":"eu_ES","og_type":"article","og_title":"Gernika Gogoratuz. Centro de Investigaci\u00f3n por la Paz","og_description":"Investigaci\u00f3n con un enfoque de derechos, que articula a trav\u00e9s de colaboraciones acad\u00e9micas con universidades, organizaciones sociales e instituciones.","og_url":"https:\/\/www.gernikagogoratuz.org\/eu\/bakearen-inguruko-ikerketa\/","og_site_name":"Gernika Gogoratuz","article_publisher":"https:\/\/www.facebook.com\/GernikaGogoratuzFundacion","article_modified_time":"2021-02-12T10:52:50+00:00","twitter_card":"summary_large_image","twitter_site":"@GGogoratuz","twitter_misc":{"Est. reading time":"3 minutes"},"schema":{"@context":"https:\/\/schema.org","@graph":[{"@type":"WebPage","@id":"https:\/\/www.gernikagogoratuz.org\/eu\/bakearen-inguruko-ikerketa\/","url":"https:\/\/www.gernikagogoratuz.org\/eu\/bakearen-inguruko-ikerketa\/","name":"Gernika Gogoratuz. Centro de Investigaci\u00f3n por la Paz","isPartOf":{"@id":"https:\/\/www.gernikagogoratuz.org\/eu\/#website"},"datePublished":"2020-09-17T09:43:38+00:00","dateModified":"2021-02-12T10:52:50+00:00","description":"Investigaci\u00f3n con un enfoque de derechos, que articula a trav\u00e9s de colaboraciones acad\u00e9micas con universidades, organizaciones sociales e instituciones.","breadcrumb":{"@id":"https:\/\/www.gernikagogoratuz.org\/eu\/bakearen-inguruko-ikerketa\/#breadcrumb"},"inLanguage":"eu-ES","potentialAction":[{"@type":"ReadAction","target":["https:\/\/www.gernikagogoratuz.org\/eu\/bakearen-inguruko-ikerketa\/"]}]},{"@type":"BreadcrumbList","@id":"https:\/\/www.gernikagogoratuz.org\/eu\/bakearen-inguruko-ikerketa\/#breadcrumb","itemListElement":[{"@type":"ListItem","position":1,"name":"Portada","item":"https:\/\/www.gernikagogoratuz.org\/eu\/"},{"@type":"ListItem","position":2,"name":"Bakearen inguruko ikerketa"}]},{"@type":"WebSite","@id":"https:\/\/www.gernikagogoratuz.org\/eu\/#website","url":"https:\/\/www.gernikagogoratuz.org\/eu\/","name":"Gernika Gogoratuz","description":"Centro de investigaci\u00f3n por la paz","publisher":{"@id":"https:\/\/www.gernikagogoratuz.org\/eu\/#organization"},"potentialAction":[{"@type":"SearchAction","target":{"@type":"EntryPoint","urlTemplate":"https:\/\/www.gernikagogoratuz.org\/eu\/?s={search_term_string}"},"query-input":{"@type":"PropertyValueSpecification","valueRequired":true,"valueName":"search_term_string"}}],"inLanguage":"eu-ES"},{"@type":"Organization","@id":"https:\/\/www.gernikagogoratuz.org\/eu\/#organization","name":"Gernika Gogoratuz. Centro de Investigaci\u00f3n por la Paz.","url":"https:\/\/www.gernikagogoratuz.org\/eu\/","logo":{"@type":"ImageObject","inLanguage":"eu-ES","@id":"https:\/\/www.gernikagogoratuz.org\/eu\/#\/schema\/logo\/image\/","url":"https:\/\/www.gernikagogoratuz.org\/wp-content\/uploads\/2018\/10\/gernikagogoratuzogo_es.svg","contentUrl":"https:\/\/www.gernikagogoratuz.org\/wp-content\/uploads\/2018\/10\/gernikagogoratuzogo_es.svg","width":1,"height":1,"caption":"Gernika Gogoratuz. Centro de Investigaci\u00f3n por la Paz."},"image":{"@id":"https:\/\/www.gernikagogoratuz.org\/eu\/#\/schema\/logo\/image\/"},"sameAs":["https:\/\/www.facebook.com\/GernikaGogoratuzFundacion","https:\/\/x.com\/GGogoratuz","https:\/\/www.youtube.com\/user\/gernikagogoratuz\/videos"]}]}},"_links":{"self":[{"href":"https:\/\/www.gernikagogoratuz.org\/eu\/wp-json\/wp\/v2\/pages\/24197","targetHints":{"allow":["GET"]}}],"collection":[{"href":"https:\/\/www.gernikagogoratuz.org\/eu\/wp-json\/wp\/v2\/pages"}],"about":[{"href":"https:\/\/www.gernikagogoratuz.org\/eu\/wp-json\/wp\/v2\/types\/page"}],"author":[{"embeddable":true,"href":"https:\/\/www.gernikagogoratuz.org\/eu\/wp-json\/wp\/v2\/users\/5"}],"replies":[{"embeddable":true,"href":"https:\/\/www.gernikagogoratuz.org\/eu\/wp-json\/wp\/v2\/comments?post=24197"}],"version-history":[{"count":0,"href":"https:\/\/www.gernikagogoratuz.org\/eu\/wp-json\/wp\/v2\/pages\/24197\/revisions"}],"wp:attachment":[{"href":"https:\/\/www.gernikagogoratuz.org\/eu\/wp-json\/wp\/v2\/media?parent=24197"}],"curies":[{"name":"wp","href":"https:\/\/api.w.org\/{rel}","templated":true}]}}