{"id":32503,"date":"2023-03-07T09:09:07","date_gmt":"2023-03-07T08:09:07","guid":{"rendered":"https:\/\/www.gernikagogoratuz.org\/?page_id=32503"},"modified":"2023-03-09T13:57:06","modified_gmt":"2023-03-09T12:57:06","slug":"oroimena","status":"publish","type":"page","link":"https:\/\/www.gernikagogoratuz.org\/eu\/oroimena\/","title":{"rendered":"Oroimena"},"content":{"rendered":"<div class=\"wpb-content-wrapper\"><p>[vc_row][vc_column][vc_empty_space][vc_single_image image=&#8221;26962&#8243; alignment=&#8221;center&#8221;][vc_empty_space][\/vc_column][\/vc_row][vc_row][vc_column width=&#8221;1\/2&#8243;][vc_empty_space][vc_column_text]\u201cGernikako 1937ko bonbardaketa gerra totalaren lehen entseguetako bat izan zen, eta Europan Bigarren Mundu Gerraren aurreko biztanleria zibilaren aurkako aireko bonbardaketen hasiera markatu zuen.[\/vc_column_text][\/vc_column][vc_column width=&#8221;1\/2&#8243;][vc_empty_space][vc_column_text]\u201cOroimen-ikerketek bizikidetza eraikitzeko egiten duten ekarpen pedagogikoari esker, gerraren eta indarkeriaren izugarrikeriak deseraiki eta bakeari buruz hausnarketa egin daiteke\u201d.[\/vc_column_text][\/vc_column][\/vc_row][vc_row][vc_column][vc_empty_space][vc_column_text]<strong>EDUKIEN AURKIBIDEA<\/strong><\/p>\n<ul>\n<li><a href=\"#actividades\">Jarduerak<\/a><\/li>\n<li><a href=\"#testimonios\">Gernikako bonbardaketari buruzko testigantzak<\/a><\/li>\n<li><a href=\"#arteymemoria\">Arte eta Memoria<\/a><\/li>\n<li><a href=\"#publicaciones\">Argitalpenak<\/a><\/li>\n<li><a href=\"#dossierdeprensa\">Prentsa txostena<\/a><\/li>\n<\/ul>\n<hr \/>\n<p>[\/vc_column_text][\/vc_column][\/vc_row][vc_row anchor=&#8221;educacion&#8221; css=&#8221;.vc_custom_1550001976495{margin-top: 30px !important;}&#8221;][vc_column][vc_row_inner el_id=&#8221;actividades&#8221;][vc_column_inner][vc_empty_space height=&#8221;25px&#8221;][vc_empty_space height=&#8221;25px&#8221;][vc_column_text]<\/p>\n<h2 style=\"text-align: center;\">Jarduerak<\/h2>\n<p>[\/vc_column_text][vc_empty_space][vc_column_text]<\/p>\n<p style=\"text-align: center;\"><span id=\"translation_box\" class=\"form-control-text textarea\" role=\"textbox\">Gernikako bonbardaketaren oroimenezko esparruan eginak 1991tik.<\/span><\/p>\n<p>[\/vc_column_text][vc_empty_space][\/vc_column_inner][\/vc_row_inner][vc_column_text]<\/p>\n<p style=\"text-align: center;\"><strong>Gernikako Kultura eta Bakearen Jardunaldiak<\/strong><\/p>\n<p>[\/vc_column_text][vc_row_inner css=&#8221;.vc_custom_1542982198398{margin-top: 30px !important;}&#8221;][vc_column_inner width=&#8221;1\/6&#8243;][vc_empty_space height=&#8221;15px&#8221;][vc_single_image image=&#8221;28338&#8243; img_size=&#8221;full&#8221; onclick=&#8221;custom_link&#8221; link=&#8221;https:\/\/www.gernikagogoratuz.org\/event\/xxxii-jornadas-internacionales-cultura-paz-gernika\/&#8221;][vc_column_text]<strong>Gernikako Kultura eta Bakearen XXXII Jardunaldiak. 2022<br \/>\n<\/strong>[\/vc_column_text][vc_empty_space][\/vc_column_inner][vc_column_inner el_class=&#8221;.home-hacemos&#8221; width=&#8221;1\/6&#8243;][vc_empty_space height=&#8221;15px&#8221;][vc_single_image image=&#8221;27916&#8243; img_size=&#8221;full&#8221; onclick=&#8221;custom_link&#8221; link=&#8221;https:\/\/www.gernikagogoratuz.org\/event\/jornadas-cultura-paz-2021\/&#8221;][vc_column_text]<strong>Gernikako Kultura eta Bakearen XXXI Jardunaldiak. 2021<\/strong>[\/vc_column_text][vc_empty_space][\/vc_column_inner][vc_column_inner width=&#8221;1\/6&#8243;][vc_empty_space height=&#8221;15px&#8221;][vc_single_image image=&#8221;26434&#8243; img_size=&#8221;full&#8221; onclick=&#8221;custom_link&#8221; img_link_target=&#8221;_blank&#8221; link=&#8221;https:\/\/www.gernikagogoratuz.org\/wp-content\/uploads\/2021\/08\/bombardeo-gernika-2020.pdf&#8221;][vc_column_text]<strong><em>Gernikako bonbardaketa gogoan<\/em> Gernikako Bakearen Museoarekin batera. 2020<\/strong>[\/vc_column_text][\/vc_column_inner][vc_column_inner width=&#8221;1\/6&#8243;][vc_empty_space height=&#8221;15px&#8221;][vc_single_image image=&#8221;27908&#8243; img_size=&#8221;full&#8221; onclick=&#8221;custom_link&#8221; link=&#8221;https:\/\/www.gernikagogoratuz.org\/event\/xxix-jornadas-cultura-paz-gernika\/&#8221;][vc_column_text]<strong>Gernikako Kultura eta Bakearen XXIX Jardunaldiak. 2019<\/strong>[\/vc_column_text][vc_empty_space][\/vc_column_inner][vc_column_inner width=&#8221;1\/6&#8243;][vc_empty_space height=&#8221;15px&#8221;][vc_single_image image=&#8221;27904&#8243; img_size=&#8221;full&#8221; onclick=&#8221;custom_link&#8221; link=&#8221;https:\/\/www.gernikagogoratuz.org\/event\/jornadas-cultura-paz-2018\/&#8221;][vc_column_text]<strong>Gernikako Kultura eta Bakearen XXVIII Jardunaldiak. 2018<\/strong>[\/vc_column_text][vc_empty_space][\/vc_column_inner][vc_column_inner width=&#8221;1\/6&#8243;][vc_empty_space height=&#8221;15px&#8221;][vc_single_image image=&#8221;27912&#8243; img_size=&#8221;full&#8221; onclick=&#8221;custom_link&#8221; link=&#8221;https:\/\/www.gernikagogoratuz.org\/event\/jornadas-cultura-paz-2017\/&#8221;][vc_column_text]<strong>Gernikako Kultura eta Bakearen XXVII Jardunaldiak. 2017<\/strong>[\/vc_column_text][vc_empty_space][\/vc_column_inner][\/vc_row_inner][vc_empty_space][\/vc_column][\/vc_row][vc_row][vc_column][vc_column_text]<\/p>\n<p style=\"text-align: center;\"><strong>Gernikako Jardunaldiak: Antimilitarismoa eta Memoria Historikoa<\/strong><\/p>\n<p>[\/vc_column_text][vc_row_inner css=&#8221;.vc_custom_1542982198398{margin-top: 30px !important;}&#8221;][vc_column_inner width=&#8221;1\/5&#8243;][vc_empty_space height=&#8221;10px&#8221;][vc_single_image image=&#8221;30793&#8243; img_size=&#8221;full&#8221; onclick=&#8221;custom_link&#8221; link=&#8221;https:\/\/www.gernikagogoratuz.org\/event\/x-jornadas-antimilitaristas-memoria-historica-gernika\/&#8221;][vc_column_text css=&#8221;.vc_custom_1678177755442{padding-right: 60px !important;padding-left: 60px !important;}&#8221;]<\/p>\n<p style=\"text-align: center;\"><strong>Gernikako X. Jardunaldiak: Antimilitarismoa eta Memoria Historikoa. 2022<br \/>\n<\/strong><\/p>\n<p>[\/vc_column_text][vc_empty_space][\/vc_column_inner][vc_column_inner el_class=&#8221;.home-hacemos&#8221; width=&#8221;1\/5&#8243;][vc_empty_space height=&#8221;10px&#8221;][vc_single_image image=&#8221;27987&#8243; img_size=&#8221;full&#8221; onclick=&#8221;custom_link&#8221; link=&#8221;https:\/\/www.gernikagogoratuz.org\/event\/jornadas-antimilitaristas-2021\/&#8221;][vc_column_text css=&#8221;.vc_custom_1678177778656{padding-right: 60px !important;padding-left: 60px !important;}&#8221;]<\/p>\n<p style=\"text-align: center;\"><strong>Gernikako IX. Jardunaldiak: Antimilitarismoa eta Memoria Historikoa. 2021<br \/>\n<\/strong><\/p>\n<p>[\/vc_column_text][vc_empty_space][\/vc_column_inner][vc_column_inner width=&#8221;1\/5&#8243;][vc_empty_space height=&#8221;10px&#8221;][vc_single_image image=&#8221;27978&#8243; img_size=&#8221;full&#8221; onclick=&#8221;custom_link&#8221; link=&#8221;https:\/\/www.gernikagogoratuz.org\/event\/jornadas-antimilitaristas-y-de-memoria-historica-de-gernika\/&#8221;][vc_column_text css=&#8221;.vc_custom_1678177808354{padding-right: 60px !important;padding-left: 60px !important;}&#8221;]<\/p>\n<p style=\"text-align: center;\"><strong>Gernikako VIII. Jardunaldiak: Antimilitarismoa eta Memoria Historikoa. 2020<\/strong><\/p>\n<p>[\/vc_column_text][vc_empty_space][\/vc_column_inner][vc_column_inner width=&#8221;1\/5&#8243;][vc_empty_space height=&#8221;10px&#8221;][vc_single_image image=&#8221;27975&#8243; img_size=&#8221;full&#8221; onclick=&#8221;custom_link&#8221; link=&#8221;https:\/\/www.gernikagogoratuz.org\/event\/jornadas-antimilitaristas\/&#8221;][vc_column_text css=&#8221;.vc_custom_1678177824967{padding-right: 60px !important;padding-left: 60px !important;}&#8221;]<\/p>\n<p style=\"text-align: center;\"><strong>Gernikako VII. Jardunaldiak: Antimilitarismoa eta Memoria Historikoa. 2019<\/strong><\/p>\n<p>[\/vc_column_text][vc_empty_space][\/vc_column_inner][vc_column_inner width=&#8221;1\/5&#8243;][vc_empty_space height=&#8221;10px&#8221;][vc_single_image image=&#8221;27972&#8243; img_size=&#8221;full&#8221; onclick=&#8221;custom_link&#8221; link=&#8221;https:\/\/www.gernikagogoratuz.org\/event\/jornadas-cultura-paz-2017\/&#8221;][vc_column_text css=&#8221;.vc_custom_1678177843884{padding-right: 60px !important;padding-left: 60px !important;}&#8221;]<\/p>\n<p style=\"text-align: center;\"><strong>Gernikako VI. Jardunaldiak: Antimilitarismoa eta Memoria Historikoa. 2018<\/strong><\/p>\n<p>[\/vc_column_text][vc_empty_space][\/vc_column_inner][\/vc_row_inner][\/vc_column][\/vc_row][vc_row][vc_column][vc_column_text]<\/p>\n<p>[\/vc_column_text][\/vc_column][\/vc_row][vc_row el_id=&#8221;testimonios&#8221;][vc_column][vc_empty_space height=&#8221;25px&#8221;][vc_empty_space height=&#8221;25px&#8221;][vc_column_text]<\/p>\n<h2 style=\"text-align: center;\"><strong>Gernikako bonbardaketari buruzko testigantzak<\/strong><\/h2>\n<p>[\/vc_column_text][vc_empty_space][vc_empty_space][vc_column_text][\/vc_column_text][vc_row_inner][vc_column_inner][vc_column_text]<\/p>\n<h3>Bonbardaketatik bizirik atera ziren gizon-emakumeek<\/h3>\n<p>[\/vc_column_text][\/vc_column_inner][\/vc_row_inner][vc_row_inner css=&#8221;.vc_custom_1542982198398{margin-top: 30px !important;}&#8221;][vc_column_inner el_class=&#8221;.home-hacemos&#8221; width=&#8221;1\/4&#8243;][vc_empty_space][vc_single_image image=&#8221;26719&#8243; img_size=&#8221;full&#8221; onclick=&#8221;custom_link&#8221; link=&#8221;https:\/\/www.gernikagogoratuz.org\/wp-content\/uploads\/2021\/08\/luis_iriondo.pdf&#8221;][vc_empty_space][vc_column_text]<\/p>\n<p style=\"text-align: center;\"><strong><span id=\"translation_box\" class=\"form-control-text textarea\" role=\"textbox\">Luis Iriondoren testigantza<\/span>. 2007<\/strong><\/p>\n<p>[\/vc_column_text][vc_empty_space][\/vc_column_inner][vc_column_inner width=&#8221;1\/4&#8243;][vc_empty_space][vc_single_image image=&#8221;26709&#8243; img_size=&#8221;full&#8221; onclick=&#8221;custom_link&#8221; link=&#8221;https:\/\/www.gernikagogoratuz.org\/wp-content\/uploads\/2021\/08\/pedro_balino.pdf&#8221;][vc_empty_space][vc_column_text]<\/p>\n<p style=\"text-align: center;\"><strong>Pero Bali\u00f1oren testigantza. 2000<br \/>\n<\/strong><\/p>\n<p>[\/vc_column_text][vc_empty_space][\/vc_column_inner][vc_column_inner width=&#8221;1\/4&#8243;][vc_empty_space][vc_single_image image=&#8221;26706&#8243; img_size=&#8221;full&#8221; onclick=&#8221;custom_link&#8221; link=&#8221;https:\/\/www.gernikagogoratuz.org\/wp-content\/uploads\/2021\/08\/miren_gomeza.pdf&#8221;][vc_empty_space][vc_column_text]<\/p>\n<p style=\"text-align: center;\"><strong>Gernikako bonbardaketaren oroitzapenak. Miren de Gomeza Ibieta. 1996<br \/>\n<\/strong><\/p>\n<p>[\/vc_column_text][vc_empty_space][\/vc_column_inner][vc_column_inner width=&#8221;1\/4&#8243;][vc_empty_space][vc_empty_space][vc_empty_space][\/vc_column_inner][\/vc_row_inner][vc_row_inner][vc_column_inner][vc_column_text]<\/p>\n<div class=\"row\">\n<h3 class=\"col-md-12 col-xs-12\">Adiskidetze-mezuak<\/h3>\n<\/div>\n<p>[\/vc_column_text][\/vc_column_inner][\/vc_row_inner][vc_row_inner css=&#8221;.vc_custom_1542982198398{margin-top: 30px !important;}&#8221;][vc_column_inner width=&#8221;1\/4&#8243;][vc_empty_space][vc_single_image image=&#8221;26679&#8243; img_size=&#8221;full&#8221; onclick=&#8221;custom_link&#8221; link=&#8221;https:\/\/issuu.com\/gernikagogoratuz\/docs\/declaracio__n_a4&#8243;][vc_empty_space][vc_column_text]<\/p>\n<p style=\"text-align: center;\"><strong>Von Richthofen eta Von Moreau familien mezua. 2017<br \/>\n<\/strong><\/p>\n<p>[\/vc_column_text][vc_empty_space][\/vc_column_inner][vc_column_inner width=&#8221;1\/4&#8243;][vc_empty_space][vc_single_image image=&#8221;26697&#8243; img_size=&#8221;full&#8221; onclick=&#8221;custom_link&#8221; link=&#8221;https:\/\/www.gernikagogoratuz.org\/wp-content\/uploads\/2021\/08\/roman-herzog.pdf&#8221;][vc_empty_space][vc_column_text]<\/p>\n<p style=\"text-align: center;\"><strong>Roman Herzog, Alemaniako Errepublika Federaleko presidentearen gutuna. 1997<br \/>\n<\/strong><\/p>\n<p>[\/vc_column_text][vc_empty_space][\/vc_column_inner][vc_column_inner width=&#8221;1\/4&#8243;][vc_empty_space][vc_single_image image=&#8221;26703&#8243; img_size=&#8221;full&#8221; onclick=&#8221;custom_link&#8221; link=&#8221;https:\/\/www.gernikagogoratuz.org\/wp-content\/uploads\/2021\/08\/comunicado_Luis.pdf&#8221;][vc_empty_space][vc_column_text]<\/p>\n<p style=\"text-align: center;\"><strong>Luis Iriondok Gernikako bonbardaketatik bizirik atera zirenen izenean egindako hitzaldia. 1997<\/strong><\/p>\n<p>[\/vc_column_text][vc_empty_space][\/vc_column_inner][vc_column_inner width=&#8221;1\/4&#8243;][vc_empty_space][vc_single_image image=&#8221;27727&#8243; img_size=&#8221;full&#8221; onclick=&#8221;custom_link&#8221; link=&#8221;https:\/\/www.gernikagogoratuz.org\/wp-content\/uploads\/2022\/08\/petrakelly.pdf&#8221;][vc_empty_space][vc_column_text]<\/p>\n<p style=\"text-align: center;\"><strong>Petra Kelly: Gernika &#8211; Adiskidetze Keinua. 1987<br \/>\n<\/strong><\/p>\n<p>[\/vc_column_text][vc_empty_space][\/vc_column_inner][\/vc_row_inner][vc_row_inner][vc_column_inner][vc_column_text]<\/p>\n<h4>Nora Lang, Dresdeneko bonbardaketatik bizirik atera zenaren gutunak<\/h4>\n<hr \/>\n<h4><\/h4>\n<p>[\/vc_column_text][\/vc_column_inner][\/vc_row_inner][vc_row_inner css=&#8221;.vc_custom_1542982198398{margin-top: 30px !important;}&#8221;][vc_column_inner width=&#8221;1\/5&#8243;][vc_empty_space][vc_single_image image=&#8221;29104&#8243; img_size=&#8221;full&#8221; onclick=&#8221;custom_link&#8221; link=&#8221;https:\/\/www.gernikagogoratuz.org\/wp-content\/uploads\/2022\/08\/carta-Nora-Lang-4-rosas.pdf&#8221;][vc_empty_space][vc_column_text]<\/p>\n<p style=\"text-align: center;\"><strong>&#8220;4 rosas rojas peque\u00f1as&#8221; gutuna 2022<\/strong><\/p>\n<p>[\/vc_column_text][vc_empty_space][\/vc_column_inner][vc_column_inner el_class=&#8221;.home-hacemos&#8221; width=&#8221;1\/5&#8243;][vc_empty_space][vc_single_image image=&#8221;29095&#8243; img_size=&#8221;full&#8221; onclick=&#8221;custom_link&#8221; link=&#8221;https:\/\/www.gernikagogoratuz.org\/wp-content\/uploads\/2022\/08\/Carta_Strauwitz.pdf&#8221;][vc_empty_space][vc_column_text]<\/p>\n<p style=\"text-align: center;\"><strong>J\u00fcrgen v. Strauwitzen gutuna 2022<\/strong><\/p>\n<p>[\/vc_column_text][vc_empty_space][\/vc_column_inner][vc_column_inner width=&#8221;1\/5&#8243;][vc_empty_space][vc_single_image image=&#8221;29098&#8243; img_size=&#8221;full&#8221; onclick=&#8221;custom_link&#8221; link=&#8221;https:\/\/www.gernikagogoratuz.org\/wp-content\/uploads\/2022\/08\/Llamamiento-Christoph-adam.pdf&#8221;][vc_empty_space][vc_column_text]<\/p>\n<p style=\"text-align: center;\"><strong>Munduko bakerako deia Dresdenen. 2022<br \/>\n<\/strong><\/p>\n<p>[\/vc_column_text][vc_empty_space][\/vc_column_inner][vc_column_inner width=&#8221;1\/5&#8243;][vc_empty_space][vc_single_image image=&#8221;29101&#8243; img_size=&#8221;full&#8221; onclick=&#8221;custom_link&#8221; link=&#8221;https:\/\/www.gernikagogoratuz.org\/wp-content\/uploads\/2022\/08\/preguntas-supervivientes.pdf&#8221;][vc_empty_space][vc_column_text]<\/p>\n<p style=\"text-align: center;\"><strong>Bizirik atera diren beste batzuei egindako galderak eta erantzunak. 2022<br \/>\n<\/strong><\/p>\n<p>[\/vc_column_text][vc_empty_space][\/vc_column_inner][vc_column_inner width=&#8221;1\/5&#8243;][vc_empty_space][vc_single_image image=&#8221;26713&#8243; img_size=&#8221;full&#8221; onclick=&#8221;custom_link&#8221; link=&#8221;https:\/\/www.gernikagogoratuz.org\/wp-content\/uploads\/2021\/08\/actividades_dresde.pdf&#8221;][vc_empty_space][vc_column_text]<\/p>\n<p style=\"text-align: center;\"><strong>Itxaropenaren eta adiskidetzearen sinboloa. 2000<br \/>\n<\/strong><\/p>\n<p>[\/vc_column_text][vc_empty_space][\/vc_column_inner][\/vc_row_inner][vc_row_inner][vc_column_inner][vc_column_text]<\/p>\n<h3>&#8220;Elkarrekin joan gaitezen bakean&#8221; ekimena<\/h3>\n<p>[\/vc_column_text][\/vc_column_inner][\/vc_row_inner][vc_row_inner css=&#8221;.vc_custom_1542982198398{margin-top: 30px !important;}&#8221;][vc_column_inner width=&#8221;1\/5&#8243;][vc_empty_space][vc_single_image image=&#8221;28932&#8243; img_size=&#8221;full&#8221; onclick=&#8221;custom_link&#8221; link=&#8221;https:\/\/www.gernikagogoratuz.org\/wp-content\/uploads\/2022\/07\/iniciativa-marchemos-juntos-paz-1.jpg&#8221;][vc_empty_space][vc_column_text]<\/p>\n<p style=\"text-align: center;\"><strong>&#8220;Elkarrekin joan gaitezen bakean&#8221; ekimena. Luis Iriondoren gutuna. 2018<br \/>\n<\/strong><\/p>\n<p>[\/vc_column_text][vc_empty_space][\/vc_column_inner][vc_column_inner width=&#8221;1\/5&#8243;][vc_empty_space][vc_single_image image=&#8221;28938&#8243; img_size=&#8221;full&#8221; onclick=&#8221;custom_link&#8221; link=&#8221;https:\/\/www.gernikagogoratuz.org\/wp-content\/uploads\/2022\/07\/Beitrittserklarung-Hiroshima-26042013.pdf&#8221;][vc_empty_space][vc_column_text]<\/p>\n<p style=\"text-align: center;\"><strong>Hiroshimaren atxikipen-adierazpena. 2013<\/strong><\/p>\n<p>[\/vc_column_text][vc_empty_space][\/vc_column_inner][vc_column_inner width=&#8221;1\/5&#8243;][vc_empty_space][vc_single_image image=&#8221;28947&#8243; img_size=&#8221;full&#8221; onclick=&#8221;custom_link&#8221; link=&#8221;https:\/\/www.gernikagogoratuz.org\/wp-content\/uploads\/2022\/07\/Beitrittserklarung-Dresden-Gernika-Nagasaki-26052013.pdf&#8221;][vc_empty_space][vc_column_text]<\/p>\n<p style=\"text-align: center;\"><strong>Gernikako eta Nagasakiko biktimen lankidetzarako sinadura. 2013<br \/>\n<\/strong><\/p>\n<p>[\/vc_column_text][vc_empty_space][\/vc_column_inner][vc_column_inner el_class=&#8221;.home-hacemos&#8221; width=&#8221;1\/5&#8243;][vc_empty_space][vc_single_image image=&#8221;28944&#8243; img_size=&#8221;full&#8221; onclick=&#8221;custom_link&#8221; link=&#8221;https:\/\/www.gernikagogoratuz.org\/wp-content\/uploads\/2022\/07\/Beitrittserklarung-andere-Stadt-Japan-26042013.pdf&#8221;][vc_empty_space][vc_column_text]<\/p>\n<p style=\"text-align: center;\"><strong>Japonia hiriari atxikitzeko adierazpena. 2013 <\/strong><\/p>\n<p>[\/vc_column_text][vc_empty_space][\/vc_column_inner][vc_column_inner width=&#8221;1\/5&#8243;][vc_empty_space][vc_single_image image=&#8221;28941&#8243; img_size=&#8221;full&#8221; onclick=&#8221;custom_link&#8221; link=&#8221;https:\/\/www.gernikagogoratuz.org\/wp-content\/uploads\/2022\/07\/Beschluss-Gernika-Nagasaki-japones-castellano-26042012.pdf&#8221;][vc_empty_space][vc_column_text]<\/p>\n<p style=\"text-align: center;\"><strong>Gernikako eta Nagasakiko biktimen arteko lankidetza hitzarmena (gaztelaniaz). 2012<br \/>\n<\/strong><\/p>\n<p>[\/vc_column_text][vc_empty_space][\/vc_column_inner][\/vc_row_inner][vc_row_inner][vc_column_inner][vc_column_text]<\/p>\n<h3>Ikus-entzunezko<\/h3>\n<p>[\/vc_column_text][\/vc_column_inner][\/vc_row_inner][vc_row_inner css=&#8221;.vc_custom_1542982198398{margin-top: 30px !important;}&#8221;][vc_column_inner el_class=&#8221;.home-hacemos&#8221; width=&#8221;1\/6&#8243;][vc_empty_space][vc_single_image image=&#8221;23875&#8243; img_size=&#8221;full&#8221; onclick=&#8221;custom_link&#8221; link=&#8221;https:\/\/www.gernikagogoratuz.org\/portfolio-item\/dieprand-von-richthofen-y-karl-benedikt-von-moreau-en-el-marco-del-80-aniversario-del-bombardeo-de-gernika\/&#8221;][vc_empty_space][vc_column_text]<\/p>\n<p style=\"text-align: center;\"><strong>Gernika. Ciudad de la Paz. Di\u00e1logos. 2018<\/strong><\/p>\n<p>[\/vc_column_text][vc_empty_space][\/vc_column_inner][vc_column_inner width=&#8221;1\/6&#8243;][vc_empty_space][vc_single_image image=&#8221;26672&#8243; img_size=&#8221;full&#8221; onclick=&#8221;custom_link&#8221; link=&#8221;https:\/\/www.youtube.com\/watch?v=HlP-iBkQBp0&amp;list=PLySH1KoUt73BUgVF9aaNZ9SF8kw_sFoEG&amp;index=4&#8243;][vc_empty_space][vc_column_text]<\/p>\n<p style=\"text-align: center;\"><strong>Argazki marrazki. 2013<\/strong><\/p>\n<p>[\/vc_column_text][vc_empty_space][\/vc_column_inner][vc_column_inner width=&#8221;1\/6&#8243;][vc_empty_space][vc_single_image image=&#8221;23878&#8243; img_size=&#8221;full&#8221; onclick=&#8221;custom_link&#8221; link=&#8221;https:\/\/www.gernikagogoratuz.org\/portfolio-item\/ikusmen-ahotsa-la-voz-visual-die-sichtbare-stimme\/&#8221;][vc_empty_space][vc_column_text]<\/p>\n<p style=\"text-align: center;\"><strong>La voz visual. 2008<\/strong><\/p>\n<p>[\/vc_column_text][vc_empty_space][\/vc_column_inner][vc_column_inner width=&#8221;1\/6&#8243;][vc_empty_space][vc_single_image image=&#8221;23884&#8243; img_size=&#8221;full&#8221; onclick=&#8221;custom_link&#8221; link=&#8221;https:\/\/www.gernikagogoratuz.org\/portfolio-item\/bizi-naizen-lekutik-desde-el-lugar-en-el-que-vivo-din-locul-unde-traiesc\/&#8221;][vc_empty_space][vc_column_text]<\/p>\n<p style=\"text-align: center;\"><strong>Bizi naizen lekutik. 2008<\/strong><\/p>\n<p>[\/vc_column_text][vc_empty_space][\/vc_column_inner][vc_column_inner width=&#8221;1\/6&#8243;][vc_empty_space][vc_single_image image=&#8221;26664&#8243; img_size=&#8221;full&#8221; onclick=&#8221;custom_link&#8221; link=&#8221;https:\/\/www.youtube.com\/watch?v=nyLH2Jh18VI&amp;list=PLySH1KoUt73BUgVF9aaNZ9SF8kw_sFoEG&amp;index=1&#8243;][vc_empty_space][vc_column_text]<\/p>\n<p style=\"text-align: center;\"><strong>The mark of men. 1998<br \/>\n<\/strong><\/p>\n<p>[\/vc_column_text][vc_empty_space][\/vc_column_inner][vc_column_inner width=&#8221;1\/6&#8243;][vc_empty_space][vc_single_image image=&#8221;27936&#8243; img_size=&#8221;full&#8221; onclick=&#8221;custom_link&#8221; link=&#8221;https:\/\/www.gernikagogoratuz.org\/portfolio-item\/huella-humana-bombardeo-gernika\/&#8221;][vc_empty_space][vc_column_text]<\/p>\n<p style=\"text-align: center;\"><strong>La huella humana. 1998<\/strong><\/p>\n<p>[\/vc_column_text][vc_empty_space][\/vc_column_inner][\/vc_row_inner][\/vc_column][\/vc_row][vc_row anchor=&#8221;educacion&#8221; css=&#8221;.vc_custom_1550001976495{margin-top: 30px !important;}&#8221;][vc_column][vc_row_inner el_id=&#8221;arteymemoria&#8221;][vc_column_inner][vc_empty_space height=&#8221;25px&#8221;][vc_empty_space height=&#8221;25px&#8221;][vc_column_text]<\/p>\n<h2 style=\"text-align: center;\"><strong>Arte eta Memoria<\/strong><\/h2>\n<p>[\/vc_column_text][\/vc_column_inner][\/vc_row_inner][vc_empty_space][vc_column_text]<\/p>\n<p style=\"text-align: center;\">Oroimeneko esku-hartze artistikoak.<\/p>\n<p>[\/vc_column_text][vc_row_inner css=&#8221;.vc_custom_1542982198398{margin-top: 30px !important;}&#8221;][vc_column_inner width=&#8221;1\/4&#8243;][vc_empty_space][vc_empty_space][\/vc_column_inner][vc_column_inner width=&#8221;1\/4&#8243;][vc_empty_space][vc_single_image image=&#8221;26687&#8243; img_size=&#8221;full&#8221; onclick=&#8221;custom_link&#8221; link=&#8221;https:\/\/www.gernikagogoratuz.org\/proyecto-himmelstausch-intercambio-cielos-gernika-2\/&#8221;][vc_empty_space][\/vc_column_inner][vc_column_inner width=&#8221;1\/4&#8243;][vc_empty_space][vc_single_image image=&#8221;26690&#8243; img_size=&#8221;full&#8221; onclick=&#8221;custom_link&#8221; link=&#8221;https:\/\/issuu.com\/gernikagogoratuz\/docs\/gernika-guernika&#8221;][vc_empty_space][\/vc_column_inner][vc_column_inner width=&#8221;1\/4&#8243;][vc_empty_space][vc_empty_space][\/vc_column_inner][\/vc_row_inner][vc_empty_space][\/vc_column][\/vc_row][vc_row anchor=&#8221;educacion&#8221; css=&#8221;.vc_custom_1659083807760{margin-top: 30px !important;}&#8221;][vc_column][vc_row_inner el_id=&#8221;publicaciones&#8221;][vc_column_inner][vc_empty_space height=&#8221;25px&#8221;][vc_empty_space height=&#8221;25px&#8221;][vc_column_text]<\/p>\n<h2 style=\"text-align: center;\"><strong>Argitalpenak<\/strong><\/h2>\n<p>[\/vc_column_text][vc_empty_space height=&#8221;25px&#8221;][\/vc_column_inner][\/vc_row_inner][vc_row_inner][vc_column_inner][vc_empty_space][\/vc_column_inner][\/vc_row_inner][\/vc_column][\/vc_row][vc_row][vc_column][vc_row_inner css=&#8221;.vc_custom_1542982198398{margin-top: 30px !important;}&#8221;][vc_column_inner el_class=&#8221;.home-hacemos&#8221; width=&#8221;1\/5&#8243;][vc_empty_space][vc_single_image image=&#8221;31907&#8243; img_size=&#8221;full&#8221; onclick=&#8221;custom_link&#8221; link=&#8221;https:\/\/www.gernikagogoratuz.org\/portfolio-item\/bonanzas-culturales-y-barbarismos-mercantiles-del-recuerdo-del-bombardeo-de-gernika-y-otros-bienes-culturales-kepa-fernandez-de-larrinoa-y-daniel-rementeria-arruza\/&#8221;][vc_empty_space][\/vc_column_inner][vc_column_inner width=&#8221;1\/5&#8243;][vc_empty_space][vc_single_image image=&#8221;31741&#8243; img_size=&#8221;full&#8221; onclick=&#8221;custom_link&#8221; link=&#8221;https:\/\/www.gernikagogoratuz.org\/portfolio-item\/el-hospital-militar-de-prisioneros-de-guerra-de-gernika-1938-1940-gernikako-gerra-presoen-ospitale-militarra-coord-amagoia-lopez-de-larruzea-zarate-koordinatzailea\/&#8221;][vc_empty_space][\/vc_column_inner][vc_column_inner width=&#8221;1\/5&#8243;][vc_empty_space][vc_single_image image=&#8221;27957&#8243; img_size=&#8221;full&#8221; onclick=&#8221;custom_link&#8221; link=&#8221;https:\/\/www.gernikagogoratuz.org\/portfolio-item\/memorialab-dialogue-memory-and-social-healing-in-the-basque-country-a-methodological-note-inigo-retolaza\/&#8221;][vc_empty_space][\/vc_column_inner][vc_column_inner width=&#8221;1\/5&#8243;][vc_empty_space][vc_single_image image=&#8221;27954&#8243; img_size=&#8221;full&#8221; onclick=&#8221;custom_link&#8221; link=&#8221;https:\/\/www.gernikagogoratuz.org\/portfolio-item\/afaloste-laboratorio-gastronomico-social\/&#8221;][vc_empty_space][\/vc_column_inner][vc_column_inner width=&#8221;1\/5&#8243;][vc_empty_space][vc_single_image image=&#8221;22460&#8243; img_size=&#8221;full&#8221; onclick=&#8221;custom_link&#8221; link=&#8221;https:\/\/www.gernikagogoratuz.org\/portfolio-item\/la-generacion-de-entornos-dialogicos-in%cc%83igo-retolaza-revista-por-la-paz-no-36-icip\/&#8221;][vc_empty_space][\/vc_column_inner][\/vc_row_inner][vc_row_inner css=&#8221;.vc_custom_1542982198398{margin-top: 30px !important;}&#8221;][vc_column_inner el_class=&#8221;.home-hacemos&#8221; width=&#8221;1\/5&#8243;][vc_empty_space][vc_single_image image=&#8221;22473&#8243; img_size=&#8221;full&#8221; onclick=&#8221;custom_link&#8221; link=&#8221;https:\/\/www.gernikagogoratuz.org\/portfolio-item\/laboratorios-para-la-construccion-social-de-memoria-en-el-pais-vasco-maria-oianguren-revista-por-la-paz-no-27-icip\/&#8221;][vc_empty_space][\/vc_column_inner][vc_column_inner width=&#8221;1\/5&#8243;][vc_empty_space][vc_single_image image=&#8221;22491&#8243; img_size=&#8221;full&#8221; onclick=&#8221;custom_link&#8221; link=&#8221;https:\/\/www.gernikagogoratuz.org\/portfolio-item\/memorialab-encuentros-ciudadanos-construccion-social-de-la-memoria\/&#8221;][vc_empty_space][\/vc_column_inner][vc_column_inner width=&#8221;1\/5&#8243;][vc_empty_space][vc_single_image image=&#8221;27961&#8243; img_size=&#8221;full&#8221; onclick=&#8221;custom_link&#8221; link=&#8221;https:\/\/www.gernikagogoratuz.org\/portfolio-item\/narrativas-de-resistencia-y-solidaridad-jornadas-antimilitaristas-y-memoria-historica-de-gernika-en-astra\/&#8221;][vc_empty_space][\/vc_column_inner][vc_column_inner width=&#8221;1\/5&#8243;][vc_empty_space][vc_single_image image=&#8221;27074&#8243; img_size=&#8221;full&#8221; onclick=&#8221;custom_link&#8221; link=&#8221;https:\/\/www.gernikagogoratuz.org\/portfolio-item\/gernika-por-la-paz-y-la-reconciliacion-joseba-gomez-y-amaia-ballesteros\/&#8221;][vc_empty_space][\/vc_column_inner][vc_column_inner width=&#8221;1\/5&#8243;][vc_empty_space][vc_single_image image=&#8221;28970&#8243; img_size=&#8221;full&#8221; onclick=&#8221;custom_link&#8221; link=&#8221;https:\/\/www.gernikagogoratuz.org\/portfolio-item\/germnika-es\/&#8221;][vc_empty_space][\/vc_column_inner][\/vc_row_inner][vc_row_inner css=&#8221;.vc_custom_1542982198398{margin-top: 30px !important;}&#8221;][vc_column_inner el_class=&#8221;.home-hacemos&#8221; width=&#8221;1\/5&#8243;][vc_empty_space][vc_single_image image=&#8221;24744&#8243; img_size=&#8221;full&#8221; onclick=&#8221;custom_link&#8221; link=&#8221;https:\/\/www.gernikagogoratuz.org\/portfolio-item\/pedagogia-de-la-memoria\/&#8221;][vc_empty_space][\/vc_column_inner][vc_column_inner width=&#8221;1\/5&#8243;][vc_empty_space][vc_single_image image=&#8221;27078&#8243; img_size=&#8221;full&#8221; onclick=&#8221;custom_link&#8221; link=&#8221;https:\/\/www.gernikagogoratuz.org\/portfolio-item\/gernika-guernica-anita-glesta\/&#8221;][vc_empty_space][\/vc_column_inner][vc_column_inner width=&#8221;1\/5&#8243;][vc_empty_space][vc_single_image image=&#8221;24905&#8243; img_size=&#8221;full&#8221; onclick=&#8221;custom_link&#8221; link=&#8221;https:\/\/www.gernikagogoratuz.org\/portfolio-item\/gernika-alemania-historia-reconciliacion\/&#8221;][vc_empty_space][\/vc_column_inner][vc_column_inner width=&#8221;1\/5&#8243;][vc_empty_space][vc_single_image image=&#8221;24908&#8243; img_size=&#8221;full&#8221; onclick=&#8221;custom_link&#8221; link=&#8221;https:\/\/www.gernikagogoratuz.org\/portfolio-item\/memoria-colectiva-del-bombardeo-gernika\/&#8221;][vc_empty_space][\/vc_column_inner][vc_column_inner width=&#8221;1\/5&#8243;][vc_empty_space][vc_empty_space][\/vc_column_inner][\/vc_row_inner][\/vc_column][\/vc_row][vc_row anchor=&#8221;educacion&#8221; css=&#8221;.vc_custom_1550001976495{margin-top: 30px !important;}&#8221;][vc_column][vc_row_inner el_id=&#8221;dossierdeprensa&#8221;][vc_column_inner][vc_empty_space height=&#8221;25px&#8221;][vc_empty_space height=&#8221;25px&#8221;][vc_column_text]<\/p>\n<h2 style=\"text-align: center;\"><strong>Prentsa txostena<\/strong><\/h2>\n<p>[\/vc_column_text][\/vc_column_inner][\/vc_row_inner][vc_empty_space][vc_column_text]<\/p>\n<h3 style=\"text-align: center;\"><a href=\"https:\/\/www.gernikagogoratuz.org\/memoria\/memoria-colectiva-dossier-prensa\/\" target=\"_blank\" rel=\"noopener\"><span style=\"color: #7caa6a;\">Kontsultatu prentsa-dosier osoa<\/span><\/a><\/h3>\n<p>[\/vc_column_text][vc_empty_space][vc_empty_space][\/vc_column][\/vc_row][vc_row][vc_column width=&#8221;1\/4&#8243;][vc_single_image image=&#8221;26813&#8243; img_size=&#8221;medium&#8221;][\/vc_column][vc_column width=&#8221;1\/4&#8243;][vc_single_image image=&#8221;26907&#8243; img_size=&#8221;medium&#8221;][\/vc_column][vc_column width=&#8221;1\/4&#8243;][vc_single_image image=&#8221;26886&#8243; img_size=&#8221;medium&#8221;][\/vc_column][vc_column width=&#8221;1\/4&#8243;][vc_single_image image=&#8221;26931&#8243; img_size=&#8221;medium&#8221;][\/vc_column][\/vc_row][vc_row][vc_column][vc_empty_space][vc_empty_space][\/vc_column][\/vc_row]<\/p>\n<\/div>","protected":false},"excerpt":{"rendered":"<p>[vc_row][vc_column][vc_empty_space][vc_single_image image=&#8221;26962&#8243; alignment=&#8221;center&#8221;][vc_empty_space][\/vc_column][\/vc_row][vc_row][vc_column width=&#8221;1\/2&#8243;][vc_empty_space][vc_column_text]\u201cGernikako 1937ko bonbardaketa gerra totalaren lehen entseguetako bat izan zen, eta Europan Bigarren Mundu Gerraren aurreko biztanleria zibilaren aurkako aireko bonbardaketen hasiera markatu zuen.[\/vc_column_text][\/vc_column][vc_column width=&#8221;1\/2&#8243;][vc_empty_space][vc_column_text]\u201cOroimen-ikerketek bizikidetza eraikitzeko egiten duten ekarpen pedagogikoari esker, gerraren eta indarkeriaren izugarrikeriak deseraiki eta bakeari buruz hausnarketa egin daiteke\u201d.[\/vc_column_text][\/vc_column][\/vc_row][vc_row][vc_column][vc_empty_space][vc_column_text]EDUKIEN AURKIBIDEA Jarduerak Gernikako bonbardaketari buruzko testigantzak Arte eta Memoria&#8230;<\/p>\n","protected":false},"author":5,"featured_media":0,"parent":0,"menu_order":0,"comment_status":"closed","ping_status":"closed","template":"","meta":{"inline_featured_image":false,"footnotes":""},"class_list":["post-32503","page","type-page","status-publish","hentry"],"yoast_head":"<!-- This site is optimized with the Yoast SEO plugin v27.5 - https:\/\/yoast.com\/product\/yoast-seo-wordpress\/ -->\n<title>Gernika Gogoratuz. Centro de Investigaci\u00f3n por la Paz<\/title>\n<meta name=\"description\" content=\"Investigaci\u00f3n, formaci\u00f3n y divulgaci\u00f3n de la Cultura de Paz. Gernika, Ciudad de la Paz en el Siglo XXI. Centro de Estudios por la Paz.\" \/>\n<meta name=\"robots\" content=\"index, follow, max-snippet:-1, max-image-preview:large, max-video-preview:-1\" \/>\n<link rel=\"canonical\" href=\"https:\/\/www.gernikagogoratuz.org\/eu\/oroimena\/\" \/>\n<meta property=\"og:locale\" content=\"eu_ES\" \/>\n<meta property=\"og:type\" content=\"article\" \/>\n<meta property=\"og:title\" content=\"Gernika Gogoratuz. Centro de Investigaci\u00f3n por la Paz\" \/>\n<meta property=\"og:description\" content=\"Investigaci\u00f3n, formaci\u00f3n y divulgaci\u00f3n de la Cultura de Paz. Gernika, Ciudad de la Paz en el Siglo XXI. Centro de Estudios por la Paz.\" \/>\n<meta property=\"og:url\" content=\"https:\/\/www.gernikagogoratuz.org\/eu\/oroimena\/\" \/>\n<meta property=\"og:site_name\" content=\"Gernika Gogoratuz\" \/>\n<meta property=\"article:publisher\" content=\"https:\/\/www.facebook.com\/GernikaGogoratuzFundacion\" \/>\n<meta property=\"article:modified_time\" content=\"2023-03-09T12:57:06+00:00\" \/>\n<meta name=\"twitter:card\" content=\"summary_large_image\" \/>\n<meta name=\"twitter:site\" content=\"@GGogoratuz\" \/>\n<meta name=\"twitter:label1\" content=\"Est. reading time\" \/>\n\t<meta name=\"twitter:data1\" content=\"4 minutes\" \/>\n<script type=\"application\/ld+json\" class=\"yoast-schema-graph\">{\"@context\":\"https:\\\/\\\/schema.org\",\"@graph\":[{\"@type\":\"WebPage\",\"@id\":\"https:\\\/\\\/www.gernikagogoratuz.org\\\/eu\\\/oroimena\\\/\",\"url\":\"https:\\\/\\\/www.gernikagogoratuz.org\\\/eu\\\/oroimena\\\/\",\"name\":\"Gernika Gogoratuz. Centro de Investigaci\u00f3n por la Paz\",\"isPartOf\":{\"@id\":\"https:\\\/\\\/www.gernikagogoratuz.org\\\/eu\\\/#website\"},\"datePublished\":\"2023-03-07T08:09:07+00:00\",\"dateModified\":\"2023-03-09T12:57:06+00:00\",\"description\":\"Investigaci\u00f3n, formaci\u00f3n y divulgaci\u00f3n de la Cultura de Paz. Gernika, Ciudad de la Paz en el Siglo XXI. Centro de Estudios por la Paz.\",\"breadcrumb\":{\"@id\":\"https:\\\/\\\/www.gernikagogoratuz.org\\\/eu\\\/oroimena\\\/#breadcrumb\"},\"inLanguage\":\"eu-ES\",\"potentialAction\":[{\"@type\":\"ReadAction\",\"target\":[\"https:\\\/\\\/www.gernikagogoratuz.org\\\/eu\\\/oroimena\\\/\"]}]},{\"@type\":\"BreadcrumbList\",\"@id\":\"https:\\\/\\\/www.gernikagogoratuz.org\\\/eu\\\/oroimena\\\/#breadcrumb\",\"itemListElement\":[{\"@type\":\"ListItem\",\"position\":1,\"name\":\"Portada\",\"item\":\"https:\\\/\\\/www.gernikagogoratuz.org\\\/eu\\\/\"},{\"@type\":\"ListItem\",\"position\":2,\"name\":\"Oroimena\"}]},{\"@type\":\"WebSite\",\"@id\":\"https:\\\/\\\/www.gernikagogoratuz.org\\\/eu\\\/#website\",\"url\":\"https:\\\/\\\/www.gernikagogoratuz.org\\\/eu\\\/\",\"name\":\"Gernika Gogoratuz\",\"description\":\"Centro de investigaci\u00f3n por la paz\",\"publisher\":{\"@id\":\"https:\\\/\\\/www.gernikagogoratuz.org\\\/eu\\\/#organization\"},\"potentialAction\":[{\"@type\":\"SearchAction\",\"target\":{\"@type\":\"EntryPoint\",\"urlTemplate\":\"https:\\\/\\\/www.gernikagogoratuz.org\\\/eu\\\/?s={search_term_string}\"},\"query-input\":{\"@type\":\"PropertyValueSpecification\",\"valueRequired\":true,\"valueName\":\"search_term_string\"}}],\"inLanguage\":\"eu-ES\"},{\"@type\":\"Organization\",\"@id\":\"https:\\\/\\\/www.gernikagogoratuz.org\\\/eu\\\/#organization\",\"name\":\"Gernika Gogoratuz. Centro de Investigaci\u00f3n por la Paz.\",\"url\":\"https:\\\/\\\/www.gernikagogoratuz.org\\\/eu\\\/\",\"logo\":{\"@type\":\"ImageObject\",\"inLanguage\":\"eu-ES\",\"@id\":\"https:\\\/\\\/www.gernikagogoratuz.org\\\/eu\\\/#\\\/schema\\\/logo\\\/image\\\/\",\"url\":\"https:\\\/\\\/www.gernikagogoratuz.org\\\/wp-content\\\/uploads\\\/2018\\\/10\\\/gernikagogoratuzogo_es.svg\",\"contentUrl\":\"https:\\\/\\\/www.gernikagogoratuz.org\\\/wp-content\\\/uploads\\\/2018\\\/10\\\/gernikagogoratuzogo_es.svg\",\"width\":1,\"height\":1,\"caption\":\"Gernika Gogoratuz. Centro de Investigaci\u00f3n por la Paz.\"},\"image\":{\"@id\":\"https:\\\/\\\/www.gernikagogoratuz.org\\\/eu\\\/#\\\/schema\\\/logo\\\/image\\\/\"},\"sameAs\":[\"https:\\\/\\\/www.facebook.com\\\/GernikaGogoratuzFundacion\",\"https:\\\/\\\/x.com\\\/GGogoratuz\",\"https:\\\/\\\/www.youtube.com\\\/user\\\/gernikagogoratuz\\\/videos\"]}]}<\/script>\n<!-- \/ Yoast SEO plugin. -->","yoast_head_json":{"title":"Gernika Gogoratuz. Centro de Investigaci\u00f3n por la Paz","description":"Investigaci\u00f3n, formaci\u00f3n y divulgaci\u00f3n de la Cultura de Paz. Gernika, Ciudad de la Paz en el Siglo XXI. Centro de Estudios por la Paz.","robots":{"index":"index","follow":"follow","max-snippet":"max-snippet:-1","max-image-preview":"max-image-preview:large","max-video-preview":"max-video-preview:-1"},"canonical":"https:\/\/www.gernikagogoratuz.org\/eu\/oroimena\/","og_locale":"eu_ES","og_type":"article","og_title":"Gernika Gogoratuz. Centro de Investigaci\u00f3n por la Paz","og_description":"Investigaci\u00f3n, formaci\u00f3n y divulgaci\u00f3n de la Cultura de Paz. Gernika, Ciudad de la Paz en el Siglo XXI. Centro de Estudios por la Paz.","og_url":"https:\/\/www.gernikagogoratuz.org\/eu\/oroimena\/","og_site_name":"Gernika Gogoratuz","article_publisher":"https:\/\/www.facebook.com\/GernikaGogoratuzFundacion","article_modified_time":"2023-03-09T12:57:06+00:00","twitter_card":"summary_large_image","twitter_site":"@GGogoratuz","twitter_misc":{"Est. reading time":"4 minutes"},"schema":{"@context":"https:\/\/schema.org","@graph":[{"@type":"WebPage","@id":"https:\/\/www.gernikagogoratuz.org\/eu\/oroimena\/","url":"https:\/\/www.gernikagogoratuz.org\/eu\/oroimena\/","name":"Gernika Gogoratuz. Centro de Investigaci\u00f3n por la Paz","isPartOf":{"@id":"https:\/\/www.gernikagogoratuz.org\/eu\/#website"},"datePublished":"2023-03-07T08:09:07+00:00","dateModified":"2023-03-09T12:57:06+00:00","description":"Investigaci\u00f3n, formaci\u00f3n y divulgaci\u00f3n de la Cultura de Paz. Gernika, Ciudad de la Paz en el Siglo XXI. Centro de Estudios por la Paz.","breadcrumb":{"@id":"https:\/\/www.gernikagogoratuz.org\/eu\/oroimena\/#breadcrumb"},"inLanguage":"eu-ES","potentialAction":[{"@type":"ReadAction","target":["https:\/\/www.gernikagogoratuz.org\/eu\/oroimena\/"]}]},{"@type":"BreadcrumbList","@id":"https:\/\/www.gernikagogoratuz.org\/eu\/oroimena\/#breadcrumb","itemListElement":[{"@type":"ListItem","position":1,"name":"Portada","item":"https:\/\/www.gernikagogoratuz.org\/eu\/"},{"@type":"ListItem","position":2,"name":"Oroimena"}]},{"@type":"WebSite","@id":"https:\/\/www.gernikagogoratuz.org\/eu\/#website","url":"https:\/\/www.gernikagogoratuz.org\/eu\/","name":"Gernika Gogoratuz","description":"Centro de investigaci\u00f3n por la paz","publisher":{"@id":"https:\/\/www.gernikagogoratuz.org\/eu\/#organization"},"potentialAction":[{"@type":"SearchAction","target":{"@type":"EntryPoint","urlTemplate":"https:\/\/www.gernikagogoratuz.org\/eu\/?s={search_term_string}"},"query-input":{"@type":"PropertyValueSpecification","valueRequired":true,"valueName":"search_term_string"}}],"inLanguage":"eu-ES"},{"@type":"Organization","@id":"https:\/\/www.gernikagogoratuz.org\/eu\/#organization","name":"Gernika Gogoratuz. Centro de Investigaci\u00f3n por la Paz.","url":"https:\/\/www.gernikagogoratuz.org\/eu\/","logo":{"@type":"ImageObject","inLanguage":"eu-ES","@id":"https:\/\/www.gernikagogoratuz.org\/eu\/#\/schema\/logo\/image\/","url":"https:\/\/www.gernikagogoratuz.org\/wp-content\/uploads\/2018\/10\/gernikagogoratuzogo_es.svg","contentUrl":"https:\/\/www.gernikagogoratuz.org\/wp-content\/uploads\/2018\/10\/gernikagogoratuzogo_es.svg","width":1,"height":1,"caption":"Gernika Gogoratuz. Centro de Investigaci\u00f3n por la Paz."},"image":{"@id":"https:\/\/www.gernikagogoratuz.org\/eu\/#\/schema\/logo\/image\/"},"sameAs":["https:\/\/www.facebook.com\/GernikaGogoratuzFundacion","https:\/\/x.com\/GGogoratuz","https:\/\/www.youtube.com\/user\/gernikagogoratuz\/videos"]}]}},"_links":{"self":[{"href":"https:\/\/www.gernikagogoratuz.org\/eu\/wp-json\/wp\/v2\/pages\/32503","targetHints":{"allow":["GET"]}}],"collection":[{"href":"https:\/\/www.gernikagogoratuz.org\/eu\/wp-json\/wp\/v2\/pages"}],"about":[{"href":"https:\/\/www.gernikagogoratuz.org\/eu\/wp-json\/wp\/v2\/types\/page"}],"author":[{"embeddable":true,"href":"https:\/\/www.gernikagogoratuz.org\/eu\/wp-json\/wp\/v2\/users\/5"}],"replies":[{"embeddable":true,"href":"https:\/\/www.gernikagogoratuz.org\/eu\/wp-json\/wp\/v2\/comments?post=32503"}],"version-history":[{"count":18,"href":"https:\/\/www.gernikagogoratuz.org\/eu\/wp-json\/wp\/v2\/pages\/32503\/revisions"}],"predecessor-version":[{"id":32593,"href":"https:\/\/www.gernikagogoratuz.org\/eu\/wp-json\/wp\/v2\/pages\/32503\/revisions\/32593"}],"wp:attachment":[{"href":"https:\/\/www.gernikagogoratuz.org\/eu\/wp-json\/wp\/v2\/media?parent=32503"}],"curies":[{"name":"wp","href":"https:\/\/api.w.org\/{rel}","templated":true}]}}