{"id":41703,"date":"2026-04-20T09:11:57","date_gmt":"2026-04-20T08:11:57","guid":{"rendered":"https:\/\/www.gernikagogoratuz.org\/?page_id=41703"},"modified":"2026-04-20T09:11:57","modified_gmt":"2026-04-20T08:11:57","slug":"ramon-zallo-elgezabal","status":"publish","type":"page","link":"https:\/\/www.gernikagogoratuz.org\/eu\/aurkezpena\/ramon-zallo-elgezabal\/","title":{"rendered":"Ram\u00f3n zallo Elgezabal"},"content":{"rendered":"<div class=\"wpb-content-wrapper\"><p>[vc_row content_width=&#8221;grid&#8221; css=&#8221;.vc_custom_1491569179737{padding-bottom: 90px !important;}&#8221;][vc_column offset=&#8221;vc_col-lg-6 vc_col-md-6 vc_col-xs-12&#8243;][vc_single_image image=&#8221;36627&#8243; img_size=&#8221;full&#8221;][vc_empty_space height=&#8221;35px&#8221;][\/vc_column][vc_column offset=&#8221;vc_col-lg-6 vc_col-md-6 vc_col-xs-12&#8243; el_id=&#8221;ficha-columna&#8221;]<div class=\"edgtf-elements-holder edgtf-responsive-mode-768\" ><div class=\"edgtf-elements-holder-item \" data-item-class=\"edgtf-elements-holder-custom-644953\" data-1280-1600=\"2% 7% 2% 5%\" data-1024-1280=\"2% 7% 2% 5%\" data-768-1024=\"2% 0% 2% 3%\" data-600-768=\"5% 0% 1% 0%\" >\n\t\t<div class=\"edgtf-elements-holder-item-inner\">\n\t\t<div class=\"edgtf-elements-holder-item-content edgtf-elements-holder-custom-644953\" style=\"padding: 2% 7% 2% 5%\">\n\t\t\t[vc_column_text][\/vc_column_text][vc_empty_space height=&#8221;35px&#8221;][vc_column_text css=&#8221;&#8221;]Ramon Zallo Elgezabal (Gernika-Lumo 1948 \u2013 2026) proiektuaren kolaboratzailea da <a href=\"https:\/\/territoriolab.org\/\" target=\"_blank\" rel=\"noopener\">territoriolab.org<\/a> Urdaibain. Zuzenbidean eta Ekonomian lizentziatua eta Informazio Zientzietan doktorea. Euskadiko Kutxako (Arrasate) analista ekonomikoa izan zen 1974an.<\/p>\n<p>Ikus-entzunezko Komunikazioko katedraduna izan da, eta, gaur egun, EHUko irakasle emeritua da. 1978tik egitura, ekonomia eta politika kultural eta komunikatiboetan espezializatu zen. Konpromiso sozialaz eta batez bestekoetan egindako analisiez gain, euskal politika eta kulturari buruzko hainbat liburu argitaratu ditu \u2013\u201cEuskadi edo bigarren trantsizioa\u201d, \u201cEl Pueblo Vasco, hoy. Kultura, historia eta gizartea\u201d. Kulturari eta komunikazioari buruzkoa da, eta izenburu ugari ditu: lehenengoa \u00abKomunikazioaren eta kulturaren ekonomia\u00bb da, eta azkena \u00abKomunikazio-joerak.<\/p>\n<p>Kultura digitala eta boterea\u201d. Eusko Jaurlaritzako Kultura Aholkulari izan zen, sailburuorde gisa, Juan Jose Ibarretxeren legegintzaldietan. 2021ean \u201cBusturialdea- Urdaibaiko gainbehera ekonomikoa: dilemak eta proposamenak\u201d liburua argitaratu zuen Gernika Gogoratuz-ek, eta oihartzun handia izan du.[\/vc_column_text][vc_empty_space height=&#8221;35px&#8221;][vc_column_text css=&#8221;&#8221;]<\/p>\n<h3>Harremanetarako datuak<\/h3>\n<p>[\/vc_column_text][vc_empty_space height=&#8221;35px&#8221;]\t\t<\/div>\n\t<\/div>\n\t<\/div><\/div><div class=\"edgtf-elements-holder edgtf-responsive-mode-never\" ><div class=\"edgtf-elements-holder-item edgtf-vertical-alignment-top\" data-item-class=\"edgtf-elements-holder-custom-856342\" data-1280-1600=\"0px 10px 0px 33px\" data-1024-1280=\"0px 10px 0px 33px\" data-768-1024=\"0px 6px 0px 14px\" >\n\t\t<div class=\"edgtf-elements-holder-item-inner\">\n\t\t<div class=\"edgtf-elements-holder-item-content edgtf-elements-holder-custom-856342\" style=\"padding: 0px 10px 0px 33px\">\n\t\t\t[vc_empty_space height=&#8221;5px&#8221;][vc_column_text css=&#8221;&#8221;]<\/p>\n<h5>E-posta:<\/h5>\n<p>[\/vc_column_text][vc_empty_space height=&#8221;50px&#8221;]\t\t<\/div>\n\t<\/div>\n\t<\/div><div class=\"edgtf-elements-holder-item \" data-item-class=\"edgtf-elements-holder-custom-395865\" data-1280-1600=\"0px 0px 0px 0px\" data-1024-1280=\"0px 0px 0px 0px\" data-768-1024=\"2% 2% 2% 2%\" >\n\t\t<div class=\"edgtf-elements-holder-item-inner\">\n\t\t<div class=\"edgtf-elements-holder-item-content edgtf-elements-holder-custom-395865\" style=\"padding: 0px 0px 0px 0px\">\n\t\t\t[vc_column_text]<a href=\"mailto:info@gernikagogoratuz.org\" target=\"_blank\" rel=\"noopener noreferrer\">info@gernikagogoratuz.org<\/a>[\/vc_column_text][vc_empty_space height=&#8221;40px&#8221;]\t\t<\/div>\n\t<\/div>\n\t<\/div><\/div>[\/vc_column][\/vc_row]<\/p>\n<\/div>","protected":false},"excerpt":{"rendered":"<p>[vc_row content_width=&#8221;grid&#8221; css=&#8221;.vc_custom_1491569179737{padding-bottom: 90px !important;}&#8221;][vc_column offset=&#8221;vc_col-lg-6 vc_col-md-6 vc_col-xs-12&#8243;][vc_single_image image=&#8221;36627&#8243; img_size=&#8221;full&#8221;][vc_empty_space height=&#8221;35px&#8221;][\/vc_column][vc_column offset=&#8221;vc_col-lg-6 vc_col-md-6 vc_col-xs-12&#8243; el_id=&#8221;ficha-columna&#8221;][\/vc_column][\/vc_row]<\/p>\n","protected":false},"author":5,"featured_media":0,"parent":19671,"menu_order":0,"comment_status":"closed","ping_status":"closed","template":"","meta":{"inline_featured_image":false,"footnotes":""},"class_list":["post-41703","page","type-page","status-publish","hentry"],"yoast_head":"<!-- This site is optimized with the Yoast SEO plugin v27.5 - https:\/\/yoast.com\/product\/yoast-seo-wordpress\/ -->\n<title>Gernika Gogoratuz. Centro de Investigaci\u00f3n por la Paz<\/title>\n<meta name=\"description\" content=\"Investigaci\u00f3n, formaci\u00f3n y divulgaci\u00f3n de la Cultura de Paz. Gernika, Ciudad de la Paz en el Siglo XXI. Centro de Estudios por la Paz.\" \/>\n<meta name=\"robots\" content=\"index, follow, max-snippet:-1, max-image-preview:large, max-video-preview:-1\" \/>\n<link rel=\"canonical\" href=\"https:\/\/www.gernikagogoratuz.org\/eu\/aurkezpena\/ramon-zallo-elgezabal\/\" \/>\n<meta property=\"og:locale\" content=\"eu_ES\" \/>\n<meta property=\"og:type\" content=\"article\" \/>\n<meta property=\"og:title\" content=\"Gernika Gogoratuz. Centro de Investigaci\u00f3n por la Paz\" \/>\n<meta property=\"og:description\" content=\"Investigaci\u00f3n, formaci\u00f3n y divulgaci\u00f3n de la Cultura de Paz. Gernika, Ciudad de la Paz en el Siglo XXI. Centro de Estudios por la Paz.\" \/>\n<meta property=\"og:url\" content=\"https:\/\/www.gernikagogoratuz.org\/eu\/aurkezpena\/ramon-zallo-elgezabal\/\" \/>\n<meta property=\"og:site_name\" content=\"Gernika Gogoratuz\" \/>\n<meta property=\"article:publisher\" content=\"https:\/\/www.facebook.com\/GernikaGogoratuzFundacion\" \/>\n<meta name=\"twitter:card\" content=\"summary_large_image\" \/>\n<meta name=\"twitter:site\" content=\"@GGogoratuz\" \/>\n<meta name=\"twitter:label1\" content=\"Est. reading time\" \/>\n\t<meta name=\"twitter:data1\" content=\"2 minutes\" \/>\n<script type=\"application\/ld+json\" class=\"yoast-schema-graph\">{\"@context\":\"https:\\\/\\\/schema.org\",\"@graph\":[{\"@type\":\"WebPage\",\"@id\":\"https:\\\/\\\/www.gernikagogoratuz.org\\\/eu\\\/aurkezpena\\\/ramon-zallo-elgezabal\\\/\",\"url\":\"https:\\\/\\\/www.gernikagogoratuz.org\\\/eu\\\/aurkezpena\\\/ramon-zallo-elgezabal\\\/\",\"name\":\"Gernika Gogoratuz. Centro de Investigaci\u00f3n por la Paz\",\"isPartOf\":{\"@id\":\"https:\\\/\\\/www.gernikagogoratuz.org\\\/eu\\\/#website\"},\"datePublished\":\"2026-04-20T08:11:57+00:00\",\"description\":\"Investigaci\u00f3n, formaci\u00f3n y divulgaci\u00f3n de la Cultura de Paz. Gernika, Ciudad de la Paz en el Siglo XXI. Centro de Estudios por la Paz.\",\"breadcrumb\":{\"@id\":\"https:\\\/\\\/www.gernikagogoratuz.org\\\/eu\\\/aurkezpena\\\/ramon-zallo-elgezabal\\\/#breadcrumb\"},\"inLanguage\":\"eu-ES\",\"potentialAction\":[{\"@type\":\"ReadAction\",\"target\":[\"https:\\\/\\\/www.gernikagogoratuz.org\\\/eu\\\/aurkezpena\\\/ramon-zallo-elgezabal\\\/\"]}]},{\"@type\":\"BreadcrumbList\",\"@id\":\"https:\\\/\\\/www.gernikagogoratuz.org\\\/eu\\\/aurkezpena\\\/ramon-zallo-elgezabal\\\/#breadcrumb\",\"itemListElement\":[{\"@type\":\"ListItem\",\"position\":1,\"name\":\"Portada\",\"item\":\"https:\\\/\\\/www.gernikagogoratuz.org\\\/eu\\\/\"},{\"@type\":\"ListItem\",\"position\":2,\"name\":\"Aurkezpena\",\"item\":\"https:\\\/\\\/www.gernikagogoratuz.org\\\/eu\\\/aurkezpena\\\/\"},{\"@type\":\"ListItem\",\"position\":3,\"name\":\"Ram\u00f3n zallo Elgezabal\"}]},{\"@type\":\"WebSite\",\"@id\":\"https:\\\/\\\/www.gernikagogoratuz.org\\\/eu\\\/#website\",\"url\":\"https:\\\/\\\/www.gernikagogoratuz.org\\\/eu\\\/\",\"name\":\"Gernika Gogoratuz\",\"description\":\"Centro de investigaci\u00f3n por la paz\",\"publisher\":{\"@id\":\"https:\\\/\\\/www.gernikagogoratuz.org\\\/eu\\\/#organization\"},\"potentialAction\":[{\"@type\":\"SearchAction\",\"target\":{\"@type\":\"EntryPoint\",\"urlTemplate\":\"https:\\\/\\\/www.gernikagogoratuz.org\\\/eu\\\/?s={search_term_string}\"},\"query-input\":{\"@type\":\"PropertyValueSpecification\",\"valueRequired\":true,\"valueName\":\"search_term_string\"}}],\"inLanguage\":\"eu-ES\"},{\"@type\":\"Organization\",\"@id\":\"https:\\\/\\\/www.gernikagogoratuz.org\\\/eu\\\/#organization\",\"name\":\"Gernika Gogoratuz. Centro de Investigaci\u00f3n por la Paz.\",\"url\":\"https:\\\/\\\/www.gernikagogoratuz.org\\\/eu\\\/\",\"logo\":{\"@type\":\"ImageObject\",\"inLanguage\":\"eu-ES\",\"@id\":\"https:\\\/\\\/www.gernikagogoratuz.org\\\/eu\\\/#\\\/schema\\\/logo\\\/image\\\/\",\"url\":\"https:\\\/\\\/www.gernikagogoratuz.org\\\/wp-content\\\/uploads\\\/2018\\\/10\\\/gernikagogoratuzogo_es.svg\",\"contentUrl\":\"https:\\\/\\\/www.gernikagogoratuz.org\\\/wp-content\\\/uploads\\\/2018\\\/10\\\/gernikagogoratuzogo_es.svg\",\"width\":1,\"height\":1,\"caption\":\"Gernika Gogoratuz. Centro de Investigaci\u00f3n por la Paz.\"},\"image\":{\"@id\":\"https:\\\/\\\/www.gernikagogoratuz.org\\\/eu\\\/#\\\/schema\\\/logo\\\/image\\\/\"},\"sameAs\":[\"https:\\\/\\\/www.facebook.com\\\/GernikaGogoratuzFundacion\",\"https:\\\/\\\/x.com\\\/GGogoratuz\",\"https:\\\/\\\/www.youtube.com\\\/user\\\/gernikagogoratuz\\\/videos\"]}]}<\/script>\n<!-- \/ Yoast SEO plugin. -->","yoast_head_json":{"title":"Gernika Gogoratuz. Centro de Investigaci\u00f3n por la Paz","description":"Investigaci\u00f3n, formaci\u00f3n y divulgaci\u00f3n de la Cultura de Paz. Gernika, Ciudad de la Paz en el Siglo XXI. Centro de Estudios por la Paz.","robots":{"index":"index","follow":"follow","max-snippet":"max-snippet:-1","max-image-preview":"max-image-preview:large","max-video-preview":"max-video-preview:-1"},"canonical":"https:\/\/www.gernikagogoratuz.org\/eu\/aurkezpena\/ramon-zallo-elgezabal\/","og_locale":"eu_ES","og_type":"article","og_title":"Gernika Gogoratuz. Centro de Investigaci\u00f3n por la Paz","og_description":"Investigaci\u00f3n, formaci\u00f3n y divulgaci\u00f3n de la Cultura de Paz. Gernika, Ciudad de la Paz en el Siglo XXI. Centro de Estudios por la Paz.","og_url":"https:\/\/www.gernikagogoratuz.org\/eu\/aurkezpena\/ramon-zallo-elgezabal\/","og_site_name":"Gernika Gogoratuz","article_publisher":"https:\/\/www.facebook.com\/GernikaGogoratuzFundacion","twitter_card":"summary_large_image","twitter_site":"@GGogoratuz","twitter_misc":{"Est. reading time":"2 minutes"},"schema":{"@context":"https:\/\/schema.org","@graph":[{"@type":"WebPage","@id":"https:\/\/www.gernikagogoratuz.org\/eu\/aurkezpena\/ramon-zallo-elgezabal\/","url":"https:\/\/www.gernikagogoratuz.org\/eu\/aurkezpena\/ramon-zallo-elgezabal\/","name":"Gernika Gogoratuz. Centro de Investigaci\u00f3n por la Paz","isPartOf":{"@id":"https:\/\/www.gernikagogoratuz.org\/eu\/#website"},"datePublished":"2026-04-20T08:11:57+00:00","description":"Investigaci\u00f3n, formaci\u00f3n y divulgaci\u00f3n de la Cultura de Paz. Gernika, Ciudad de la Paz en el Siglo XXI. Centro de Estudios por la Paz.","breadcrumb":{"@id":"https:\/\/www.gernikagogoratuz.org\/eu\/aurkezpena\/ramon-zallo-elgezabal\/#breadcrumb"},"inLanguage":"eu-ES","potentialAction":[{"@type":"ReadAction","target":["https:\/\/www.gernikagogoratuz.org\/eu\/aurkezpena\/ramon-zallo-elgezabal\/"]}]},{"@type":"BreadcrumbList","@id":"https:\/\/www.gernikagogoratuz.org\/eu\/aurkezpena\/ramon-zallo-elgezabal\/#breadcrumb","itemListElement":[{"@type":"ListItem","position":1,"name":"Portada","item":"https:\/\/www.gernikagogoratuz.org\/eu\/"},{"@type":"ListItem","position":2,"name":"Aurkezpena","item":"https:\/\/www.gernikagogoratuz.org\/eu\/aurkezpena\/"},{"@type":"ListItem","position":3,"name":"Ram\u00f3n zallo Elgezabal"}]},{"@type":"WebSite","@id":"https:\/\/www.gernikagogoratuz.org\/eu\/#website","url":"https:\/\/www.gernikagogoratuz.org\/eu\/","name":"Gernika Gogoratuz","description":"Centro de investigaci\u00f3n por la paz","publisher":{"@id":"https:\/\/www.gernikagogoratuz.org\/eu\/#organization"},"potentialAction":[{"@type":"SearchAction","target":{"@type":"EntryPoint","urlTemplate":"https:\/\/www.gernikagogoratuz.org\/eu\/?s={search_term_string}"},"query-input":{"@type":"PropertyValueSpecification","valueRequired":true,"valueName":"search_term_string"}}],"inLanguage":"eu-ES"},{"@type":"Organization","@id":"https:\/\/www.gernikagogoratuz.org\/eu\/#organization","name":"Gernika Gogoratuz. Centro de Investigaci\u00f3n por la Paz.","url":"https:\/\/www.gernikagogoratuz.org\/eu\/","logo":{"@type":"ImageObject","inLanguage":"eu-ES","@id":"https:\/\/www.gernikagogoratuz.org\/eu\/#\/schema\/logo\/image\/","url":"https:\/\/www.gernikagogoratuz.org\/wp-content\/uploads\/2018\/10\/gernikagogoratuzogo_es.svg","contentUrl":"https:\/\/www.gernikagogoratuz.org\/wp-content\/uploads\/2018\/10\/gernikagogoratuzogo_es.svg","width":1,"height":1,"caption":"Gernika Gogoratuz. Centro de Investigaci\u00f3n por la Paz."},"image":{"@id":"https:\/\/www.gernikagogoratuz.org\/eu\/#\/schema\/logo\/image\/"},"sameAs":["https:\/\/www.facebook.com\/GernikaGogoratuzFundacion","https:\/\/x.com\/GGogoratuz","https:\/\/www.youtube.com\/user\/gernikagogoratuz\/videos"]}]}},"_links":{"self":[{"href":"https:\/\/www.gernikagogoratuz.org\/eu\/wp-json\/wp\/v2\/pages\/41703","targetHints":{"allow":["GET"]}}],"collection":[{"href":"https:\/\/www.gernikagogoratuz.org\/eu\/wp-json\/wp\/v2\/pages"}],"about":[{"href":"https:\/\/www.gernikagogoratuz.org\/eu\/wp-json\/wp\/v2\/types\/page"}],"author":[{"embeddable":true,"href":"https:\/\/www.gernikagogoratuz.org\/eu\/wp-json\/wp\/v2\/users\/5"}],"replies":[{"embeddable":true,"href":"https:\/\/www.gernikagogoratuz.org\/eu\/wp-json\/wp\/v2\/comments?post=41703"}],"version-history":[{"count":2,"href":"https:\/\/www.gernikagogoratuz.org\/eu\/wp-json\/wp\/v2\/pages\/41703\/revisions"}],"predecessor-version":[{"id":41705,"href":"https:\/\/www.gernikagogoratuz.org\/eu\/wp-json\/wp\/v2\/pages\/41703\/revisions\/41705"}],"up":[{"embeddable":true,"href":"https:\/\/www.gernikagogoratuz.org\/eu\/wp-json\/wp\/v2\/pages\/19671"}],"wp:attachment":[{"href":"https:\/\/www.gernikagogoratuz.org\/eu\/wp-json\/wp\/v2\/media?parent=41703"}],"curies":[{"name":"wp","href":"https:\/\/api.w.org\/{rel}","templated":true}]}}